{"id":1022,"date":"2018-10-05T18:20:10","date_gmt":"2018-10-05T16:20:10","guid":{"rendered":"http:\/\/www.neckenmarkt.net\/gemeinde\/?page_id=1022"},"modified":"2020-11-03T15:23:22","modified_gmt":"2020-11-03T14:23:22","slug":"denkmaeler","status":"publish","type":"page","link":"https:\/\/www.neckenmarkt.net\/gemeinde\/denkmaeler\/","title":{"rendered":"Denkm\u00e4ler"},"content":{"rendered":"\t\t<div data-elementor-type=\"wp-post\" data-elementor-id=\"1022\" class=\"elementor elementor-1022\">\n\t\t\t\t\t\t<section class=\"elementor-section elementor-top-section elementor-element elementor-element-51c5fc2 elementor-section-full_width elementor-section-height-default elementor-section-height-default\" data-id=\"51c5fc2\" data-element_type=\"section\" data-e-type=\"section\">\n\t\t\t\t\t\t<div class=\"elementor-container elementor-column-gap-default\">\n\t\t\t\t\t<div class=\"elementor-column elementor-col-50 elementor-top-column elementor-element elementor-element-6b01e09\" data-id=\"6b01e09\" data-element_type=\"column\" data-e-type=\"column\">\n\t\t\t<div class=\"elementor-widget-wrap elementor-element-populated\">\n\t\t\t\t\t\t<div class=\"elementor-element elementor-element-6f47c22 elementor-widget elementor-widget-text-editor\" data-id=\"6f47c22\" data-element_type=\"widget\" data-e-type=\"widget\" data-widget_type=\"text-editor.default\">\n\t\t\t\t<div class=\"elementor-widget-container\">\n\t\t\t\t\t\t\t\t\t<p style=\"text-align: justify; background: white; margin: 0cm 0cm 7.5pt 0cm;\"><span style=\"font-size: 14px; font-family: tahoma, arial, helvetica, sans-serif; color: #ac2424;\"><strong>Standbild zu Ehren des heiligen Antonius von Padua\u00a0<\/strong><\/span><\/p>\n<p style=\"text-align: justify; background: white; box-sizing: border-box; font-variant-ligatures: normal; font-variant-caps: normal; orphans: 2; widows: 2; -webkit-text-stroke-width: 0px; text-decoration-style: initial; text-decoration-color: initial; word-spacing: 0px; margin: 0cm 0cm 7.5pt 0cm;\"><span style=\"font-size: 14px; font-family: tahoma, arial, helvetica, sans-serif;\"><span style=\"box-sizing: border-box;\"><span style=\"color: #223f3d;\">Wie das Standbild der Himmelsk\u00f6nigin mit dem Christuskind beim n\u00f6rdlichen Ortsausgang, so findet man auf dem selben Weg, ca. einen halben Kilometer weiter, ein \u00e4hnliches Marterl. Der Pfeiler des <strong><span style=\"color: #800000;\">Standbildes zu Ehren des heiligen Antonius von Padua<\/span><\/strong> geht oben in ein weitauslaufendes Gesims \u00fcber.<\/span><\/span><span style=\"color: #223f3d;\"><br style=\"box-sizing: border-box;\" \/><\/span><span style=\"color: #223f3d;\"><span style=\"box-sizing: border-box;\">M\u00f6glicherweise hat auch dieser Pfeiler einen Tabernakel getragen, so wie das beim Standbild der &#8222;Himmelsk\u00f6nigin&#8220; und dem Standbild &#8222;Christus an der Gei\u00dfels\u00e4ule&#8220; der Fall ist. Die Inschrift, dem Markt zugekehrt, direkt unter der f\u00fcr diesen Pfeiler gro\u00df wirkenden Statue lautet: &#8222;Hl. Antonius bitt f\u00fcr uns!&#8220; Auf der rechten Vorderseite des Pfeilers sind Buchstaben eingraviert: &#8222;IGOM&#8220; Das &#8222;G&#8220; k\u00f6nnte auch ein verkehrtes &#8222;D&#8220; gewesen sein. Darunter steht die Jahreszahl &#8222;1781&#8220;.\u00a0<\/span><\/span><span style=\"color: #223f3d;\"><br style=\"box-sizing: border-box;\" \/><\/span><span style=\"color: #223f3d;\"><span style=\"box-sizing: border-box;\">\u00dcber der Inschrift ist ein Fleischhauerbeil eingraviert. Das Marterl ist in der Marterlsammlung von Rudolf Brandlhofer unter der Zahl 7771-2 verzeichnet. Die Statue des heiligen Antonius von Padua wurde 1978\/79 restauriert.<\/span><\/span><\/span><\/p>\t\t\t\t\t\t\t\t<\/div>\n\t\t\t\t<\/div>\n\t\t\t\t\t<\/div>\n\t\t<\/div>\n\t\t\t\t<div class=\"elementor-column elementor-col-50 elementor-top-column elementor-element elementor-element-2b0022d\" data-id=\"2b0022d\" data-element_type=\"column\" data-e-type=\"column\">\n\t\t\t<div class=\"elementor-widget-wrap elementor-element-populated\">\n\t\t\t\t\t\t<div class=\"elementor-element elementor-element-d3046e5 elementor-widget elementor-widget-image\" data-id=\"d3046e5\" data-element_type=\"widget\" data-e-type=\"widget\" data-widget_type=\"image.default\">\n\t\t\t\t<div class=\"elementor-widget-container\">\n\t\t\t\t\t\t\t\t\t\t\t\t\t\t\t<img fetchpriority=\"high\" decoding=\"async\" width=\"205\" height=\"300\" src=\"https:\/\/www.neckenmarkt.net\/gemeinde\/wp-content\/uploads\/2019\/01\/Hl.-Antonius-205x300.jpg\" class=\"attachment-medium size-medium wp-image-5958\" alt=\"\" srcset=\"https:\/\/www.neckenmarkt.net\/gemeinde\/wp-content\/uploads\/2019\/01\/Hl.-Antonius-205x300.jpg 205w, https:\/\/www.neckenmarkt.net\/gemeinde\/wp-content\/uploads\/2019\/01\/Hl.-Antonius.jpg 300w\" sizes=\"(max-width: 205px) 100vw, 205px\" \/>\t\t\t\t\t\t\t\t\t\t\t\t\t\t\t<\/div>\n\t\t\t\t<\/div>\n\t\t\t\t\t<\/div>\n\t\t<\/div>\n\t\t\t\t\t<\/div>\n\t\t<\/section>\n\t\t\t\t<section class=\"elementor-section elementor-top-section elementor-element elementor-element-e078695 elementor-section-full_width elementor-section-height-default elementor-section-height-default\" data-id=\"e078695\" data-element_type=\"section\" data-e-type=\"section\">\n\t\t\t\t\t\t<div class=\"elementor-container elementor-column-gap-default\">\n\t\t\t\t\t<div class=\"elementor-column elementor-col-50 elementor-top-column elementor-element elementor-element-7718c1d\" data-id=\"7718c1d\" data-element_type=\"column\" data-e-type=\"column\">\n\t\t\t<div class=\"elementor-widget-wrap elementor-element-populated\">\n\t\t\t\t\t\t<div class=\"elementor-element elementor-element-e13a13d elementor-widget elementor-widget-text-editor\" data-id=\"e13a13d\" data-element_type=\"widget\" data-e-type=\"widget\" data-widget_type=\"text-editor.default\">\n\t\t\t\t<div class=\"elementor-widget-container\">\n\t\t\t\t\t\t\t\t\t<p>\u00a0<\/p>\n<p>\u00a0<\/p>\n<p style=\"text-align: justify;\"><span style=\"font-family: tahoma, arial, helvetica, sans-serif; font-size: 14px; color: #ac2424;\"><b>Steinerst\u00fcckl &#8211; Kreuz<\/b><\/span><\/p>\n<p style=\"text-align: justify;\"><span style=\"font-family: tahoma, arial, helvetica, sans-serif; font-size: 14px;\">Anl\u00e4sslich der Jahrtausendwende hat die Urbarialgemeinde Neckenmarkt auf der h\u00f6chsten Erhebung der Katastralgemeinde Neckenmarkt, dem Steinerst\u00fcckl (511 m), ein Kreuz aufgestellt.<\/span><br \/><span style=\"font-family: tahoma, arial, helvetica, sans-serif; font-size: 14px;\">Das Steinerst\u00fcckl ist nach einer ausgedehnten Wanderung zur h\u00f6chsten Erhebung von Neckenmarkt zu erreichen.\u00a0<br \/>Durch die besondere Lage und die sch\u00fctzende Wirkung des massiven Kreuzes wird nach einem Gebet eine angenehme Stimmung der Ruhe und des inneren Friedens vermittelt<\/span><\/p>\t\t\t\t\t\t\t\t<\/div>\n\t\t\t\t<\/div>\n\t\t\t\t\t<\/div>\n\t\t<\/div>\n\t\t\t\t<div class=\"elementor-column elementor-col-50 elementor-top-column elementor-element elementor-element-e4b559a\" data-id=\"e4b559a\" data-element_type=\"column\" data-e-type=\"column\">\n\t\t\t<div class=\"elementor-widget-wrap elementor-element-populated\">\n\t\t\t\t\t\t<div class=\"elementor-element elementor-element-a474ebc elementor-widget elementor-widget-image\" data-id=\"a474ebc\" data-element_type=\"widget\" data-e-type=\"widget\" data-widget_type=\"image.default\">\n\t\t\t\t<div class=\"elementor-widget-container\">\n\t\t\t\t\t\t\t\t\t\t\t\t\t\t\t<img decoding=\"async\" width=\"190\" height=\"278\" src=\"https:\/\/www.neckenmarkt.net\/gemeinde\/wp-content\/uploads\/2018\/11\/Steinerst\u00fccklKreuz.jpg\" class=\"attachment-medium size-medium wp-image-3415\" alt=\"\" \/>\t\t\t\t\t\t\t\t\t\t\t\t\t\t\t<\/div>\n\t\t\t\t<\/div>\n\t\t\t\t\t<\/div>\n\t\t<\/div>\n\t\t\t\t\t<\/div>\n\t\t<\/section>\n\t\t\t\t<section class=\"elementor-section elementor-top-section elementor-element elementor-element-33e4dee elementor-section-full_width elementor-section-height-default elementor-section-height-default\" data-id=\"33e4dee\" data-element_type=\"section\" data-e-type=\"section\">\n\t\t\t\t\t\t<div class=\"elementor-container elementor-column-gap-default\">\n\t\t\t\t\t<div class=\"elementor-column elementor-col-50 elementor-top-column elementor-element elementor-element-a0ce52d\" data-id=\"a0ce52d\" data-element_type=\"column\" data-e-type=\"column\">\n\t\t\t<div class=\"elementor-widget-wrap elementor-element-populated\">\n\t\t\t\t\t\t<div class=\"elementor-element elementor-element-0eda92d elementor-widget elementor-widget-text-editor\" data-id=\"0eda92d\" data-element_type=\"widget\" data-e-type=\"widget\" data-widget_type=\"text-editor.default\">\n\t\t\t\t<div class=\"elementor-widget-container\">\n\t\t\t\t\t\t\t\t\t<p><span style=\"font-size: 14px; font-family: tahoma, arial, helvetica, sans-serif; color: #ac2424;\"><b>Das Standbild zu Ehren des leidenden Herrn in der K\u00f6nigsgasse &#8211; das\u00a0&#8222;Christi-Leidenkreuz&#8220;<\/b><\/span><\/p>\n<p style=\"text-align: justify;\"><span style=\"font-size: 14px; font-family: tahoma, arial, helvetica, sans-serif;\">Das Standbild &#8222;Ecce homo&#8220; &#8211; &#8222;Seht, da ist der Mensch!&#8220; (Joh 19,5b), befindet sich an der Kreuzung der Verbindungsstra\u00dfe Feldgasse\/K\u00f6nigsgasse direkt in der K\u00f6nigsgasse.<\/span><br \/><span style=\"font-size: 14px; font-family: tahoma, arial, helvetica, sans-serif;\">In der Leidensgeschichte des Herrn nach Johannes wird berichtet, dass Pilatus Jesus zur Gei\u00dfelung freigibt. Als der Heiland nach der Gei\u00dfelung zu Pilatus zur\u00fcckgebracht wird, tr\u00e4gt er die Dornenkrone und einen purpurroten Mantel. Als Jesus so vor Pilatus tritt, sagt dieser zum Volk: &#8222;Seht, da ist der Mensch!&#8220; Fr\u00fcher stand das \u201cChristi-Leidenkreuz\u201c in der K\u00f6nigsgasse.<br \/>An der quadratischen S\u00e4ule ist die Reliefdarstellung der Leidenswerkzeuge zu sehen. Unter der Deckplatte der S\u00e4ule befindet sich eine verzierte Kartusche mit folgender Inschrift: &#8222;GEORG WACHTER UND SOPHIA SEIN HAVSFRAV 1676.&#8220; Die R\u00fcckseite der S\u00e4ule hat keine Reliefdarstellung eingemei\u00dfelt. Es gibt hier auch keine Inschriften.\u00a0<br \/>An diesem Standbild f\u00fchrt gew\u00f6hnlich die Prozession zur Oswaldikapelle am 5. August vorbei. Es z\u00e4hlt zu den \u00e4ltesten (zumindest datierbaren) Standbildern der Gemeinde.luctus nec ullamcorper mattis, pulvinar dapibus leo.<\/span><\/p>\t\t\t\t\t\t\t\t<\/div>\n\t\t\t\t<\/div>\n\t\t\t\t\t<\/div>\n\t\t<\/div>\n\t\t\t\t<div class=\"elementor-column elementor-col-50 elementor-top-column elementor-element elementor-element-d10f6b7\" data-id=\"d10f6b7\" data-element_type=\"column\" data-e-type=\"column\">\n\t\t\t<div class=\"elementor-widget-wrap elementor-element-populated\">\n\t\t\t\t\t\t<div class=\"elementor-element elementor-element-86eb95f elementor-widget elementor-widget-image\" data-id=\"86eb95f\" data-element_type=\"widget\" data-e-type=\"widget\" data-widget_type=\"image.default\">\n\t\t\t\t<div class=\"elementor-widget-container\">\n\t\t\t\t\t\t\t\t\t\t\t\t\t\t\t<img decoding=\"async\" width=\"170\" height=\"286\" src=\"https:\/\/www.neckenmarkt.net\/gemeinde\/wp-content\/uploads\/2018\/11\/ChristiLeidenKreuz.jpg\" class=\"attachment-medium size-medium wp-image-3414\" alt=\"\" \/>\t\t\t\t\t\t\t\t\t\t\t\t\t\t\t<\/div>\n\t\t\t\t<\/div>\n\t\t\t\t\t<\/div>\n\t\t<\/div>\n\t\t\t\t\t<\/div>\n\t\t<\/section>\n\t\t\t\t<section class=\"elementor-section elementor-top-section elementor-element elementor-element-eeb927c elementor-section-full_width elementor-section-height-default elementor-section-height-default\" data-id=\"eeb927c\" data-element_type=\"section\" data-e-type=\"section\">\n\t\t\t\t\t\t<div class=\"elementor-container elementor-column-gap-default\">\n\t\t\t\t\t<div class=\"elementor-column elementor-col-50 elementor-top-column elementor-element elementor-element-54f9908\" data-id=\"54f9908\" data-element_type=\"column\" data-e-type=\"column\">\n\t\t\t<div class=\"elementor-widget-wrap elementor-element-populated\">\n\t\t\t\t\t\t<div class=\"elementor-element elementor-element-18ab60f elementor-widget elementor-widget-text-editor\" data-id=\"18ab60f\" data-element_type=\"widget\" data-e-type=\"widget\" data-widget_type=\"text-editor.default\">\n\t\t\t\t<div class=\"elementor-widget-container\">\n\t\t\t\t\t\t\t\t\t<p style=\"text-align: justify;\"><span style=\"font-size: 14px; font-family: tahoma, arial, helvetica, sans-serif; color: #ac2424;\"><b>Die Frauenbrunns\u00e4ule zu Ehren der Seligen Jungfrau Maria<\/b><\/span><\/p>\n<p style=\"text-align: justify;\"><span style=\"font-size: 14px; font-family: tahoma, arial, helvetica, sans-serif;\">Matthias Dusich hat, zum Ausdruck seiner Marienverehrung und zur Aufmunterung der Gl\u00e4ubigen, die Mariens\u00e4ule am Frauenbrunnen errichten lassen.<\/span><br \/><span style=\"font-size: 14px; font-family: tahoma, arial, helvetica, sans-serif;\">Das Standbild der Gottesmutter steht auf einer jonischen S\u00e4ule \u00fcber der wasserreichen Quelle. Ihre linke Hand liegt auf der Brust. Die rechte Hand ist auf einen Schild gest\u00fctzt. Wegen der Krone am Haupt kann diese Mariendarstellung als &#8222;Himmelsk\u00f6nigin&#8220; bezeichnet werden.<br \/>Gerne wird heute noch davon berichtet, dass die Kinder der Umgebung vom Frauenbrunnen das Wasser zum Kochen geholt haben. Gef\u00e4\u00dfe (&#8222;Bluzer&#8220;) mit dem Wasser des Frauenbrunnens dienten in den H\u00e4usern zum Laben des Durstes. Dieses Wasser galt von seiner Qualit\u00e4t her &#8211; im Gegensatz zu dem der Hausbrunnen &#8211; als das bessere.<\/span><\/p>\t\t\t\t\t\t\t\t<\/div>\n\t\t\t\t<\/div>\n\t\t\t\t\t<\/div>\n\t\t<\/div>\n\t\t\t\t<div class=\"elementor-column elementor-col-50 elementor-top-column elementor-element elementor-element-37aa2cd\" data-id=\"37aa2cd\" data-element_type=\"column\" data-e-type=\"column\">\n\t\t\t<div class=\"elementor-widget-wrap elementor-element-populated\">\n\t\t\t\t\t\t<div class=\"elementor-element elementor-element-22eecab elementor-widget elementor-widget-image\" data-id=\"22eecab\" data-element_type=\"widget\" data-e-type=\"widget\" data-widget_type=\"image.default\">\n\t\t\t\t<div class=\"elementor-widget-container\">\n\t\t\t\t\t\t\t\t\t\t\t\t\t\t\t<img loading=\"lazy\" decoding=\"async\" width=\"185\" height=\"300\" src=\"https:\/\/www.neckenmarkt.net\/gemeinde\/wp-content\/uploads\/2018\/11\/Frauenbrunns\u00e4ule-185x300.jpg\" class=\"attachment-medium size-medium wp-image-3413\" alt=\"\" srcset=\"https:\/\/www.neckenmarkt.net\/gemeinde\/wp-content\/uploads\/2018\/11\/Frauenbrunns\u00e4ule-185x300.jpg 185w, https:\/\/www.neckenmarkt.net\/gemeinde\/wp-content\/uploads\/2018\/11\/Frauenbrunns\u00e4ule.jpg 191w\" sizes=\"(max-width: 185px) 100vw, 185px\" \/>\t\t\t\t\t\t\t\t\t\t\t\t\t\t\t<\/div>\n\t\t\t\t<\/div>\n\t\t\t\t\t<\/div>\n\t\t<\/div>\n\t\t\t\t\t<\/div>\n\t\t<\/section>\n\t\t\t\t<section class=\"elementor-section elementor-top-section elementor-element elementor-element-219ae89 elementor-section-full_width elementor-section-height-default elementor-section-height-default\" data-id=\"219ae89\" data-element_type=\"section\" data-e-type=\"section\">\n\t\t\t\t\t\t<div class=\"elementor-container elementor-column-gap-default\">\n\t\t\t\t\t<div class=\"elementor-column elementor-col-50 elementor-top-column elementor-element elementor-element-5ea8f51\" data-id=\"5ea8f51\" data-element_type=\"column\" data-e-type=\"column\">\n\t\t\t<div class=\"elementor-widget-wrap elementor-element-populated\">\n\t\t\t\t\t\t<div class=\"elementor-element elementor-element-7f95c2c elementor-widget elementor-widget-text-editor\" data-id=\"7f95c2c\" data-element_type=\"widget\" data-e-type=\"widget\" data-widget_type=\"text-editor.default\">\n\t\t\t\t<div class=\"elementor-widget-container\">\n\t\t\t\t\t\t\t\t\t<p><span style=\"font-size: 14px; font-family: tahoma, arial, helvetica, sans-serif; color: #ac2424;\"><b>Das Standbild der Gottesmutter und des heiligen Antonius von Padua<\/b><\/span><\/p>\n<p style=\"text-align: justify;\"><span style=\"font-size: 14px; font-family: tahoma, arial, helvetica, sans-serif;\">In der Herrengasse, vor dem Haus Nummer 18, befindet sich ein Sockel mit einem neuen Standbild der Gottesmutter und des heiligen Antonius von Padua.<\/span><br \/><span style=\"font-size: 14px; font-family: tahoma, arial, helvetica, sans-serif;\">Die Inschrift am Sockel lautet: &#8222;Anno 1730, An dem H. fronnleichnams-dach ist der hans drackler von dem steffan sachten geschosen worden welches Standb. er zu Gtor (?) zu den zwei Heiligen hat machen lassen. Steffan Drackler.&#8220;<\/span><br \/><span style=\"font-size: 14px; font-family: tahoma, arial, helvetica, sans-serif;\">Die Neckenmarkter erhielten, nachdem sie zum Sieg des F\u00fcrsten Nikolaus Esterh\u00e1zy anl\u00e4\u00dflich der Schlacht bei Lackenbach 1620 beigetragen hatten, eine herrschaftliche Fahne. Die erste Fahne \u00fcbergab der F\u00fcrst den Neckenmarktern eigenh\u00e4ndig. Am Sonntag nach dem Fronleichnamsfest findet bis zum heutigen Tag das Schwingen der Fahne, die mittlerweilen mehrmals erneuert wurde, statt. Die Vorbereitung f\u00fcr das Fest beginnt am Pfingstmontag.<br \/>Nachdem 1730 anl\u00e4sslich des Brauchtums ein t\u00f6dlicher Unfall passiert ist, wurden sp\u00e4ter die Gewehre durch Attrappen ersetzt und die Wahl mit Stimmzetteln durchgef\u00fchrt.<\/span><\/p>\t\t\t\t\t\t\t\t<\/div>\n\t\t\t\t<\/div>\n\t\t\t\t\t<\/div>\n\t\t<\/div>\n\t\t\t\t<div class=\"elementor-column elementor-col-50 elementor-top-column elementor-element elementor-element-d8c16a6\" data-id=\"d8c16a6\" data-element_type=\"column\" data-e-type=\"column\">\n\t\t\t<div class=\"elementor-widget-wrap elementor-element-populated\">\n\t\t\t\t\t\t<div class=\"elementor-element elementor-element-1deaa6f elementor-widget elementor-widget-image\" data-id=\"1deaa6f\" data-element_type=\"widget\" data-e-type=\"widget\" data-widget_type=\"image.default\">\n\t\t\t\t<div class=\"elementor-widget-container\">\n\t\t\t\t\t\t\t\t\t\t\t\t\t\t\t<img decoding=\"async\" src=\"https:\/\/www.neckenmarkt.net\/gemeinde\/wp-content\/uploads\/2018\/11\/HlGottesmutterundHlAntonius.jpg\" title=\"\" alt=\"\" loading=\"lazy\" \/>\t\t\t\t\t\t\t\t\t\t\t\t\t\t\t<\/div>\n\t\t\t\t<\/div>\n\t\t\t\t\t<\/div>\n\t\t<\/div>\n\t\t\t\t\t<\/div>\n\t\t<\/section>\n\t\t\t\t<section class=\"elementor-section elementor-top-section elementor-element elementor-element-53d04ee elementor-section-full_width elementor-section-height-default elementor-section-height-default\" data-id=\"53d04ee\" data-element_type=\"section\" data-e-type=\"section\">\n\t\t\t\t\t\t<div class=\"elementor-container elementor-column-gap-default\">\n\t\t\t\t\t<div class=\"elementor-column elementor-col-50 elementor-top-column elementor-element elementor-element-62fe065\" data-id=\"62fe065\" data-element_type=\"column\" data-e-type=\"column\">\n\t\t\t<div class=\"elementor-widget-wrap elementor-element-populated\">\n\t\t\t\t\t\t<div class=\"elementor-element elementor-element-9c9e701 elementor-widget elementor-widget-text-editor\" data-id=\"9c9e701\" data-element_type=\"widget\" data-e-type=\"widget\" data-widget_type=\"text-editor.default\">\n\t\t\t\t<div class=\"elementor-widget-container\">\n\t\t\t\t\t\t\t\t\t<h2 style=\"text-align: justify;\"><span style=\"font-size: 14px; font-family: tahoma, arial, helvetica, sans-serif;\"><b>\u00a0<\/b><\/span><\/h2>\n<p style=\"text-align: justify;\"><span style=\"font-size: 14px; font-family: tahoma, arial, helvetica, sans-serif; color: #ac2424;\"><b>Das Standbild zu Ehren des gegei\u00dfelten Heilandes auf dem Weg zur Oswaldikapelle<\/b><\/span><\/p>\n<p style=\"text-align: justify;\"><span style=\"font-family: tahoma, arial, helvetica, sans-serif;\"><span style=\"font-size: 14px;\">Dieses Standbild blickt, nachdem es vor mehreren Jahren versetzt worden ist, in Richtung des Betrachters, der vom Ort \u00fcber den &#8222;Kalchgrund&#8220;, zur Br\u00fccke (&#8222;Kalchgrundbr\u00fccke&#8220;) kommt.<br \/><\/span><span style=\"font-size: 14px;\">Es steht an der Br\u00fccke und ist vom Weg abgekehrt. Das Standbild d\u00fcrfte ungef\u00e4hr Ende des 18. Jahrhunderts errichtet worden sein. Das &#8222;Antoniuskreuz&#8220; tr\u00e4gt die Jahreszahl 1781.<\/span><\/span><\/p>\n<p style=\"text-align: justify;\"><span style=\"font-family: tahoma, arial, helvetica, sans-serif;\"><span style=\"font-size: 14px;\">\u00a0<\/span><\/span><\/p>\t\t\t\t\t\t\t\t<\/div>\n\t\t\t\t<\/div>\n\t\t\t\t\t<\/div>\n\t\t<\/div>\n\t\t\t\t<div class=\"elementor-column elementor-col-50 elementor-top-column elementor-element elementor-element-c160ec9\" data-id=\"c160ec9\" data-element_type=\"column\" data-e-type=\"column\">\n\t\t\t<div class=\"elementor-widget-wrap elementor-element-populated\">\n\t\t\t\t\t\t<div class=\"elementor-element elementor-element-4b33f2e elementor-widget elementor-widget-image\" data-id=\"4b33f2e\" data-element_type=\"widget\" data-e-type=\"widget\" data-widget_type=\"image.default\">\n\t\t\t\t<div class=\"elementor-widget-container\">\n\t\t\t\t\t\t\t\t\t\t\t\t\t\t\t<img loading=\"lazy\" decoding=\"async\" width=\"200\" height=\"292\" src=\"https:\/\/www.neckenmarkt.net\/gemeinde\/wp-content\/uploads\/2018\/11\/Gegei\u00dfelter-Heiland.jpg\" class=\"attachment-medium size-medium wp-image-3410\" alt=\"\" \/>\t\t\t\t\t\t\t\t\t\t\t\t\t\t\t<\/div>\n\t\t\t\t<\/div>\n\t\t\t\t\t<\/div>\n\t\t<\/div>\n\t\t\t\t\t<\/div>\n\t\t<\/section>\n\t\t\t\t<section class=\"elementor-section elementor-top-section elementor-element elementor-element-5304ec7 elementor-section-full_width elementor-section-height-default elementor-section-height-default\" data-id=\"5304ec7\" data-element_type=\"section\" data-e-type=\"section\">\n\t\t\t\t\t\t<div class=\"elementor-container elementor-column-gap-default\">\n\t\t\t\t\t<div class=\"elementor-column elementor-col-50 elementor-top-column elementor-element elementor-element-502d8cc\" data-id=\"502d8cc\" data-element_type=\"column\" data-e-type=\"column\">\n\t\t\t<div class=\"elementor-widget-wrap elementor-element-populated\">\n\t\t\t\t\t\t<div class=\"elementor-element elementor-element-beaa8b1 elementor-widget elementor-widget-text-editor\" data-id=\"beaa8b1\" data-element_type=\"widget\" data-e-type=\"widget\" data-widget_type=\"text-editor.default\">\n\t\t\t\t<div class=\"elementor-widget-container\">\n\t\t\t\t\t\t\t\t\t<h2 style=\"text-align: justify;\"><span style=\"font-size: 14px; font-family: tahoma, arial, helvetica, sans-serif;\"><b>\u00a0<\/b><\/span><\/h2>\n<p style=\"text-align: justify;\"><span style=\"font-size: 14px; font-family: tahoma, arial, helvetica, sans-serif; color: #ac2424;\"><b>Das Portal der einstigen St. Georgenkirche beim Pfarrhof<\/b><\/span><\/p>\n<p style=\"text-align: justify;\"><span style=\"font-size: 14px; font-family: tahoma, arial, helvetica, sans-serif;\">Dieses Denkmal erinnert an die Reformation, den blutigen Drei\u00dfigj\u00e4hrigen Religionskrieg (1618-1648) und den Augsburger Religionsfrieden mit der ungl\u00fccklichen Kompromi\u00dfformel \u201ccuius regio, eius religio\u201c (wessen Herrscher, dessen Religion).<\/span><br \/><span style=\"font-size: 14px; font-family: tahoma, arial, helvetica, sans-serif;\">Neckenmarkt geh\u00f6rte zur Zeit der Reformation zur Herrschaft Landsee, dessen Besitzer der \u201cneuen Religion\u201c, dem protestantischen Glauben, anhing.<\/span><\/p>\t\t\t\t\t\t\t\t<\/div>\n\t\t\t\t<\/div>\n\t\t\t\t\t<\/div>\n\t\t<\/div>\n\t\t\t\t<div class=\"elementor-column elementor-col-50 elementor-top-column elementor-element elementor-element-ec48ce9\" data-id=\"ec48ce9\" data-element_type=\"column\" data-e-type=\"column\">\n\t\t\t<div class=\"elementor-widget-wrap elementor-element-populated\">\n\t\t\t\t\t\t<div class=\"elementor-element elementor-element-317ca20 elementor-widget elementor-widget-image\" data-id=\"317ca20\" data-element_type=\"widget\" data-e-type=\"widget\" data-widget_type=\"image.default\">\n\t\t\t\t<div class=\"elementor-widget-container\">\n\t\t\t\t\t\t\t\t\t\t\t\t\t\t\t<img decoding=\"async\" src=\"https:\/\/www.neckenmarkt.net\/gemeinde\/wp-content\/uploads\/2018\/11\/Pfarrhofportal.jpg\" title=\"\" alt=\"\" loading=\"lazy\" \/>\t\t\t\t\t\t\t\t\t\t\t\t\t\t\t<\/div>\n\t\t\t\t<\/div>\n\t\t\t\t\t<\/div>\n\t\t<\/div>\n\t\t\t\t\t<\/div>\n\t\t<\/section>\n\t\t\t\t<section class=\"elementor-section elementor-top-section elementor-element elementor-element-c5d28fc elementor-section-full_width elementor-section-height-default elementor-section-height-default\" data-id=\"c5d28fc\" data-element_type=\"section\" data-e-type=\"section\">\n\t\t\t\t\t\t<div class=\"elementor-container elementor-column-gap-default\">\n\t\t\t\t\t<div class=\"elementor-column elementor-col-50 elementor-top-column elementor-element elementor-element-44a1d54\" data-id=\"44a1d54\" data-element_type=\"column\" data-e-type=\"column\">\n\t\t\t<div class=\"elementor-widget-wrap elementor-element-populated\">\n\t\t\t\t\t\t<div class=\"elementor-element elementor-element-b297d9d elementor-widget elementor-widget-text-editor\" data-id=\"b297d9d\" data-element_type=\"widget\" data-e-type=\"widget\" data-widget_type=\"text-editor.default\">\n\t\t\t\t<div class=\"elementor-widget-container\">\n\t\t\t\t\t\t\t\t\t<h2 style=\"text-align: justify;\"><span style=\"font-size: 14px; font-family: tahoma, arial, helvetica, sans-serif;\"><b>\u00a0<\/b><\/span><\/h2>\n<p style=\"text-align: justify;\"><span style=\"font-size: 14px; font-family: tahoma, arial, helvetica, sans-serif; color: #ac2424;\"><b>Das &#8222;Gro\u00dfe Zellerkreuz&#8220; zu Ehren der Gottesmutter Maria in der Hofstatt<\/b><\/span><\/p>\n<p style=\"text-align: justify;\"><span style=\"font-size: 14px; font-family: tahoma, arial, helvetica, sans-serif;\">Vor den Fu\u00dfwallfahrten nach Maria Zell wurde hier, wie vor den anderen \u201cZellerkreuzen\u201c, um eine gnadenreiche Wallfahrt gebetet.\u00a0<\/span><br \/><span style=\"font-size: 14px; font-family: tahoma, arial, helvetica, sans-serif;\">Dieses &#8222;Zellerkreuz&#8220; ist im Gegensatz zu den zwei anderen eine kleine Kapelle. Das Satteldach ist mit Ziegeln gedeckt und tr\u00e4gt am oberen Ende ein eisernes Doppelkreuz.<\/span><\/p>\t\t\t\t\t\t\t\t<\/div>\n\t\t\t\t<\/div>\n\t\t\t\t\t<\/div>\n\t\t<\/div>\n\t\t\t\t<div class=\"elementor-column elementor-col-50 elementor-top-column elementor-element elementor-element-6cea9a8\" data-id=\"6cea9a8\" data-element_type=\"column\" data-e-type=\"column\">\n\t\t\t<div class=\"elementor-widget-wrap elementor-element-populated\">\n\t\t\t\t\t\t<div class=\"elementor-element elementor-element-be2f742 elementor-widget elementor-widget-image\" data-id=\"be2f742\" data-element_type=\"widget\" data-e-type=\"widget\" data-widget_type=\"image.default\">\n\t\t\t\t<div class=\"elementor-widget-container\">\n\t\t\t\t\t\t\t\t\t\t\t\t\t\t\t<img loading=\"lazy\" decoding=\"async\" width=\"181\" height=\"265\" src=\"https:\/\/www.neckenmarkt.net\/gemeinde\/wp-content\/uploads\/2018\/11\/Gro\u00dfeZellerkreuz.jpg\" class=\"attachment-medium size-medium wp-image-3407\" alt=\"\" \/>\t\t\t\t\t\t\t\t\t\t\t\t\t\t\t<\/div>\n\t\t\t\t<\/div>\n\t\t\t\t\t<\/div>\n\t\t<\/div>\n\t\t\t\t\t<\/div>\n\t\t<\/section>\n\t\t\t\t<section class=\"elementor-section elementor-top-section elementor-element elementor-element-8d657e5 elementor-section-full_width elementor-section-height-default elementor-section-height-default\" data-id=\"8d657e5\" data-element_type=\"section\" data-e-type=\"section\">\n\t\t\t\t\t\t<div class=\"elementor-container elementor-column-gap-default\">\n\t\t\t\t\t<div class=\"elementor-column elementor-col-50 elementor-top-column elementor-element elementor-element-4854cbd\" data-id=\"4854cbd\" data-element_type=\"column\" data-e-type=\"column\">\n\t\t\t<div class=\"elementor-widget-wrap elementor-element-populated\">\n\t\t\t\t\t\t<div class=\"elementor-element elementor-element-2e46988 elementor-widget elementor-widget-text-editor\" data-id=\"2e46988\" data-element_type=\"widget\" data-e-type=\"widget\" data-widget_type=\"text-editor.default\">\n\t\t\t\t<div class=\"elementor-widget-container\">\n\t\t\t\t\t\t\t\t\t<p style=\"text-align: justify;\"><span style=\"font-size: 14px; font-family: tahoma, arial, helvetica, sans-serif; color: #ac2424;\"><b>Das &#8222;Gruber-Kreuz&#8220; zu Ehren der Allerheiligsten Dreifaltigkeit<\/b><\/span><\/p>\n<p style=\"text-align: justify;\"><span style=\"font-size: 14px; font-family: tahoma, arial, helvetica, sans-serif;\">Im Wald Richtung Brennberg, unmittelbar an der ungarischen Grenze, ist das im Volksmund genannte \u201eGruber-Kreuz\u201c, eine gemauerte Bildkapelle mit einem Bild der Allerheiligsten Dreifaltigkeit, zu finden.<\/span><br \/><span style=\"font-size: 14px; font-family: tahoma, arial, helvetica, sans-serif;\">Bei n\u00e4herer Betrachtung erkennt man ein spielendes Kind im Geb\u00fcsch sitzen. Von zwei J\u00e4gern h\u00e4lt der eine den anderen zur\u00fcck, als dieser eben sein Gewehr auf das Kind anlegt.<br \/>Dieser gemauerte Bildstock mit einem Satteldach d\u00fcrfte zum Dank f\u00fcr die Errettung dieses Kindes aufgestellt worden sein. Das Alter dieses Votivbildes ist nicht bekannt.<\/span><\/p>\n<p style=\"text-align: justify;\"><span style=\"font-size: 14px; font-family: tahoma, arial, helvetica, sans-serif;\">\u00a0<\/span><\/p>\t\t\t\t\t\t\t\t<\/div>\n\t\t\t\t<\/div>\n\t\t\t\t\t<\/div>\n\t\t<\/div>\n\t\t\t\t<div class=\"elementor-column elementor-col-50 elementor-top-column elementor-element elementor-element-328db6b\" data-id=\"328db6b\" data-element_type=\"column\" data-e-type=\"column\">\n\t\t\t<div class=\"elementor-widget-wrap elementor-element-populated\">\n\t\t\t\t\t\t<div class=\"elementor-element elementor-element-7d0aa4e elementor-widget elementor-widget-image\" data-id=\"7d0aa4e\" data-element_type=\"widget\" data-e-type=\"widget\" data-widget_type=\"image.default\">\n\t\t\t\t<div class=\"elementor-widget-container\">\n\t\t\t\t\t\t\t\t\t\t\t\t\t\t\t<img loading=\"lazy\" decoding=\"async\" width=\"200\" height=\"296\" src=\"https:\/\/www.neckenmarkt.net\/gemeinde\/wp-content\/uploads\/2018\/11\/GruberKreuz.jpg\" class=\"attachment-medium size-medium wp-image-3405\" alt=\"\" \/>\t\t\t\t\t\t\t\t\t\t\t\t\t\t\t<\/div>\n\t\t\t\t<\/div>\n\t\t\t\t\t<\/div>\n\t\t<\/div>\n\t\t\t\t\t<\/div>\n\t\t<\/section>\n\t\t\t\t<section class=\"elementor-section elementor-top-section elementor-element elementor-element-ab85188 elementor-section-full_width elementor-section-height-default elementor-section-height-default\" data-id=\"ab85188\" data-element_type=\"section\" data-e-type=\"section\">\n\t\t\t\t\t\t<div class=\"elementor-container elementor-column-gap-default\">\n\t\t\t\t\t<div class=\"elementor-column elementor-col-50 elementor-top-column elementor-element elementor-element-87fe74f\" data-id=\"87fe74f\" data-element_type=\"column\" data-e-type=\"column\">\n\t\t\t<div class=\"elementor-widget-wrap elementor-element-populated\">\n\t\t\t\t\t\t<div class=\"elementor-element elementor-element-8c82d62 elementor-widget elementor-widget-text-editor\" data-id=\"8c82d62\" data-element_type=\"widget\" data-e-type=\"widget\" data-widget_type=\"text-editor.default\">\n\t\t\t\t<div class=\"elementor-widget-container\">\n\t\t\t\t\t\t\t\t\t<h2 style=\"text-align: justify;\"><span style=\"font-size: 14px; font-family: tahoma, arial, helvetica, sans-serif;\"><b>\u00a0<\/b><\/span><\/h2>\n<p style=\"text-align: justify;\"><span style=\"font-size: 14px; font-family: tahoma, arial, helvetica, sans-serif; color: #ac2424;\"><b>Das Standbild zu Ehren der Heiligen Familie beim Josefsbrunnen<\/b><\/span><\/p>\n<p style=\"text-align: justify;\"><span style=\"font-size: 14px; font-family: tahoma, arial, helvetica, sans-serif;\">Beim Ortsausgang, am &#8222;Wei\u00dfen Weg&#8220; Richtung Haschendorf, gegen\u00fcber der Aufbewahrungshalle, befindet sich ein Standbild zu Ehren der Heiligen Familie.<\/span><br \/><span style=\"font-size: 14px; font-family: tahoma, arial, helvetica, sans-serif;\">Josef und Maria, nebeneinander stehend, halten die H\u00e4nde des Jesusknaben, der vor ihnen steht. Diese Statue befindet sich auf einer einfachen, runden S\u00e4ule.<br \/>Am 25. April, am Festtag des heiligen Evangelisten Markus, f\u00fchrt ungef\u00e4hr jedes dritte Jahr die Prozession anl\u00e4sslich der Feldersegnung hierher.<\/span><\/p>\t\t\t\t\t\t\t\t<\/div>\n\t\t\t\t<\/div>\n\t\t\t\t\t<\/div>\n\t\t<\/div>\n\t\t\t\t<div class=\"elementor-column elementor-col-50 elementor-top-column elementor-element elementor-element-eff74e5\" data-id=\"eff74e5\" data-element_type=\"column\" data-e-type=\"column\">\n\t\t\t<div class=\"elementor-widget-wrap elementor-element-populated\">\n\t\t\t\t\t\t<div class=\"elementor-element elementor-element-81a8b07 elementor-widget elementor-widget-image\" data-id=\"81a8b07\" data-element_type=\"widget\" data-e-type=\"widget\" data-widget_type=\"image.default\">\n\t\t\t\t<div class=\"elementor-widget-container\">\n\t\t\t\t\t\t\t\t\t\t\t\t\t\t\t<img loading=\"lazy\" decoding=\"async\" width=\"170\" height=\"300\" src=\"https:\/\/www.neckenmarkt.net\/gemeinde\/wp-content\/uploads\/2018\/11\/HlFam-170x300.jpg\" class=\"attachment-medium size-medium wp-image-3403\" alt=\"\" srcset=\"https:\/\/www.neckenmarkt.net\/gemeinde\/wp-content\/uploads\/2018\/11\/HlFam-170x300.jpg 170w, https:\/\/www.neckenmarkt.net\/gemeinde\/wp-content\/uploads\/2018\/11\/HlFam.jpg 186w\" sizes=\"(max-width: 170px) 100vw, 170px\" \/>\t\t\t\t\t\t\t\t\t\t\t\t\t\t\t<\/div>\n\t\t\t\t<\/div>\n\t\t\t\t\t<\/div>\n\t\t<\/div>\n\t\t\t\t\t<\/div>\n\t\t<\/section>\n\t\t\t\t<section class=\"elementor-section elementor-top-section elementor-element elementor-element-f8046c9 elementor-section-full_width elementor-section-height-default elementor-section-height-default\" data-id=\"f8046c9\" data-element_type=\"section\" data-e-type=\"section\">\n\t\t\t\t\t\t<div class=\"elementor-container elementor-column-gap-default\">\n\t\t\t\t\t<div class=\"elementor-column elementor-col-50 elementor-top-column elementor-element elementor-element-f418407\" data-id=\"f418407\" data-element_type=\"column\" data-e-type=\"column\">\n\t\t\t<div class=\"elementor-widget-wrap elementor-element-populated\">\n\t\t\t\t\t\t<div class=\"elementor-element elementor-element-29b1785 elementor-widget elementor-widget-text-editor\" data-id=\"29b1785\" data-element_type=\"widget\" data-e-type=\"widget\" data-widget_type=\"text-editor.default\">\n\t\t\t\t<div class=\"elementor-widget-container\">\n\t\t\t\t\t\t\t\t\t<h2 style=\"text-align: justify;\"><span style=\"font-size: 14px; font-family: tahoma, arial, helvetica, sans-serif;\"><b>\u00a0<\/b><\/span><\/h2>\n<p style=\"text-align: justify;\"><span style=\"font-size: 14px; font-family: tahoma, arial, helvetica, sans-serif; color: #ac2424;\"><b>Das Standbild zu Ehren des heiligen Johannes Nepomuk in der Langen Zeile<\/b><\/span><\/p>\n<p style=\"text-align: justify;\"><span style=\"font-size: 14px; font-family: tahoma, arial, helvetica, sans-serif;\">Im Jahr der Heiligsprechung (1729) des Johannes Nepomuk ist dessen Standbild auf der Anh\u00f6he zum Kirchenplatz in der heutigen Stra\u00dfe &#8222;Lange Zeile&#8220; aufgestellt worden. Der Heilige ist mit dem Kreuz in den H\u00e4nden, auf Wolken schwebend, dargestellt.<\/span><br \/><span style=\"font-size: 14px; font-family: tahoma, arial, helvetica, sans-serif;\">Das Standbild war fr\u00fcher mit einem Lattenzaun umgeben, sp\u00e4ter ist es mit einem Drahtgitter eingez\u00e4unt worden. 1986 wurde das Standbild restauriert. Damals ist auch die Umz\u00e4unung entfernt und der im Laufe der Jahre bis zum Wappen versch\u00fcttete Sockel ausgegraben worden.<br \/>Die Anhebung des Stra\u00dfenniveaus in der Stra\u00dfe \u201cLange Zeile\u201c viele Jahrzehnte hindurch hat das Aufstellen der Mauer um das Standbild im Jahr 1986 notwendig gemacht.<\/span><\/p>\t\t\t\t\t\t\t\t<\/div>\n\t\t\t\t<\/div>\n\t\t\t\t\t<\/div>\n\t\t<\/div>\n\t\t\t\t<div class=\"elementor-column elementor-col-50 elementor-top-column elementor-element elementor-element-fb31d91\" data-id=\"fb31d91\" data-element_type=\"column\" data-e-type=\"column\">\n\t\t\t<div class=\"elementor-widget-wrap elementor-element-populated\">\n\t\t\t\t\t\t<div class=\"elementor-element elementor-element-666cfbe elementor-widget elementor-widget-image\" data-id=\"666cfbe\" data-element_type=\"widget\" data-e-type=\"widget\" data-widget_type=\"image.default\">\n\t\t\t\t<div class=\"elementor-widget-container\">\n\t\t\t\t\t\t\t\t\t\t\t\t\t\t\t<img loading=\"lazy\" decoding=\"async\" width=\"190\" height=\"281\" src=\"https:\/\/www.neckenmarkt.net\/gemeinde\/wp-content\/uploads\/2018\/11\/JohNepomuk.jpg\" class=\"attachment-medium size-medium wp-image-3401\" alt=\"\" \/>\t\t\t\t\t\t\t\t\t\t\t\t\t\t\t<\/div>\n\t\t\t\t<\/div>\n\t\t\t\t\t<\/div>\n\t\t<\/div>\n\t\t\t\t\t<\/div>\n\t\t<\/section>\n\t\t\t\t<section class=\"elementor-section elementor-top-section elementor-element elementor-element-94922ed elementor-section-full_width elementor-section-height-default elementor-section-height-default\" data-id=\"94922ed\" data-element_type=\"section\" data-e-type=\"section\">\n\t\t\t\t\t\t<div class=\"elementor-container elementor-column-gap-default\">\n\t\t\t\t\t<div class=\"elementor-column elementor-col-50 elementor-top-column elementor-element elementor-element-1112d3d\" data-id=\"1112d3d\" data-element_type=\"column\" data-e-type=\"column\">\n\t\t\t<div class=\"elementor-widget-wrap elementor-element-populated\">\n\t\t\t\t\t\t<div class=\"elementor-element elementor-element-46512e1 elementor-widget elementor-widget-text-editor\" data-id=\"46512e1\" data-element_type=\"widget\" data-e-type=\"widget\" data-widget_type=\"text-editor.default\">\n\t\t\t\t<div class=\"elementor-widget-container\">\n\t\t\t\t\t\t\t\t\t<p>\u00a0<\/p>\n<p style=\"text-align: justify;\"><span style=\"font-size: 14px; font-family: tahoma, arial, helvetica, sans-serif; color: #ac2424;\"><b>Das Standbild zu Ehren der Gottesmutter Maria auf dem Weg zur Oswaldikapelle <br \/>(Das &#8222;Kinderlkreuz&#8220;)<\/b><\/span><\/p>\n<p style=\"text-align: justify;\"><span style=\"font-size: 14px; font-family: tahoma, arial, helvetica, sans-serif;\">Die S\u00e4ule des Standbildes der Gottesmutter tr\u00e4gt einen Tabernakel, in dem sich die Statue Mariens als Himmelsk\u00f6nigin, mit Krone und Zepter dargestellt, das Christuskind am linken Arm haltend, befindet.<\/span><br \/><span style=\"font-size: 14px; font-family: tahoma, arial, helvetica, sans-serif;\">Am Dach des Tabernakels befindet sich ein &#8222;Kleeblattkreuz&#8220; mit den eingravierten Buchstaben &#8222;I H S&#8220;.<br \/>Diese Buchstaben sind das Christus-Monogramm.<\/span><\/p>\t\t\t\t\t\t\t\t<\/div>\n\t\t\t\t<\/div>\n\t\t\t\t\t<\/div>\n\t\t<\/div>\n\t\t\t\t<div class=\"elementor-column elementor-col-50 elementor-top-column elementor-element elementor-element-d4ef7ed\" data-id=\"d4ef7ed\" data-element_type=\"column\" data-e-type=\"column\">\n\t\t\t<div class=\"elementor-widget-wrap elementor-element-populated\">\n\t\t\t\t\t\t<div class=\"elementor-element elementor-element-3d59469 elementor-widget elementor-widget-image\" data-id=\"3d59469\" data-element_type=\"widget\" data-e-type=\"widget\" data-widget_type=\"image.default\">\n\t\t\t\t<div class=\"elementor-widget-container\">\n\t\t\t\t\t\t\t\t\t\t\t\t\t\t\t<img loading=\"lazy\" decoding=\"async\" width=\"193\" height=\"300\" src=\"https:\/\/www.neckenmarkt.net\/gemeinde\/wp-content\/uploads\/2018\/11\/Kinderlkreuz-193x300.jpg\" class=\"attachment-medium size-medium wp-image-3399\" alt=\"\" srcset=\"https:\/\/www.neckenmarkt.net\/gemeinde\/wp-content\/uploads\/2018\/11\/Kinderlkreuz-193x300.jpg 193w, https:\/\/www.neckenmarkt.net\/gemeinde\/wp-content\/uploads\/2018\/11\/Kinderlkreuz.jpg 400w\" sizes=\"(max-width: 193px) 100vw, 193px\" \/>\t\t\t\t\t\t\t\t\t\t\t\t\t\t\t<\/div>\n\t\t\t\t<\/div>\n\t\t\t\t\t<\/div>\n\t\t<\/div>\n\t\t\t\t\t<\/div>\n\t\t<\/section>\n\t\t\t\t<section class=\"elementor-section elementor-top-section elementor-element elementor-element-f9e0290 elementor-section-full_width elementor-section-height-default elementor-section-height-default\" data-id=\"f9e0290\" data-element_type=\"section\" data-e-type=\"section\">\n\t\t\t\t\t\t<div class=\"elementor-container elementor-column-gap-default\">\n\t\t\t\t\t<div class=\"elementor-column elementor-col-50 elementor-top-column elementor-element elementor-element-668ecbc\" data-id=\"668ecbc\" data-element_type=\"column\" data-e-type=\"column\">\n\t\t\t<div class=\"elementor-widget-wrap elementor-element-populated\">\n\t\t\t\t\t\t<div class=\"elementor-element elementor-element-1832041 elementor-widget elementor-widget-text-editor\" data-id=\"1832041\" data-element_type=\"widget\" data-e-type=\"widget\" data-widget_type=\"text-editor.default\">\n\t\t\t\t<div class=\"elementor-widget-container\">\n\t\t\t\t\t\t\t\t\t<p style=\"text-align: justify;\"><span style=\"font-size: 14px; font-family: tahoma, arial, helvetica, sans-serif; color: #ac2424;\"><b>Das &#8222;Kleine Zellerkreuz&#8220; zu Ehren der Gottesmutter Maria am Judensteig (Habrikan)<\/b><\/span><\/p>\n<p style=\"text-align: justify;\"><span style=\"font-size: 14px; font-family: tahoma, arial, helvetica, sans-serif;\">Das &#8222;Kleine Zellerkreuz&#8220; tr\u00e4gt einen Bilddruck der Gottesmutter, die als &#8222;Herz Mariae&#8220; dargestellt wird. Die rechte Hand auf die Brust legend, h\u00e4lt sie in der linken eine Lilie, dem Symbol des reinen Herzens.<\/span><br \/><span style=\"font-size: 14px; font-family: tahoma, arial, helvetica, sans-serif;\">Im Mauerbogen, rechts und links neben der Kapellennische, befinden sich zwei Vertiefungen f\u00fcr das Anz\u00fcnden von Lichtern. Das &#8222;Kleine Zellerkreuz&#8220; am &#8222;Habrikan&#8220;, wie hier der Riedname lautet, ist mit einem Eisengitter eingez\u00e4unt.\u00a0<br \/>Die Vorderseite des Gitters hat eine Doppelt\u00fcr, die in der Mitte ein kleines Eisenkreuz tr\u00e4gt. Diese Bildkapelle wurde nach 1950 vollst\u00e4ndig erneuert.<\/span><\/p>\t\t\t\t\t\t\t\t<\/div>\n\t\t\t\t<\/div>\n\t\t\t\t\t<\/div>\n\t\t<\/div>\n\t\t\t\t<div class=\"elementor-column elementor-col-50 elementor-top-column elementor-element elementor-element-a61ce81\" data-id=\"a61ce81\" data-element_type=\"column\" data-e-type=\"column\">\n\t\t\t<div class=\"elementor-widget-wrap elementor-element-populated\">\n\t\t\t\t\t\t<div class=\"elementor-element elementor-element-45a0f0d elementor-widget elementor-widget-image\" data-id=\"45a0f0d\" data-element_type=\"widget\" data-e-type=\"widget\" data-widget_type=\"image.default\">\n\t\t\t\t<div class=\"elementor-widget-container\">\n\t\t\t\t\t\t\t\t\t\t\t\t\t\t\t<img loading=\"lazy\" decoding=\"async\" width=\"180\" height=\"272\" src=\"https:\/\/www.neckenmarkt.net\/gemeinde\/wp-content\/uploads\/2018\/11\/Kleine-Zellerkreuz.jpg\" class=\"attachment-medium size-medium wp-image-3397\" alt=\"\" \/>\t\t\t\t\t\t\t\t\t\t\t\t\t\t\t<\/div>\n\t\t\t\t<\/div>\n\t\t\t\t\t<\/div>\n\t\t<\/div>\n\t\t\t\t\t<\/div>\n\t\t<\/section>\n\t\t\t\t<section class=\"elementor-section elementor-top-section elementor-element elementor-element-80b6b63 elementor-section-full_width elementor-section-height-default elementor-section-height-default\" data-id=\"80b6b63\" data-element_type=\"section\" data-e-type=\"section\">\n\t\t\t\t\t\t<div class=\"elementor-container elementor-column-gap-default\">\n\t\t\t\t\t<div class=\"elementor-column elementor-col-50 elementor-top-column elementor-element elementor-element-0eb5ff9\" data-id=\"0eb5ff9\" data-element_type=\"column\" data-e-type=\"column\">\n\t\t\t<div class=\"elementor-widget-wrap elementor-element-populated\">\n\t\t\t\t\t\t<div class=\"elementor-element elementor-element-68590a5 elementor-widget elementor-widget-text-editor\" data-id=\"68590a5\" data-element_type=\"widget\" data-e-type=\"widget\" data-widget_type=\"text-editor.default\">\n\t\t\t\t<div class=\"elementor-widget-container\">\n\t\t\t\t\t\t\t\t\t<p style=\"text-align: justify;\"><span style=\"font-size: 14px; font-family: tahoma, arial, helvetica, sans-serif; color: #ac2424;\"><b>Das Kriegerdenkmal<\/b><\/span><\/p>\n<p style=\"text-align: justify;\"><span style=\"font-size: 14px; font-family: tahoma, arial, helvetica, sans-serif;\">Das gro\u00dfe Kriegerdenkmal am Kirchenplatz hat der Versch\u00f6nerungsverein Neckenmarkt unter Obmann Stefan Weinh\u00e4usl errichten lassen. Die feierliche Segnung fand am 28. August 1967 statt.<\/span><br \/><span style=\"font-size: 14px; font-family: tahoma, arial, helvetica, sans-serif;\">Der Festansprache des Obmanns des Versch\u00f6nerungsvereines ist zu entnehmen, dass der Grapheur Lampert Gerdenitsch die Namen der Gefallenen und vermissten Neckenmarkter in die Granitplatten eingraviert hat.<br \/>1967 waren es 10 Jahre, dass der Fremdenverkehrs- und Versch\u00f6nerungsverein in Neckenmarkt gegr\u00fcndet worden war.\u00a0<br \/>Dieses Werk war also auch f\u00fcr das Jubil\u00e4um des Vereines ein bedeutendes.<\/span><\/p>\t\t\t\t\t\t\t\t<\/div>\n\t\t\t\t<\/div>\n\t\t\t\t\t<\/div>\n\t\t<\/div>\n\t\t\t\t<div class=\"elementor-column elementor-col-50 elementor-top-column elementor-element elementor-element-58e27f1\" data-id=\"58e27f1\" data-element_type=\"column\" data-e-type=\"column\">\n\t\t\t<div class=\"elementor-widget-wrap elementor-element-populated\">\n\t\t\t\t\t\t<div class=\"elementor-element elementor-element-d21fe3f elementor-widget elementor-widget-image\" data-id=\"d21fe3f\" data-element_type=\"widget\" data-e-type=\"widget\" data-widget_type=\"image.default\">\n\t\t\t\t<div class=\"elementor-widget-container\">\n\t\t\t\t\t\t\t\t\t\t\t\t\t\t\t<img loading=\"lazy\" decoding=\"async\" width=\"300\" height=\"197\" src=\"https:\/\/www.neckenmarkt.net\/gemeinde\/wp-content\/uploads\/2018\/11\/Kriegerdenkmal-300x197.jpg\" class=\"attachment-medium size-medium wp-image-3396\" alt=\"\" \/>\t\t\t\t\t\t\t\t\t\t\t\t\t\t\t<\/div>\n\t\t\t\t<\/div>\n\t\t\t\t\t<\/div>\n\t\t<\/div>\n\t\t\t\t\t<\/div>\n\t\t<\/section>\n\t\t\t\t<section class=\"elementor-section elementor-top-section elementor-element elementor-element-64a9442 elementor-section-full_width elementor-section-height-default elementor-section-height-default\" data-id=\"64a9442\" data-element_type=\"section\" data-e-type=\"section\">\n\t\t\t\t\t\t<div class=\"elementor-container elementor-column-gap-default\">\n\t\t\t\t\t<div class=\"elementor-column elementor-col-50 elementor-top-column elementor-element elementor-element-b85d35e\" data-id=\"b85d35e\" data-element_type=\"column\" data-e-type=\"column\">\n\t\t\t<div class=\"elementor-widget-wrap elementor-element-populated\">\n\t\t\t\t\t\t<div class=\"elementor-element elementor-element-b51289a elementor-widget elementor-widget-text-editor\" data-id=\"b51289a\" data-element_type=\"widget\" data-e-type=\"widget\" data-widget_type=\"text-editor.default\">\n\t\t\t\t<div class=\"elementor-widget-container\">\n\t\t\t\t\t\t\t\t\t<h2 style=\"text-align: justify;\"><span style=\"font-size: 14px; font-family: tahoma, arial, helvetica, sans-serif;\"><b>\u00a0<\/b><\/span><\/h2>\n<p style=\"text-align: justify;\"><span style=\"font-size: 14px; font-family: tahoma, arial, helvetica, sans-serif; color: #ac2424;\"><b>Die Nische in der Friedhofsmauer<\/b><\/span><\/p>\n<p style=\"text-align: justify;\"><span style=\"font-size: 14px; font-family: tahoma, arial, helvetica, sans-serif;\">Auf dem Weg zur St. Donatus-Kapelle f\u00fchrt die Prozession auf der Stra\u00dfe am Friedhof vorbei. In einer Nische der Friedhofsmauer war urspr\u00fcnglich ein Bild von der Kreuzesabnahme.<\/span><br \/><span style=\"font-size: 14px; font-family: tahoma, arial, helvetica, sans-serif;\">1981 wurde vom K\u00fcnstler Otto Trimmel eine Mariendarstellung geschaffen.<br \/>Rechts neben der Nische ist in der Friedhofsmauer folgende Inschrift zu finden: &#8222;Was Ihr seid, das waren wir! Was wir sind, das werdet Ihr! Bald sind wir alle gleich, hier in diesem Moderreich!&#8220;<\/span><\/p>\t\t\t\t\t\t\t\t<\/div>\n\t\t\t\t<\/div>\n\t\t\t\t\t<\/div>\n\t\t<\/div>\n\t\t\t\t<div class=\"elementor-column elementor-col-50 elementor-top-column elementor-element elementor-element-b2589d3\" data-id=\"b2589d3\" data-element_type=\"column\" data-e-type=\"column\">\n\t\t\t<div class=\"elementor-widget-wrap elementor-element-populated\">\n\t\t\t\t\t\t<div class=\"elementor-element elementor-element-dfcdb32 elementor-widget elementor-widget-image\" data-id=\"dfcdb32\" data-element_type=\"widget\" data-e-type=\"widget\" data-widget_type=\"image.default\">\n\t\t\t\t<div class=\"elementor-widget-container\">\n\t\t\t\t\t\t\t\t\t\t\t\t\t\t\t<img loading=\"lazy\" decoding=\"async\" width=\"190\" height=\"275\" src=\"https:\/\/www.neckenmarkt.net\/gemeinde\/wp-content\/uploads\/2018\/11\/Nische-Friedhofsmauer.jpg\" class=\"attachment-medium size-medium wp-image-3394\" alt=\"\" \/>\t\t\t\t\t\t\t\t\t\t\t\t\t\t\t<\/div>\n\t\t\t\t<\/div>\n\t\t\t\t\t<\/div>\n\t\t<\/div>\n\t\t\t\t\t<\/div>\n\t\t<\/section>\n\t\t\t\t<section class=\"elementor-section elementor-top-section elementor-element elementor-element-e068d75 elementor-section-full_width elementor-section-height-default elementor-section-height-default\" data-id=\"e068d75\" data-element_type=\"section\" data-e-type=\"section\">\n\t\t\t\t\t\t<div class=\"elementor-container elementor-column-gap-default\">\n\t\t\t\t\t<div class=\"elementor-column elementor-col-50 elementor-top-column elementor-element elementor-element-924e21b\" data-id=\"924e21b\" data-element_type=\"column\" data-e-type=\"column\">\n\t\t\t<div class=\"elementor-widget-wrap elementor-element-populated\">\n\t\t\t\t\t\t<div class=\"elementor-element elementor-element-37cb3fd elementor-widget elementor-widget-text-editor\" data-id=\"37cb3fd\" data-element_type=\"widget\" data-e-type=\"widget\" data-widget_type=\"text-editor.default\">\n\t\t\t\t<div class=\"elementor-widget-container\">\n\t\t\t\t\t\t\t\t\t<p style=\"font-variant-ligatures: normal; font-variant-caps: normal; font-family: 'Open Sans', sans-serif; font-size: 15px; font-style: normal; font-weight: 400; text-align: justify;\"><span style=\"font-size: 14px; font-family: tahoma, arial, helvetica, sans-serif; color: #ac2424;\"><span style=\"font-size: 14px; font-weight: bold;\">Die Pests\u00e4ule zu Ehren der Allerheiligsten Dreifaltigkeit<\/span><\/span><\/p>\n<p style=\"font-variant-ligatures: normal; font-variant-caps: normal; font-family: 'Open Sans', sans-serif; font-size: 15px; font-style: normal; font-weight: 400; text-align: justify;\"><span style=\"font-size: 14px; font-family: tahoma, arial, helvetica, sans-serif;\">Unter Pfarrer Matthias Dusich wurde die hinter der PAfarrkirche stehende Dreifaltigkeitss\u00e4ule errichtet.Die acht Meter hohe Dreifaltigkeitss\u00e4ule steht \u00f6stlich der Pfarrkirche auf dem Kirchenplatz.<\/span><br \/><span style=\"font-size: 14px; font-family: tahoma, arial, helvetica, sans-serif;\">Der S\u00e4ulenschaft ist mit vergoldetem Rebgewinde, mit Bl\u00e4ttern, Ranken und Trauben geschm\u00fcckt. Der S\u00e4ulenknauf aus Akanthusbl\u00e4ttern mit vier Cherubsgestalten tr\u00e4gt den sogenannten Gnadenstuhl, die Darstellung der Allerheiligsten Dreifaltigkeit:<br \/>Gott Vater im wallenden Mantel, die Tiara (Papstkrone) am Haupt, vom Strahlenkranz umgeben, h\u00e4lt seinen gekreuzigten Sohn in den Armen, zu dessen F\u00fc\u00dfen der Heilige Geist in der Gestalt der Taube schwebt.<br \/>Auf dem Sockel der S\u00e4ule stehen die Standbilder der Pestheiligen: der heilige Papst Gregor I. der Gro\u00dfe mit der Tiara auf dem Haupt, ein aufgeschlagenes Buch (Kirchenlehrer) in der linken, das p\u00e4pstliche Kreuz in der rechten Hand, der heilige Sebastian an einem Baumpfahl gebunden, von Pfeilen durchbohrt, die heilige Barbara mit Kelch (Ein Engel soll ihr die Eucharistie in den Kerker gebracht haben) und Palme (Zeichen f\u00fcr ihr Martyrium) und die heilige Rosalia mit einem Rosengewinde (Zeichen ihrer Jungfr\u00e4ulichkeit) im Haar und dem Kreuz in den H\u00e4nden.<\/span><\/p>\t\t\t\t\t\t\t\t<\/div>\n\t\t\t\t<\/div>\n\t\t\t\t\t<\/div>\n\t\t<\/div>\n\t\t\t\t<div class=\"elementor-column elementor-col-50 elementor-top-column elementor-element elementor-element-54cee26\" data-id=\"54cee26\" data-element_type=\"column\" data-e-type=\"column\">\n\t\t\t<div class=\"elementor-widget-wrap elementor-element-populated\">\n\t\t\t\t\t\t<div class=\"elementor-element elementor-element-af8cbdf elementor-widget elementor-widget-image\" data-id=\"af8cbdf\" data-element_type=\"widget\" data-e-type=\"widget\" data-widget_type=\"image.default\">\n\t\t\t\t<div class=\"elementor-widget-container\">\n\t\t\t\t\t\t\t\t\t\t\t\t\t\t\t<img loading=\"lazy\" decoding=\"async\" width=\"159\" height=\"300\" src=\"https:\/\/www.neckenmarkt.net\/gemeinde\/wp-content\/uploads\/2018\/11\/Pests\u00e4ule-159x300.jpg\" class=\"attachment-medium size-medium wp-image-3392\" alt=\"\" srcset=\"https:\/\/www.neckenmarkt.net\/gemeinde\/wp-content\/uploads\/2018\/11\/Pests\u00e4ule-159x300.jpg 159w, https:\/\/www.neckenmarkt.net\/gemeinde\/wp-content\/uploads\/2018\/11\/Pests\u00e4ule.jpg 400w\" sizes=\"(max-width: 159px) 100vw, 159px\" \/>\t\t\t\t\t\t\t\t\t\t\t\t\t\t\t<\/div>\n\t\t\t\t<\/div>\n\t\t\t\t\t<\/div>\n\t\t<\/div>\n\t\t\t\t\t<\/div>\n\t\t<\/section>\n\t\t\t\t<section class=\"elementor-section elementor-top-section elementor-element elementor-element-8aa3979 elementor-section-full_width elementor-section-height-default elementor-section-height-default\" data-id=\"8aa3979\" data-element_type=\"section\" data-e-type=\"section\">\n\t\t\t\t\t\t<div class=\"elementor-container elementor-column-gap-default\">\n\t\t\t\t\t<div class=\"elementor-column elementor-col-50 elementor-top-column elementor-element elementor-element-15c2985\" data-id=\"15c2985\" data-element_type=\"column\" data-e-type=\"column\">\n\t\t\t<div class=\"elementor-widget-wrap elementor-element-populated\">\n\t\t\t\t\t\t<div class=\"elementor-element elementor-element-c3b70c0 elementor-widget elementor-widget-text-editor\" data-id=\"c3b70c0\" data-element_type=\"widget\" data-e-type=\"widget\" data-widget_type=\"text-editor.default\">\n\t\t\t\t<div class=\"elementor-widget-container\">\n\t\t\t\t\t\t\t\t\t<p style=\"text-align: justify;\"><span style=\"font-size: 14px; font-family: tahoma, arial, helvetica, sans-serif; color: #ac2424;\"><b>Das Standbild zu Ehren des heiligen Donatus an der Stra\u00dfe nach \u00d6denburg &#8211; der &#8222;Schauerabkehrer&#8220;<\/b><\/span><\/p>\n<p style=\"text-align: justify;\"><span style=\"font-family: tahoma, arial, helvetica, sans-serif;\"><span style=\"font-size: 14px;\">Das Standbild des heiligen Donatus an der Stra\u00dfe nach \u00d6denburg stellt den Heiligen als r\u00f6mischen Soldaten dar. Das Ged\u00e4chtnis des heiligen Donatus wird am 7. August begangen.<br \/><\/span><span style=\"font-size: 14px;\">Der Name Donatus bedeutet &#8222;der Geschenkte&#8220;. Die Legende zum Standbild des &#8222;Schauerabkehrers&#8220; besagt, dass an der Stelle, wo jetzt die Statue des Heiligen steht, die Grenze war, bis zu der der Hagel eines Tages gew\u00fctet haben soll. Von der Stelle des Standbildes bis zum Dorf blieben die Felder und Weing\u00e4rten angeblich vom Hagel verschont.<\/span><\/span><\/p>\t\t\t\t\t\t\t\t<\/div>\n\t\t\t\t<\/div>\n\t\t\t\t\t<\/div>\n\t\t<\/div>\n\t\t\t\t<div class=\"elementor-column elementor-col-50 elementor-top-column elementor-element elementor-element-21bb5ff\" data-id=\"21bb5ff\" data-element_type=\"column\" data-e-type=\"column\">\n\t\t\t<div class=\"elementor-widget-wrap elementor-element-populated\">\n\t\t\t\t\t\t<div class=\"elementor-element elementor-element-315bb81 elementor-widget elementor-widget-image\" data-id=\"315bb81\" data-element_type=\"widget\" data-e-type=\"widget\" data-widget_type=\"image.default\">\n\t\t\t\t<div class=\"elementor-widget-container\">\n\t\t\t\t\t\t\t\t\t\t\t\t\t\t\t<img loading=\"lazy\" decoding=\"async\" width=\"205\" height=\"300\" src=\"https:\/\/www.neckenmarkt.net\/gemeinde\/wp-content\/uploads\/2018\/11\/Schauerabkehrer-205x300.jpg\" class=\"attachment-medium size-medium wp-image-3391\" alt=\"\" srcset=\"https:\/\/www.neckenmarkt.net\/gemeinde\/wp-content\/uploads\/2018\/11\/Schauerabkehrer-205x300.jpg 205w, https:\/\/www.neckenmarkt.net\/gemeinde\/wp-content\/uploads\/2018\/11\/Schauerabkehrer.jpg 400w\" sizes=\"(max-width: 205px) 100vw, 205px\" \/>\t\t\t\t\t\t\t\t\t\t\t\t\t\t\t<\/div>\n\t\t\t\t<\/div>\n\t\t\t\t\t<\/div>\n\t\t<\/div>\n\t\t\t\t\t<\/div>\n\t\t<\/section>\n\t\t\t\t<section class=\"elementor-section elementor-top-section elementor-element elementor-element-f158bc3 elementor-section-full_width elementor-section-height-default elementor-section-height-default\" data-id=\"f158bc3\" data-element_type=\"section\" data-e-type=\"section\">\n\t\t\t\t\t\t<div class=\"elementor-container elementor-column-gap-default\">\n\t\t\t\t\t<div class=\"elementor-column elementor-col-50 elementor-top-column elementor-element elementor-element-f490e74\" data-id=\"f490e74\" data-element_type=\"column\" data-e-type=\"column\">\n\t\t\t<div class=\"elementor-widget-wrap elementor-element-populated\">\n\t\t\t\t\t\t<div class=\"elementor-element elementor-element-a58a24c elementor-widget elementor-widget-text-editor\" data-id=\"a58a24c\" data-element_type=\"widget\" data-e-type=\"widget\" data-widget_type=\"text-editor.default\">\n\t\t\t\t<div class=\"elementor-widget-container\">\n\t\t\t\t\t\t\t\t\t<p style=\"text-align: justify;\"><span style=\"font-size: 14px; font-family: tahoma, arial, helvetica, sans-serif; color: #ac2424;\"><b>Das Standbild \u201cUnserer Lieben Frau\u201c am Weg zum &#8222;K\u00f6hl&#8220;<\/b><\/span><\/p>\n<p style=\"text-align: justify;\"><span style=\"font-family: tahoma, arial, helvetica, sans-serif;\"><span style=\"font-size: 14px;\">In diesem Jahrhundert wurde auf dem Weg zum &#8222;K\u00f6hl&#8220; eine S\u00e4ule aus Beton gemauert, in deren Tabernakel sich zur Zeit ein Bilddruck der Gottesmutter, die als &#8222;Herz Mariae&#8220; dargestellt ist, befindet.<br \/><\/span><span style=\"font-size: 14px;\">Dieses Standbild steht, wenn man von der Herrengasse kommt und beim &#8222;Christi-Leidenkreuz&#8220; vorbeigeht, auf der linken Stra\u00dfenseite, ungef\u00e4hr einen halben Kilometer geradeaus.<br \/><\/span><span style=\"font-size: 14px;\">Es steht auf der &#8222;Braunsdorfer Hutweide&#8220;, leicht abseits des Weges, schon im Wald.<br \/><\/span><span style=\"font-size: 14px;\">Auch dieser einfache Bildstock, wenngleich er im Gegensatz zu vielen anderen im Ort geringeren Kunstwert aufweist, gibt Zeugnis von der gro\u00dfen Verehrung der Gottesmutter, der in Neckenmarkt viele Standbilder geweiht sind.<\/span><\/span><\/p>\t\t\t\t\t\t\t\t<\/div>\n\t\t\t\t<\/div>\n\t\t\t\t\t<\/div>\n\t\t<\/div>\n\t\t\t\t<div class=\"elementor-column elementor-col-50 elementor-top-column elementor-element elementor-element-f5e2d66\" data-id=\"f5e2d66\" data-element_type=\"column\" data-e-type=\"column\">\n\t\t\t<div class=\"elementor-widget-wrap elementor-element-populated\">\n\t\t\t\t\t\t<div class=\"elementor-element elementor-element-335d42f elementor-widget elementor-widget-image\" data-id=\"335d42f\" data-element_type=\"widget\" data-e-type=\"widget\" data-widget_type=\"image.default\">\n\t\t\t\t<div class=\"elementor-widget-container\">\n\t\t\t\t\t\t\t\t\t\t\t\t\t\t\t<img loading=\"lazy\" decoding=\"async\" width=\"222\" height=\"300\" src=\"https:\/\/www.neckenmarkt.net\/gemeinde\/wp-content\/uploads\/2018\/11\/Unserer-lb.-Frau-222x300.jpg\" class=\"attachment-medium size-medium wp-image-3389\" alt=\"\" srcset=\"https:\/\/www.neckenmarkt.net\/gemeinde\/wp-content\/uploads\/2018\/11\/Unserer-lb.-Frau-222x300.jpg 222w, https:\/\/www.neckenmarkt.net\/gemeinde\/wp-content\/uploads\/2018\/11\/Unserer-lb.-Frau.jpg 398w\" sizes=\"(max-width: 222px) 100vw, 222px\" \/>\t\t\t\t\t\t\t\t\t\t\t\t\t\t\t<\/div>\n\t\t\t\t<\/div>\n\t\t\t\t\t<\/div>\n\t\t<\/div>\n\t\t\t\t\t<\/div>\n\t\t<\/section>\n\t\t\t\t<section class=\"elementor-section elementor-top-section elementor-element elementor-element-64dace0 elementor-section-full_width elementor-section-height-default elementor-section-height-default\" data-id=\"64dace0\" data-element_type=\"section\" data-e-type=\"section\">\n\t\t\t\t\t\t<div class=\"elementor-container elementor-column-gap-default\">\n\t\t\t\t\t<div class=\"elementor-column elementor-col-50 elementor-top-column elementor-element elementor-element-eeb18d8\" data-id=\"eeb18d8\" data-element_type=\"column\" data-e-type=\"column\">\n\t\t\t<div class=\"elementor-widget-wrap elementor-element-populated\">\n\t\t\t\t\t\t<div class=\"elementor-element elementor-element-646603c elementor-widget elementor-widget-text-editor\" data-id=\"646603c\" data-element_type=\"widget\" data-e-type=\"widget\" data-widget_type=\"text-editor.default\">\n\t\t\t\t<div class=\"elementor-widget-container\">\n\t\t\t\t\t\t\t\t\t<p style=\"text-align: justify;\"><span style=\"font-size: 14px; font-family: tahoma, arial, helvetica, sans-serif; color: #ac2424;\"><b>Das &#8222;Wei\u00dfe Kreuz&#8220; zu Ehren des gekreuzigten Heilandes<\/b><\/span><\/p>\n<p style=\"text-align: justify;\"><span style=\"font-size: 14px; font-family: tahoma, arial, helvetica, sans-serif;\">Am Edlfeld, Richtung Unterpetersdorf, steht auf einem runden, kr\u00e4ftigen Postament ein wuchtiger Ziegelpfeiler mit abgeschr\u00e4gten Ecken.<\/span><br \/><span style=\"font-size: 14px; font-family: tahoma, arial, helvetica, sans-serif;\">Das &#8222;Wei\u00dfe Kreuz&#8220; ist so aufgestellt, da\u00df die Tabernakel\u00f6ffnung von der Wetterseite abgekehrt ist. Diese Tatsache kann man im Ortsgebiet bei vielen alten Bildst\u00f6cken beobachten, wenngleich einige, wie zum Beispiel das Standbild &#8222;Christus auf der Wiese&#8220;, nachtr\u00e4glich versetzt worden sind.<br \/>Fr\u00fcher befand sich in der Nische des &#8222;Wei\u00dfen Kreuzes&#8220; ein Heiligenbild, einem alten Foto nach zu schlie\u00dfen, wahrscheinlich ein Marienbild. Heute befindet sich ein Bilddruck des gekreuzigten Heilandes in der Tabernakel\u00f6ffnung<\/span><\/p>\t\t\t\t\t\t\t\t<\/div>\n\t\t\t\t<\/div>\n\t\t\t\t\t<\/div>\n\t\t<\/div>\n\t\t\t\t<div class=\"elementor-column elementor-col-50 elementor-top-column elementor-element elementor-element-89a7929\" data-id=\"89a7929\" data-element_type=\"column\" data-e-type=\"column\">\n\t\t\t<div class=\"elementor-widget-wrap elementor-element-populated\">\n\t\t\t\t\t\t<div class=\"elementor-element elementor-element-1bc32a0 elementor-widget elementor-widget-image\" data-id=\"1bc32a0\" data-element_type=\"widget\" data-e-type=\"widget\" data-widget_type=\"image.default\">\n\t\t\t\t<div class=\"elementor-widget-container\">\n\t\t\t\t\t\t\t\t\t\t\t\t\t\t\t<img loading=\"lazy\" decoding=\"async\" width=\"179\" height=\"209\" src=\"https:\/\/www.neckenmarkt.net\/gemeinde\/wp-content\/uploads\/2018\/11\/Wei\u00dfe-Kreuz.jpg\" class=\"attachment-medium size-medium wp-image-3388\" alt=\"\" \/>\t\t\t\t\t\t\t\t\t\t\t\t\t\t\t<\/div>\n\t\t\t\t<\/div>\n\t\t\t\t\t<\/div>\n\t\t<\/div>\n\t\t\t\t\t<\/div>\n\t\t<\/section>\n\t\t\t\t<section class=\"elementor-section elementor-top-section elementor-element elementor-element-6534c4a elementor-section-full_width elementor-section-height-default elementor-section-height-default\" data-id=\"6534c4a\" data-element_type=\"section\" data-e-type=\"section\">\n\t\t\t\t\t\t<div class=\"elementor-container elementor-column-gap-default\">\n\t\t\t\t\t<div class=\"elementor-column elementor-col-50 elementor-top-column elementor-element elementor-element-2ee656d\" data-id=\"2ee656d\" data-element_type=\"column\" data-e-type=\"column\">\n\t\t\t<div class=\"elementor-widget-wrap elementor-element-populated\">\n\t\t\t\t\t\t<div class=\"elementor-element elementor-element-701ab66 elementor-widget elementor-widget-text-editor\" data-id=\"701ab66\" data-element_type=\"widget\" data-e-type=\"widget\" data-widget_type=\"text-editor.default\">\n\t\t\t\t<div class=\"elementor-widget-container\">\n\t\t\t\t\t\t\t\t\t<p style=\"text-align: justify;\"><span style=\"font-size: 14px; font-family: tahoma, arial, helvetica, sans-serif; color: #ac2424;\"><b>Das &#8222;Wieder-Albert-Kreuz&#8220; im Csarnagraben<\/b><\/span><\/p>\n<p style=\"text-align: justify;\"><span style=\"font-size: 14px; font-family: tahoma, arial, helvetica, sans-serif;\">Verl\u00e4sst man das Ortsgebiet beim unteren Ende der Stra\u00dfe &#8222;Am Steinbruch&#8220; auf der rechten Weggabelung, so gelangt man nach ungef\u00e4hr einem Kilometer zum im Volksmund genannten &#8222;Wieder-Albert-Kreuz&#8220;.<\/span><br \/><span style=\"font-size: 14px; font-family: tahoma, arial, helvetica, sans-serif;\">Im Jahre 1945 hat Kammer-Rat Adalbert Wieder, der im Krieg den rechten Arm verloren hat, dieses Holzkreuz mit einem gemalten Christusbild errichten lassen.<br \/>An der besagten Weggabelung, wo jetzt das Kreuz errichtet ist, wurde er in der Russenzeit von Soldaten der Besatzungsmacht bedroht. Zum Dank f\u00fcr die Errettung aus dieser gef\u00e4hrlichen Situation hat Herr Wieder dieses Kreuz aufstellen lassen.<\/span><\/p>\t\t\t\t\t\t\t\t<\/div>\n\t\t\t\t<\/div>\n\t\t\t\t\t<\/div>\n\t\t<\/div>\n\t\t\t\t<div class=\"elementor-column elementor-col-50 elementor-top-column elementor-element elementor-element-629ae05\" data-id=\"629ae05\" data-element_type=\"column\" data-e-type=\"column\">\n\t\t\t<div class=\"elementor-widget-wrap elementor-element-populated\">\n\t\t\t\t\t\t<div class=\"elementor-element elementor-element-cbe6231 elementor-widget elementor-widget-image\" data-id=\"cbe6231\" data-element_type=\"widget\" data-e-type=\"widget\" data-widget_type=\"image.default\">\n\t\t\t\t<div class=\"elementor-widget-container\">\n\t\t\t\t\t\t\t\t\t\t\t\t\t\t\t<img loading=\"lazy\" decoding=\"async\" width=\"180\" height=\"265\" src=\"https:\/\/www.neckenmarkt.net\/gemeinde\/wp-content\/uploads\/2018\/11\/Wieder-Albert-Kreuz.jpg\" class=\"attachment-medium size-medium wp-image-3387\" alt=\"\" \/>\t\t\t\t\t\t\t\t\t\t\t\t\t\t\t<\/div>\n\t\t\t\t<\/div>\n\t\t\t\t\t<\/div>\n\t\t<\/div>\n\t\t\t\t\t<\/div>\n\t\t<\/section>\n\t\t\t\t<section class=\"elementor-section elementor-top-section elementor-element elementor-element-69da3b6 elementor-section-full_width elementor-section-height-default elementor-section-height-default\" data-id=\"69da3b6\" data-element_type=\"section\" data-e-type=\"section\">\n\t\t\t\t\t\t<div class=\"elementor-container elementor-column-gap-default\">\n\t\t\t\t\t<div class=\"elementor-column elementor-col-50 elementor-top-column elementor-element elementor-element-68af45a\" data-id=\"68af45a\" data-element_type=\"column\" data-e-type=\"column\">\n\t\t\t<div class=\"elementor-widget-wrap elementor-element-populated\">\n\t\t\t\t\t\t<div class=\"elementor-element elementor-element-255b6cb elementor-widget elementor-widget-text-editor\" data-id=\"255b6cb\" data-element_type=\"widget\" data-e-type=\"widget\" data-widget_type=\"text-editor.default\">\n\t\t\t\t<div class=\"elementor-widget-container\">\n\t\t\t\t\t\t\t\t\t<p style=\"text-align: justify;\"><span style=\"font-size: 14px; font-family: tahoma, arial, helvetica, sans-serif; color: #ac2424;\"><b>Das &#8222;Wieder-Kreuz&#8220; zu Ehren der Gottesmutter Maria<\/b><\/span><\/p>\n<p style=\"text-align: justify;\"><span style=\"font-size: 14px; font-family: tahoma, arial, helvetica, sans-serif;\">Im Wald, Richtung Wandorf steht unmittelbar an der Staatsgrenze das &#8222;Wieder-Kreuz&#8220;. Der gemauerte Bildstock ist schon vor langer Zeit aufgestellt worden.<\/span><br \/><span style=\"font-size: 14px; font-family: tahoma, arial, helvetica, sans-serif;\">Das &#8222;Wieder-Kreuz&#8220; trug fr\u00fcher auch den Namen &#8222;Wiedersehens-Kreuz&#8220;. Am Bildstock soll sich ein Spruch befunden haben, der den Grund f\u00fcr die Errichtung der Bildkapelle angegeben hat.<br \/>Die \u00dcberlieferung besagt, dass sich hier zwei Br\u00fcder nach langer Zeit wiedergesehen h\u00e4tten. Schon h\u00e4tten sie aufeinander gezielt, als sie sich erkannten. Ein Reh, das im Geb\u00fcsch sa\u00df, wurde dann geschossen und ein Festmahl abgehalten.<br \/>Heute sorgt f\u00fcr die Erhaltung der Bildkapelle die Urbarialgemeinde Neckenmarkt.<\/span><\/p>\t\t\t\t\t\t\t\t<\/div>\n\t\t\t\t<\/div>\n\t\t\t\t\t<\/div>\n\t\t<\/div>\n\t\t\t\t<div class=\"elementor-column elementor-col-50 elementor-top-column elementor-element elementor-element-06c5a2e\" data-id=\"06c5a2e\" data-element_type=\"column\" data-e-type=\"column\">\n\t\t\t<div class=\"elementor-widget-wrap elementor-element-populated\">\n\t\t\t\t\t\t<div class=\"elementor-element elementor-element-356b9c3 elementor-widget elementor-widget-image\" data-id=\"356b9c3\" data-element_type=\"widget\" data-e-type=\"widget\" data-widget_type=\"image.default\">\n\t\t\t\t<div class=\"elementor-widget-container\">\n\t\t\t\t\t\t\t\t\t\t\t\t\t\t\t<img loading=\"lazy\" decoding=\"async\" width=\"180\" height=\"268\" src=\"https:\/\/www.neckenmarkt.net\/gemeinde\/wp-content\/uploads\/2018\/11\/Wieder-Kreuz.jpg\" class=\"attachment-medium size-medium wp-image-3385\" alt=\"\" \/>\t\t\t\t\t\t\t\t\t\t\t\t\t\t\t<\/div>\n\t\t\t\t<\/div>\n\t\t\t\t\t<\/div>\n\t\t<\/div>\n\t\t\t\t\t<\/div>\n\t\t<\/section>\n\t\t\t\t<section class=\"elementor-section elementor-top-section elementor-element elementor-element-c12914d elementor-section-full_width elementor-section-height-default elementor-section-height-default\" data-id=\"c12914d\" data-element_type=\"section\" data-e-type=\"section\">\n\t\t\t\t\t\t<div class=\"elementor-container elementor-column-gap-default\">\n\t\t\t\t\t<div class=\"elementor-column elementor-col-50 elementor-top-column elementor-element elementor-element-1e8494a\" data-id=\"1e8494a\" data-element_type=\"column\" data-e-type=\"column\">\n\t\t\t<div class=\"elementor-widget-wrap elementor-element-populated\">\n\t\t\t\t\t\t<div class=\"elementor-element elementor-element-4466809 elementor-widget elementor-widget-text-editor\" data-id=\"4466809\" data-element_type=\"widget\" data-e-type=\"widget\" data-widget_type=\"text-editor.default\">\n\t\t\t\t<div class=\"elementor-widget-container\">\n\t\t\t\t\t\t\t\t\t<p style=\"text-align: justify;\"><span style=\"font-size: 14px; font-family: tahoma, arial, helvetica, sans-serif; color: #ac2424;\"><b>Das Wolnhofer Kreuz vor dem Friedhof<\/b><\/span><\/p>\n<p style=\"text-align: justify;\"><span style=\"font-size: 14px; font-family: tahoma, arial, helvetica, sans-serif;\">Unter Pfarrer Johannes Frankl ist vor dem Friedhof das fast sechs Meter hohe Steinkreuz, unter dem das Standbild der Gottesmutter steht, errichtet worden.<\/span><\/p>\n<p style=\"text-align: justify;\"><span style=\"font-size: 14px; font-family: tahoma, arial, helvetica, sans-serif;\">Edler Franz von Wolnhoffer ist am 25. August 1785 gestorben. Er war B\u00e4ckermeister und nach den Angaben des Sterbebuches Marktrichter. Das Wolnhofer-Kreuz hat 1998 der Seniorenbund Neckenmarkt renovieren lassen.<\/span><\/p>\t\t\t\t\t\t\t\t<\/div>\n\t\t\t\t<\/div>\n\t\t\t\t\t<\/div>\n\t\t<\/div>\n\t\t\t\t<div class=\"elementor-column elementor-col-50 elementor-top-column elementor-element elementor-element-2e9af1d\" data-id=\"2e9af1d\" data-element_type=\"column\" data-e-type=\"column\">\n\t\t\t<div class=\"elementor-widget-wrap elementor-element-populated\">\n\t\t\t\t\t\t<div class=\"elementor-element elementor-element-103b471 elementor-widget elementor-widget-image\" data-id=\"103b471\" data-element_type=\"widget\" data-e-type=\"widget\" data-widget_type=\"image.default\">\n\t\t\t\t<div class=\"elementor-widget-container\">\n\t\t\t\t\t\t\t\t\t\t\t\t\t\t\t<img loading=\"lazy\" decoding=\"async\" width=\"184\" height=\"170\" src=\"https:\/\/www.neckenmarkt.net\/gemeinde\/wp-content\/uploads\/2018\/11\/Wolnhofer-Kreuz.jpg\" class=\"attachment-medium size-medium wp-image-3383\" alt=\"\" \/>\t\t\t\t\t\t\t\t\t\t\t\t\t\t\t<\/div>\n\t\t\t\t<\/div>\n\t\t\t\t\t<\/div>\n\t\t<\/div>\n\t\t\t\t\t<\/div>\n\t\t<\/section>\n\t\t\t\t<section class=\"elementor-section elementor-top-section elementor-element elementor-element-2013794 elementor-section-full_width elementor-section-height-default elementor-section-height-default\" data-id=\"2013794\" data-element_type=\"section\" data-e-type=\"section\">\n\t\t\t\t\t\t<div class=\"elementor-container elementor-column-gap-default\">\n\t\t\t\t\t<div class=\"elementor-column elementor-col-50 elementor-top-column elementor-element elementor-element-a93b512\" data-id=\"a93b512\" data-element_type=\"column\" data-e-type=\"column\">\n\t\t\t<div class=\"elementor-widget-wrap elementor-element-populated\">\n\t\t\t\t\t\t<div class=\"elementor-element elementor-element-307289b elementor-widget elementor-widget-text-editor\" data-id=\"307289b\" data-element_type=\"widget\" data-e-type=\"widget\" data-widget_type=\"text-editor.default\">\n\t\t\t\t<div class=\"elementor-widget-container\">\n\t\t\t\t\t\t\t\t\t<p style=\"text-align: justify;\"><span style=\"font-size: 14px; font-family: tahoma, arial, helvetica, sans-serif; color: #ac2424;\"><b>Das &#8222;Zellerkreuz&#8220; zu Ehren der Gottesmutter Maria auf der Heide<\/b><\/span><\/p>\n<p style=\"text-align: justify;\"><span style=\"font-size: 14px; font-family: tahoma, arial, helvetica, sans-serif;\">Beim Ortsausgang, Richtung Lackendorf, befindet sich die Bildkapelle zu Ehren \u201cUnserer Lieben Frau\u201c.<\/span><br \/><span style=\"font-size: 14px; font-family: tahoma, arial, helvetica, sans-serif;\">Dieser Bildstock wurde 1989 neu errichtet, da der alte durch Baggerarbeiten im nahegelegenen Ziegelwerk, das 1999 geschlossen werden musste, einzust\u00fcrzen drohte.<br \/>Unter dem Obmann des Versch\u00f6nerungsvereines Neckenmarkt haben sich au\u00dfer ihm auch einige M\u00e4nner im Juli 1989 um die Neuerrichtung dieses Marterls verdient gemacht.<\/span><\/p>\t\t\t\t\t\t\t\t<\/div>\n\t\t\t\t<\/div>\n\t\t\t\t\t<\/div>\n\t\t<\/div>\n\t\t\t\t<div class=\"elementor-column elementor-col-50 elementor-top-column elementor-element elementor-element-3e6995b\" data-id=\"3e6995b\" data-element_type=\"column\" data-e-type=\"column\">\n\t\t\t<div class=\"elementor-widget-wrap elementor-element-populated\">\n\t\t\t\t\t\t<div class=\"elementor-element elementor-element-474cec7 elementor-widget elementor-widget-image\" data-id=\"474cec7\" data-element_type=\"widget\" data-e-type=\"widget\" data-widget_type=\"image.default\">\n\t\t\t\t<div class=\"elementor-widget-container\">\n\t\t\t\t\t\t\t\t\t\t\t\t\t\t\t<img loading=\"lazy\" decoding=\"async\" width=\"180\" height=\"272\" src=\"https:\/\/www.neckenmarkt.net\/gemeinde\/wp-content\/uploads\/2018\/11\/Zellerkreuz.jpg\" class=\"attachment-medium size-medium wp-image-3381\" alt=\"\" \/>\t\t\t\t\t\t\t\t\t\t\t\t\t\t\t<\/div>\n\t\t\t\t<\/div>\n\t\t\t\t\t<\/div>\n\t\t<\/div>\n\t\t\t\t\t<\/div>\n\t\t<\/section>\n\t\t\t\t<section class=\"elementor-section elementor-top-section elementor-element elementor-element-d2d67a7 elementor-section-full_width elementor-section-height-default elementor-section-height-default\" data-id=\"d2d67a7\" data-element_type=\"section\" data-e-type=\"section\">\n\t\t\t\t\t\t<div class=\"elementor-container elementor-column-gap-default\">\n\t\t\t\t\t<div class=\"elementor-column elementor-col-50 elementor-top-column elementor-element elementor-element-69bf323\" data-id=\"69bf323\" data-element_type=\"column\" data-e-type=\"column\">\n\t\t\t<div class=\"elementor-widget-wrap elementor-element-populated\">\n\t\t\t\t\t\t<div class=\"elementor-element elementor-element-ba519c4 elementor-widget elementor-widget-text-editor\" data-id=\"ba519c4\" data-element_type=\"widget\" data-e-type=\"widget\" data-widget_type=\"text-editor.default\">\n\t\t\t\t<div class=\"elementor-widget-container\">\n\t\t\t\t\t\t\t\t\t<h2 style=\"text-align: justify;\"><span style=\"font-size: 14px; font-family: tahoma, arial, helvetica, sans-serif;\"><b>\u00a0<\/b><\/span><\/h2>\n<p style=\"text-align: justify;\"><span style=\"font-size: 14px; font-family: tahoma, arial, helvetica, sans-serif; color: #ac2424;\"><b>Das Standbild zu Ehren des heiligen Johannes Nepomuk beim Friedhof<\/b><\/span><\/p>\n<p style=\"text-align: justify;\"><span style=\"font-size: 14px; font-family: tahoma, arial, helvetica, sans-serif;\">Auf der linken Stra\u00dfenseite nach \u00d6denburg, dem Friedhof schr\u00e4g gegen\u00fcber, steht ein Standbild des heiligen Johannes Nepomuk aus Sandstein.<\/span><br \/><span style=\"font-size: 14px; font-family: tahoma, arial, helvetica, sans-serif;\">Die Deckplatte des Sockels hat auf der Vorderseite ein Herz eingraviert. R\u00fcckseitig findet man den Hinweis auf die letzte Renovierung: &#8222;RENOV. 1990.&#8220;<br \/>Die Statue hat damals der Versch\u00f6nerungsverein Neckenmarkt renovieren lassen. Dieses Standbild ist von einer steinernen Balustrade umgeben.<\/span><\/p>\t\t\t\t\t\t\t\t<\/div>\n\t\t\t\t<\/div>\n\t\t\t\t\t<\/div>\n\t\t<\/div>\n\t\t\t\t<div class=\"elementor-column elementor-col-50 elementor-top-column elementor-element elementor-element-7ffd10c\" data-id=\"7ffd10c\" data-element_type=\"column\" data-e-type=\"column\">\n\t\t\t<div class=\"elementor-widget-wrap elementor-element-populated\">\n\t\t\t\t\t\t<div class=\"elementor-element elementor-element-c809ed2 elementor-widget elementor-widget-image\" data-id=\"c809ed2\" data-element_type=\"widget\" data-e-type=\"widget\" data-widget_type=\"image.default\">\n\t\t\t\t<div class=\"elementor-widget-container\">\n\t\t\t\t\t\t\t\t\t\t\t\t\t\t\t<img loading=\"lazy\" decoding=\"async\" width=\"300\" height=\"284\" src=\"https:\/\/www.neckenmarkt.net\/gemeinde\/wp-content\/uploads\/2018\/11\/Johannes-Nepomuk-300x284.jpg\" class=\"attachment-medium size-medium wp-image-3379\" alt=\"\" srcset=\"https:\/\/www.neckenmarkt.net\/gemeinde\/wp-content\/uploads\/2018\/11\/Johannes-Nepomuk-300x284.jpg 300w, https:\/\/www.neckenmarkt.net\/gemeinde\/wp-content\/uploads\/2018\/11\/Johannes-Nepomuk.jpg 400w\" sizes=\"(max-width: 300px) 100vw, 300px\" \/>\t\t\t\t\t\t\t\t\t\t\t\t\t\t\t<\/div>\n\t\t\t\t<\/div>\n\t\t\t\t\t<\/div>\n\t\t<\/div>\n\t\t\t\t\t<\/div>\n\t\t<\/section>\n\t\t\t\t<\/div>\n\t\t","protected":false},"excerpt":{"rendered":"<p>Standbild zu Ehren des heiligen Antonius von Padua\u00a0 Wie das Standbild der Himmelsk\u00f6nigin mit dem Christuskind beim n\u00f6rdlichen Ortsausgang, so findet man auf dem selben Weg, ca. einen halben Kilometer [&hellip;]<\/p>\n","protected":false},"author":1,"featured_media":0,"parent":0,"menu_order":0,"comment_status":"closed","ping_status":"closed","template":"page-fullwidth.php","meta":{"footnotes":""},"class_list":["post-1022","page","type-page","status-publish","hentry"],"yoast_head":"<!-- This site is optimized with the Yoast SEO plugin v27.5 - https:\/\/yoast.com\/product\/yoast-seo-wordpress\/ -->\n<title>Denkm\u00e4ler - Marktgemeinde Neckenmarkt<\/title>\n<meta name=\"robots\" content=\"index, follow, max-snippet:-1, max-image-preview:large, max-video-preview:-1\" \/>\n<link rel=\"canonical\" href=\"https:\/\/www.neckenmarkt.net\/gemeinde\/denkmaeler\/\" \/>\n<meta property=\"og:locale\" content=\"de_DE\" \/>\n<meta property=\"og:type\" content=\"article\" \/>\n<meta property=\"og:title\" content=\"Denkm\u00e4ler - Marktgemeinde Neckenmarkt\" \/>\n<meta property=\"og:description\" content=\"Standbild zu Ehren des heiligen Antonius von Padua\u00a0 Wie das Standbild der Himmelsk\u00f6nigin mit dem Christuskind beim n\u00f6rdlichen Ortsausgang, so findet man auf dem selben Weg, ca. einen halben Kilometer [&hellip;]\" \/>\n<meta property=\"og:url\" content=\"https:\/\/www.neckenmarkt.net\/gemeinde\/denkmaeler\/\" \/>\n<meta property=\"og:site_name\" content=\"Marktgemeinde Neckenmarkt\" \/>\n<meta property=\"article:modified_time\" content=\"2020-11-03T14:23:22+00:00\" \/>\n<meta property=\"og:image\" content=\"http:\/\/www.neckenmarkt.net\/gemeinde\/wp-content\/uploads\/2019\/01\/Hl.-Antonius-205x300.jpg\" \/>\n<meta name=\"twitter:card\" content=\"summary_large_image\" \/>\n<meta name=\"twitter:label1\" content=\"Gesch\u00e4tzte Lesezeit\" \/>\n\t<meta name=\"twitter:data1\" content=\"12\u00a0Minuten\" \/>\n<script type=\"application\/ld+json\" class=\"yoast-schema-graph\">{\"@context\":\"https:\\\/\\\/schema.org\",\"@graph\":[{\"@type\":\"WebPage\",\"@id\":\"https:\\\/\\\/www.neckenmarkt.net\\\/gemeinde\\\/denkmaeler\\\/\",\"url\":\"https:\\\/\\\/www.neckenmarkt.net\\\/gemeinde\\\/denkmaeler\\\/\",\"name\":\"Denkm\u00e4ler - Marktgemeinde Neckenmarkt\",\"isPartOf\":{\"@id\":\"https:\\\/\\\/www.neckenmarkt.net\\\/gemeinde\\\/#website\"},\"primaryImageOfPage\":{\"@id\":\"https:\\\/\\\/www.neckenmarkt.net\\\/gemeinde\\\/denkmaeler\\\/#primaryimage\"},\"image\":{\"@id\":\"https:\\\/\\\/www.neckenmarkt.net\\\/gemeinde\\\/denkmaeler\\\/#primaryimage\"},\"thumbnailUrl\":\"http:\\\/\\\/www.neckenmarkt.net\\\/gemeinde\\\/wp-content\\\/uploads\\\/2019\\\/01\\\/Hl.-Antonius-205x300.jpg\",\"datePublished\":\"2018-10-05T16:20:10+00:00\",\"dateModified\":\"2020-11-03T14:23:22+00:00\",\"breadcrumb\":{\"@id\":\"https:\\\/\\\/www.neckenmarkt.net\\\/gemeinde\\\/denkmaeler\\\/#breadcrumb\"},\"inLanguage\":\"de\",\"potentialAction\":[{\"@type\":\"ReadAction\",\"target\":[\"https:\\\/\\\/www.neckenmarkt.net\\\/gemeinde\\\/denkmaeler\\\/\"]}]},{\"@type\":\"ImageObject\",\"inLanguage\":\"de\",\"@id\":\"https:\\\/\\\/www.neckenmarkt.net\\\/gemeinde\\\/denkmaeler\\\/#primaryimage\",\"url\":\"https:\\\/\\\/www.neckenmarkt.net\\\/gemeinde\\\/wp-content\\\/uploads\\\/2019\\\/01\\\/Hl.-Antonius.jpg\",\"contentUrl\":\"https:\\\/\\\/www.neckenmarkt.net\\\/gemeinde\\\/wp-content\\\/uploads\\\/2019\\\/01\\\/Hl.-Antonius.jpg\",\"width\":300,\"height\":439},{\"@type\":\"BreadcrumbList\",\"@id\":\"https:\\\/\\\/www.neckenmarkt.net\\\/gemeinde\\\/denkmaeler\\\/#breadcrumb\",\"itemListElement\":[{\"@type\":\"ListItem\",\"position\":1,\"name\":\"Startseite\",\"item\":\"https:\\\/\\\/www.neckenmarkt.net\\\/gemeinde\\\/\"},{\"@type\":\"ListItem\",\"position\":2,\"name\":\"Denkm\u00e4ler\"}]},{\"@type\":\"WebSite\",\"@id\":\"https:\\\/\\\/www.neckenmarkt.net\\\/gemeinde\\\/#website\",\"url\":\"https:\\\/\\\/www.neckenmarkt.net\\\/gemeinde\\\/\",\"name\":\"Marktgemeinde Neckenmarkt\",\"description\":\"\",\"publisher\":{\"@id\":\"https:\\\/\\\/www.neckenmarkt.net\\\/gemeinde\\\/#organization\"},\"potentialAction\":[{\"@type\":\"SearchAction\",\"target\":{\"@type\":\"EntryPoint\",\"urlTemplate\":\"https:\\\/\\\/www.neckenmarkt.net\\\/gemeinde\\\/?s={search_term_string}\"},\"query-input\":{\"@type\":\"PropertyValueSpecification\",\"valueRequired\":true,\"valueName\":\"search_term_string\"}}],\"inLanguage\":\"de\"},{\"@type\":\"Organization\",\"@id\":\"https:\\\/\\\/www.neckenmarkt.net\\\/gemeinde\\\/#organization\",\"name\":\"Marktgemeinde Neckenmarkt\",\"url\":\"https:\\\/\\\/www.neckenmarkt.net\\\/gemeinde\\\/\",\"logo\":{\"@type\":\"ImageObject\",\"inLanguage\":\"de\",\"@id\":\"https:\\\/\\\/www.neckenmarkt.net\\\/gemeinde\\\/#\\\/schema\\\/logo\\\/image\\\/\",\"url\":\"https:\\\/\\\/www.neckenmarkt.net\\\/gemeinde\\\/wp-content\\\/uploads\\\/2018\\\/12\\\/LogoF-e1547210885414.png\",\"contentUrl\":\"https:\\\/\\\/www.neckenmarkt.net\\\/gemeinde\\\/wp-content\\\/uploads\\\/2018\\\/12\\\/LogoF-e1547210885414.png\",\"width\":58,\"height\":90,\"caption\":\"Marktgemeinde Neckenmarkt\"},\"image\":{\"@id\":\"https:\\\/\\\/www.neckenmarkt.net\\\/gemeinde\\\/#\\\/schema\\\/logo\\\/image\\\/\"},\"sameAs\":[\"https:\\\/\\\/de.wikipedia.org\\\/wiki\\\/Neckenmarkt\"]}]}<\/script>\n<!-- \/ Yoast SEO plugin. -->","yoast_head_json":{"title":"Denkm\u00e4ler - Marktgemeinde Neckenmarkt","robots":{"index":"index","follow":"follow","max-snippet":"max-snippet:-1","max-image-preview":"max-image-preview:large","max-video-preview":"max-video-preview:-1"},"canonical":"https:\/\/www.neckenmarkt.net\/gemeinde\/denkmaeler\/","og_locale":"de_DE","og_type":"article","og_title":"Denkm\u00e4ler - Marktgemeinde Neckenmarkt","og_description":"Standbild zu Ehren des heiligen Antonius von Padua\u00a0 Wie das Standbild der Himmelsk\u00f6nigin mit dem Christuskind beim n\u00f6rdlichen Ortsausgang, so findet man auf dem selben Weg, ca. einen halben Kilometer [&hellip;]","og_url":"https:\/\/www.neckenmarkt.net\/gemeinde\/denkmaeler\/","og_site_name":"Marktgemeinde Neckenmarkt","article_modified_time":"2020-11-03T14:23:22+00:00","og_image":[{"url":"http:\/\/www.neckenmarkt.net\/gemeinde\/wp-content\/uploads\/2019\/01\/Hl.-Antonius-205x300.jpg","type":"","width":"","height":""}],"twitter_card":"summary_large_image","twitter_misc":{"Gesch\u00e4tzte Lesezeit":"12\u00a0Minuten"},"schema":{"@context":"https:\/\/schema.org","@graph":[{"@type":"WebPage","@id":"https:\/\/www.neckenmarkt.net\/gemeinde\/denkmaeler\/","url":"https:\/\/www.neckenmarkt.net\/gemeinde\/denkmaeler\/","name":"Denkm\u00e4ler - Marktgemeinde Neckenmarkt","isPartOf":{"@id":"https:\/\/www.neckenmarkt.net\/gemeinde\/#website"},"primaryImageOfPage":{"@id":"https:\/\/www.neckenmarkt.net\/gemeinde\/denkmaeler\/#primaryimage"},"image":{"@id":"https:\/\/www.neckenmarkt.net\/gemeinde\/denkmaeler\/#primaryimage"},"thumbnailUrl":"http:\/\/www.neckenmarkt.net\/gemeinde\/wp-content\/uploads\/2019\/01\/Hl.-Antonius-205x300.jpg","datePublished":"2018-10-05T16:20:10+00:00","dateModified":"2020-11-03T14:23:22+00:00","breadcrumb":{"@id":"https:\/\/www.neckenmarkt.net\/gemeinde\/denkmaeler\/#breadcrumb"},"inLanguage":"de","potentialAction":[{"@type":"ReadAction","target":["https:\/\/www.neckenmarkt.net\/gemeinde\/denkmaeler\/"]}]},{"@type":"ImageObject","inLanguage":"de","@id":"https:\/\/www.neckenmarkt.net\/gemeinde\/denkmaeler\/#primaryimage","url":"https:\/\/www.neckenmarkt.net\/gemeinde\/wp-content\/uploads\/2019\/01\/Hl.-Antonius.jpg","contentUrl":"https:\/\/www.neckenmarkt.net\/gemeinde\/wp-content\/uploads\/2019\/01\/Hl.-Antonius.jpg","width":300,"height":439},{"@type":"BreadcrumbList","@id":"https:\/\/www.neckenmarkt.net\/gemeinde\/denkmaeler\/#breadcrumb","itemListElement":[{"@type":"ListItem","position":1,"name":"Startseite","item":"https:\/\/www.neckenmarkt.net\/gemeinde\/"},{"@type":"ListItem","position":2,"name":"Denkm\u00e4ler"}]},{"@type":"WebSite","@id":"https:\/\/www.neckenmarkt.net\/gemeinde\/#website","url":"https:\/\/www.neckenmarkt.net\/gemeinde\/","name":"Marktgemeinde Neckenmarkt","description":"","publisher":{"@id":"https:\/\/www.neckenmarkt.net\/gemeinde\/#organization"},"potentialAction":[{"@type":"SearchAction","target":{"@type":"EntryPoint","urlTemplate":"https:\/\/www.neckenmarkt.net\/gemeinde\/?s={search_term_string}"},"query-input":{"@type":"PropertyValueSpecification","valueRequired":true,"valueName":"search_term_string"}}],"inLanguage":"de"},{"@type":"Organization","@id":"https:\/\/www.neckenmarkt.net\/gemeinde\/#organization","name":"Marktgemeinde Neckenmarkt","url":"https:\/\/www.neckenmarkt.net\/gemeinde\/","logo":{"@type":"ImageObject","inLanguage":"de","@id":"https:\/\/www.neckenmarkt.net\/gemeinde\/#\/schema\/logo\/image\/","url":"https:\/\/www.neckenmarkt.net\/gemeinde\/wp-content\/uploads\/2018\/12\/LogoF-e1547210885414.png","contentUrl":"https:\/\/www.neckenmarkt.net\/gemeinde\/wp-content\/uploads\/2018\/12\/LogoF-e1547210885414.png","width":58,"height":90,"caption":"Marktgemeinde Neckenmarkt"},"image":{"@id":"https:\/\/www.neckenmarkt.net\/gemeinde\/#\/schema\/logo\/image\/"},"sameAs":["https:\/\/de.wikipedia.org\/wiki\/Neckenmarkt"]}]}},"_links":{"self":[{"href":"https:\/\/www.neckenmarkt.net\/gemeinde\/wp-json\/wp\/v2\/pages\/1022","targetHints":{"allow":["GET"]}}],"collection":[{"href":"https:\/\/www.neckenmarkt.net\/gemeinde\/wp-json\/wp\/v2\/pages"}],"about":[{"href":"https:\/\/www.neckenmarkt.net\/gemeinde\/wp-json\/wp\/v2\/types\/page"}],"author":[{"embeddable":true,"href":"https:\/\/www.neckenmarkt.net\/gemeinde\/wp-json\/wp\/v2\/users\/1"}],"replies":[{"embeddable":true,"href":"https:\/\/www.neckenmarkt.net\/gemeinde\/wp-json\/wp\/v2\/comments?post=1022"}],"version-history":[{"count":0,"href":"https:\/\/www.neckenmarkt.net\/gemeinde\/wp-json\/wp\/v2\/pages\/1022\/revisions"}],"wp:attachment":[{"href":"https:\/\/www.neckenmarkt.net\/gemeinde\/wp-json\/wp\/v2\/media?parent=1022"}],"curies":[{"name":"wp","href":"https:\/\/api.w.org\/{rel}","templated":true}]}}