{"id":1726,"date":"2018-10-24T17:10:04","date_gmt":"2018-10-24T15:10:04","guid":{"rendered":"http:\/\/www.neckenmarkt.net\/gemeinde\/?page_id=1726"},"modified":"2023-09-05T15:42:06","modified_gmt":"2023-09-05T13:42:06","slug":"gemeindeamt-neckenmarkt","status":"publish","type":"page","link":"https:\/\/www.neckenmarkt.net\/gemeinde\/gemeindeamt-neckenmarkt\/","title":{"rendered":"Gemeindeamt"},"content":{"rendered":"\t\t<div data-elementor-type=\"wp-post\" data-elementor-id=\"1726\" class=\"elementor elementor-1726\">\n\t\t\t\t\t\t<section class=\"elementor-section elementor-top-section elementor-element elementor-element-fec5362 elementor-section-full_width elementor-section-height-default elementor-section-height-default\" data-id=\"fec5362\" data-element_type=\"section\" data-e-type=\"section\">\n\t\t\t\t\t\t<div class=\"elementor-container elementor-column-gap-default\">\n\t\t\t\t\t<div class=\"elementor-column elementor-col-50 elementor-top-column elementor-element elementor-element-a821ad1\" data-id=\"a821ad1\" data-element_type=\"column\" data-e-type=\"column\">\n\t\t\t<div class=\"elementor-widget-wrap elementor-element-populated\">\n\t\t\t\t\t\t<div class=\"elementor-element elementor-element-8b35eaa elementor-widget elementor-widget-image\" data-id=\"8b35eaa\" data-element_type=\"widget\" data-e-type=\"widget\" data-widget_type=\"image.default\">\n\t\t\t\t<div class=\"elementor-widget-container\">\n\t\t\t\t\t\t\t\t\t\t\t\t\t\t\t<img fetchpriority=\"high\" decoding=\"async\" width=\"425\" height=\"286\" src=\"https:\/\/www.neckenmarkt.net\/gemeinde\/wp-content\/uploads\/2018\/12\/Gemeindeamt.jpg\" class=\"attachment-large size-large wp-image-4419\" alt=\"\" srcset=\"https:\/\/www.neckenmarkt.net\/gemeinde\/wp-content\/uploads\/2018\/12\/Gemeindeamt.jpg 425w, https:\/\/www.neckenmarkt.net\/gemeinde\/wp-content\/uploads\/2018\/12\/Gemeindeamt-300x202.jpg 300w\" sizes=\"(max-width: 425px) 100vw, 425px\" \/>\t\t\t\t\t\t\t\t\t\t\t\t\t\t\t<\/div>\n\t\t\t\t<\/div>\n\t\t\t\t\t<\/div>\n\t\t<\/div>\n\t\t\t\t<div class=\"elementor-column elementor-col-50 elementor-top-column elementor-element elementor-element-d0ebd71\" data-id=\"d0ebd71\" data-element_type=\"column\" data-e-type=\"column\">\n\t\t\t<div class=\"elementor-widget-wrap elementor-element-populated\">\n\t\t\t\t\t\t<div class=\"elementor-element elementor-element-3e81bca elementor-widget elementor-widget-image\" data-id=\"3e81bca\" data-element_type=\"widget\" data-e-type=\"widget\" data-widget_type=\"image.default\">\n\t\t\t\t<div class=\"elementor-widget-container\">\n\t\t\t\t\t\t\t\t\t\t\t\t\t\t\t<img decoding=\"async\" width=\"648\" height=\"670\" src=\"https:\/\/www.neckenmarkt.net\/gemeinde\/wp-content\/uploads\/2019\/01\/GemeindeBergb13-990x1024.png\" class=\"attachment-large size-large wp-image-6124\" alt=\"\" srcset=\"https:\/\/www.neckenmarkt.net\/gemeinde\/wp-content\/uploads\/2019\/01\/GemeindeBergb13-990x1024.png 990w, https:\/\/www.neckenmarkt.net\/gemeinde\/wp-content\/uploads\/2019\/01\/GemeindeBergb13-290x300.png 290w, https:\/\/www.neckenmarkt.net\/gemeinde\/wp-content\/uploads\/2019\/01\/GemeindeBergb13-768x794.png 768w, https:\/\/www.neckenmarkt.net\/gemeinde\/wp-content\/uploads\/2019\/01\/GemeindeBergb13-e1551374581742.png 200w\" sizes=\"(max-width: 648px) 100vw, 648px\" \/>\t\t\t\t\t\t\t\t\t\t\t\t\t\t\t<\/div>\n\t\t\t\t<\/div>\n\t\t\t\t\t<\/div>\n\t\t<\/div>\n\t\t\t\t\t<\/div>\n\t\t<\/section>\n\t\t\t\t<section class=\"elementor-section elementor-top-section elementor-element elementor-element-1bb65df elementor-section-full_width elementor-section-height-default elementor-section-height-default\" data-id=\"1bb65df\" data-element_type=\"section\" data-e-type=\"section\">\n\t\t\t\t\t\t<div class=\"elementor-container elementor-column-gap-default\">\n\t\t\t\t\t<div class=\"elementor-column elementor-col-50 elementor-top-column elementor-element elementor-element-0154f44\" data-id=\"0154f44\" data-element_type=\"column\" data-e-type=\"column\">\n\t\t\t<div class=\"elementor-widget-wrap elementor-element-populated\">\n\t\t\t\t\t\t<div class=\"elementor-element elementor-element-f11d72b elementor-widget elementor-widget-text-editor\" data-id=\"f11d72b\" data-element_type=\"widget\" data-e-type=\"widget\" data-widget_type=\"text-editor.default\">\n\t\t\t\t<div class=\"elementor-widget-container\">\n\t\t\t\t\t\t\t\t\t<p style=\"text-align: center;\"><span style=\"font-size: 16px; font-family: tahoma, arial, helvetica, sans-serif; color: #223f3d;\">Rathausgasse 1<\/span><br \/><span style=\"font-size: 16px;\"><span style=\"font-family: tahoma, arial, helvetica, sans-serif; color: #223f3d;\">A-7311 Neckenmarkt<br \/><\/span><span style=\"font-family: tahoma, arial, helvetica, sans-serif; color: #223f3d;\"><br \/><\/span><\/span><\/p>\t\t\t\t\t\t\t\t<\/div>\n\t\t\t\t<\/div>\n\t\t\t\t\t<\/div>\n\t\t<\/div>\n\t\t\t\t<div class=\"elementor-column elementor-col-50 elementor-top-column elementor-element elementor-element-3f8fc0b\" data-id=\"3f8fc0b\" data-element_type=\"column\" data-e-type=\"column\">\n\t\t\t<div class=\"elementor-widget-wrap elementor-element-populated\">\n\t\t\t\t\t\t<div class=\"elementor-element elementor-element-2ad4404 elementor-widget elementor-widget-text-editor\" data-id=\"2ad4404\" data-element_type=\"widget\" data-e-type=\"widget\" data-widget_type=\"text-editor.default\">\n\t\t\t\t<div class=\"elementor-widget-container\">\n\t\t\t\t\t\t\t\t\t<p style=\"text-align: center;\"><span style=\"font-family: tahoma, arial, helvetica, sans-serif; font-size: 16px;\">Tel.: 02610\/42263<\/span><br \/><span style=\"font-size: 16px;\"><span style=\"font-family: tahoma, arial, helvetica, sans-serif;\">Fax: 02610\/42263-19<br \/><span style=\"font-family: tahoma, arial, helvetica, sans-serif; color: #223f3d;\">E-Mail:\u00a0<br \/><\/span><\/span><a href=\"mailto:post@neckenmarkt.bgld.gv.at\"><span style=\"font-family: tahoma, arial, helvetica, sans-serif;\">post@neckenmarkt.bgld.gv.at<\/span><\/a><\/span><\/p>\t\t\t\t\t\t\t\t<\/div>\n\t\t\t\t<\/div>\n\t\t\t\t\t<\/div>\n\t\t<\/div>\n\t\t\t\t\t<\/div>\n\t\t<\/section>\n\t\t\t\t<section class=\"elementor-section elementor-top-section elementor-element elementor-element-3630860 elementor-section-full_width elementor-section-height-default elementor-section-height-default\" data-id=\"3630860\" data-element_type=\"section\" data-e-type=\"section\">\n\t\t\t\t\t\t<div class=\"elementor-container elementor-column-gap-default\">\n\t\t\t\t\t<div class=\"elementor-column elementor-col-100 elementor-top-column elementor-element elementor-element-0162e6c\" data-id=\"0162e6c\" data-element_type=\"column\" data-e-type=\"column\">\n\t\t\t<div class=\"elementor-widget-wrap elementor-element-populated\">\n\t\t\t\t\t\t<div class=\"elementor-element elementor-element-ce726ac elementor-widget elementor-widget-text-editor\" data-id=\"ce726ac\" data-element_type=\"widget\" data-e-type=\"widget\" data-widget_type=\"text-editor.default\">\n\t\t\t\t<div class=\"elementor-widget-container\">\n\t\t\t\t\t\t\t\t\t<p><span style=\"font-size: 16px; font-family: tahoma, arial, helvetica, sans-serif; color: #223f3d;\"><strong>Parteienverkehr:<\/strong><\/span><br \/><span style=\"font-size: 16px; font-family: tahoma, arial, helvetica, sans-serif; color: #223f3d;\">Montag bis Freitag: 8:00 &#8211; 12:00 Uhr<\/span><br \/><span style=\"font-size: 16px; font-family: tahoma, arial, helvetica, sans-serif; color: #223f3d;\">Bei begr\u00fcndeten Ausnahmen auch Nachmittags w\u00e4hrend der \u00d6ffnungszeiten.<\/span><\/p>\n<p><span style=\"font-size: 16px; font-family: tahoma, arial, helvetica, sans-serif; color: #223f3d;\"><strong><br \/>\u00d6ffnungszeiten:<\/strong><\/span><br \/><span style=\"font-size: 16px; font-family: tahoma, arial, helvetica, sans-serif; color: #223f3d;\">Montag bis Donnerstag: 08:00 &#8211; 12:00 Uhr und 13:00 &#8211; 16:30 Uhr<br \/>Freitag: 08:00 &#8211; 12.00 Uhr<\/span><\/p>\n<p>\u00a0<\/p>\n<p><span style=\"font-size: 16px; font-family: tahoma, arial, helvetica, sans-serif; color: #223f3d;\"><strong>Sprechtag des B\u00fcrgermeisters:<\/strong><\/span><br \/><span style=\"font-size: 16px; font-family: tahoma, arial, helvetica, sans-serif; color: #223f3d;\">Freitag: 08:00 bis 12:00 Uhr<\/span><\/p>\n<p>\u00a0<\/p>\n<p><span style=\"font-size: 16px; font-family: tahoma, arial, helvetica, sans-serif; color: #223f3d;\"><strong>Bauberatung:<\/strong><\/span><br \/><span style=\"font-size: 16px; font-family: tahoma, arial, helvetica, sans-serif; color: #223f3d;\">Jeden 1. Freitag im Monat: 15:00 bis 17:00 Uhr\u00a0\u00a0<\/span><br \/><span style=\"font-size: 16px; font-family: tahoma, arial, helvetica, sans-serif; color: #223f3d;\">Um vorherige telefonische Kontaktaufnahme mit dem Gemeindeamt wird ersucht!<br \/>N\u00e4here Infos: <a href=\"https:\/\/www.neckenmarkt.net\/gemeinde\/wp-content\/uploads\/2019\/08\/BauenInNeckenmarkt_Juni20191312.pdf\">Bauen in Neckenmarkt<\/a><\/span><\/p>\n<p>\u00a0<\/p>\t\t\t\t\t\t\t\t<\/div>\n\t\t\t\t<\/div>\n\t\t\t\t\t<\/div>\n\t\t<\/div>\n\t\t\t\t\t<\/div>\n\t\t<\/section>\n\t\t\t\t<\/div>\n\t\t","protected":false},"excerpt":{"rendered":"<p>Rathausgasse 1A-7311 Neckenmarkt Tel.: 02610\/42263Fax: 02610\/42263-19E-Mail:\u00a0post@neckenmarkt.bgld.gv.at Parteienverkehr:Montag bis Freitag: 8:00 &#8211; 12:00 UhrBei begr\u00fcndeten Ausnahmen auch Nachmittags w\u00e4hrend der \u00d6ffnungszeiten. \u00d6ffnungszeiten:Montag bis Donnerstag: 08:00 &#8211; 12:00 Uhr und 13:00 &#8211; [&hellip;]<\/p>\n","protected":false},"author":1,"featured_media":0,"parent":0,"menu_order":0,"comment_status":"closed","ping_status":"closed","template":"","meta":{"footnotes":""},"class_list":["post-1726","page","type-page","status-publish","hentry"],"yoast_head":"<!-- This site is optimized with the Yoast SEO plugin v27.5 - https:\/\/yoast.com\/product\/yoast-seo-wordpress\/ -->\n<title>Gemeindeamt - Marktgemeinde Neckenmarkt<\/title>\n<meta name=\"robots\" content=\"index, follow, max-snippet:-1, max-image-preview:large, max-video-preview:-1\" \/>\n<link rel=\"canonical\" href=\"https:\/\/www.neckenmarkt.net\/gemeinde\/gemeindeamt-neckenmarkt\/\" \/>\n<meta property=\"og:locale\" content=\"de_DE\" \/>\n<meta property=\"og:type\" content=\"article\" \/>\n<meta property=\"og:title\" content=\"Gemeindeamt - Marktgemeinde Neckenmarkt\" \/>\n<meta property=\"og:description\" content=\"Rathausgasse 1A-7311 Neckenmarkt Tel.: 02610\/42263Fax: 02610\/42263-19E-Mail:\u00a0post@neckenmarkt.bgld.gv.at Parteienverkehr:Montag bis Freitag: 8:00 &#8211; 12:00 UhrBei begr\u00fcndeten Ausnahmen auch Nachmittags w\u00e4hrend der \u00d6ffnungszeiten. \u00d6ffnungszeiten:Montag bis Donnerstag: 08:00 &#8211; 12:00 Uhr und 13:00 &#8211; [&hellip;]\" \/>\n<meta property=\"og:url\" content=\"https:\/\/www.neckenmarkt.net\/gemeinde\/gemeindeamt-neckenmarkt\/\" \/>\n<meta property=\"og:site_name\" content=\"Marktgemeinde Neckenmarkt\" \/>\n<meta property=\"article:modified_time\" content=\"2023-09-05T13:42:06+00:00\" \/>\n<meta property=\"og:image\" content=\"https:\/\/www.neckenmarkt.net\/gemeinde\/wp-content\/uploads\/2018\/12\/Gemeindeamt.jpg\" \/>\n<meta name=\"twitter:card\" content=\"summary_large_image\" \/>\n<meta name=\"twitter:label1\" content=\"Gesch\u00e4tzte Lesezeit\" \/>\n\t<meta name=\"twitter:data1\" content=\"1\u00a0Minute\" \/>\n<script type=\"application\/ld+json\" class=\"yoast-schema-graph\">{\"@context\":\"https:\\\/\\\/schema.org\",\"@graph\":[{\"@type\":\"WebPage\",\"@id\":\"https:\\\/\\\/www.neckenmarkt.net\\\/gemeinde\\\/gemeindeamt-neckenmarkt\\\/\",\"url\":\"https:\\\/\\\/www.neckenmarkt.net\\\/gemeinde\\\/gemeindeamt-neckenmarkt\\\/\",\"name\":\"Gemeindeamt - Marktgemeinde Neckenmarkt\",\"isPartOf\":{\"@id\":\"https:\\\/\\\/www.neckenmarkt.net\\\/gemeinde\\\/#website\"},\"primaryImageOfPage\":{\"@id\":\"https:\\\/\\\/www.neckenmarkt.net\\\/gemeinde\\\/gemeindeamt-neckenmarkt\\\/#primaryimage\"},\"image\":{\"@id\":\"https:\\\/\\\/www.neckenmarkt.net\\\/gemeinde\\\/gemeindeamt-neckenmarkt\\\/#primaryimage\"},\"thumbnailUrl\":\"https:\\\/\\\/www.neckenmarkt.net\\\/gemeinde\\\/wp-content\\\/uploads\\\/2018\\\/12\\\/Gemeindeamt.jpg\",\"datePublished\":\"2018-10-24T15:10:04+00:00\",\"dateModified\":\"2023-09-05T13:42:06+00:00\",\"breadcrumb\":{\"@id\":\"https:\\\/\\\/www.neckenmarkt.net\\\/gemeinde\\\/gemeindeamt-neckenmarkt\\\/#breadcrumb\"},\"inLanguage\":\"de\",\"potentialAction\":[{\"@type\":\"ReadAction\",\"target\":[\"https:\\\/\\\/www.neckenmarkt.net\\\/gemeinde\\\/gemeindeamt-neckenmarkt\\\/\"]}]},{\"@type\":\"ImageObject\",\"inLanguage\":\"de\",\"@id\":\"https:\\\/\\\/www.neckenmarkt.net\\\/gemeinde\\\/gemeindeamt-neckenmarkt\\\/#primaryimage\",\"url\":\"https:\\\/\\\/www.neckenmarkt.net\\\/gemeinde\\\/wp-content\\\/uploads\\\/2018\\\/12\\\/Gemeindeamt.jpg\",\"contentUrl\":\"https:\\\/\\\/www.neckenmarkt.net\\\/gemeinde\\\/wp-content\\\/uploads\\\/2018\\\/12\\\/Gemeindeamt.jpg\",\"width\":425,\"height\":286},{\"@type\":\"BreadcrumbList\",\"@id\":\"https:\\\/\\\/www.neckenmarkt.net\\\/gemeinde\\\/gemeindeamt-neckenmarkt\\\/#breadcrumb\",\"itemListElement\":[{\"@type\":\"ListItem\",\"position\":1,\"name\":\"Startseite\",\"item\":\"https:\\\/\\\/www.neckenmarkt.net\\\/gemeinde\\\/\"},{\"@type\":\"ListItem\",\"position\":2,\"name\":\"Gemeindeamt\"}]},{\"@type\":\"WebSite\",\"@id\":\"https:\\\/\\\/www.neckenmarkt.net\\\/gemeinde\\\/#website\",\"url\":\"https:\\\/\\\/www.neckenmarkt.net\\\/gemeinde\\\/\",\"name\":\"Marktgemeinde Neckenmarkt\",\"description\":\"\",\"publisher\":{\"@id\":\"https:\\\/\\\/www.neckenmarkt.net\\\/gemeinde\\\/#organization\"},\"potentialAction\":[{\"@type\":\"SearchAction\",\"target\":{\"@type\":\"EntryPoint\",\"urlTemplate\":\"https:\\\/\\\/www.neckenmarkt.net\\\/gemeinde\\\/?s={search_term_string}\"},\"query-input\":{\"@type\":\"PropertyValueSpecification\",\"valueRequired\":true,\"valueName\":\"search_term_string\"}}],\"inLanguage\":\"de\"},{\"@type\":\"Organization\",\"@id\":\"https:\\\/\\\/www.neckenmarkt.net\\\/gemeinde\\\/#organization\",\"name\":\"Marktgemeinde Neckenmarkt\",\"url\":\"https:\\\/\\\/www.neckenmarkt.net\\\/gemeinde\\\/\",\"logo\":{\"@type\":\"ImageObject\",\"inLanguage\":\"de\",\"@id\":\"https:\\\/\\\/www.neckenmarkt.net\\\/gemeinde\\\/#\\\/schema\\\/logo\\\/image\\\/\",\"url\":\"https:\\\/\\\/www.neckenmarkt.net\\\/gemeinde\\\/wp-content\\\/uploads\\\/2018\\\/12\\\/LogoF-e1547210885414.png\",\"contentUrl\":\"https:\\\/\\\/www.neckenmarkt.net\\\/gemeinde\\\/wp-content\\\/uploads\\\/2018\\\/12\\\/LogoF-e1547210885414.png\",\"width\":58,\"height\":90,\"caption\":\"Marktgemeinde Neckenmarkt\"},\"image\":{\"@id\":\"https:\\\/\\\/www.neckenmarkt.net\\\/gemeinde\\\/#\\\/schema\\\/logo\\\/image\\\/\"},\"sameAs\":[\"https:\\\/\\\/de.wikipedia.org\\\/wiki\\\/Neckenmarkt\"]}]}<\/script>\n<!-- \/ Yoast SEO plugin. -->","yoast_head_json":{"title":"Gemeindeamt - Marktgemeinde Neckenmarkt","robots":{"index":"index","follow":"follow","max-snippet":"max-snippet:-1","max-image-preview":"max-image-preview:large","max-video-preview":"max-video-preview:-1"},"canonical":"https:\/\/www.neckenmarkt.net\/gemeinde\/gemeindeamt-neckenmarkt\/","og_locale":"de_DE","og_type":"article","og_title":"Gemeindeamt - Marktgemeinde Neckenmarkt","og_description":"Rathausgasse 1A-7311 Neckenmarkt Tel.: 02610\/42263Fax: 02610\/42263-19E-Mail:\u00a0post@neckenmarkt.bgld.gv.at Parteienverkehr:Montag bis Freitag: 8:00 &#8211; 12:00 UhrBei begr\u00fcndeten Ausnahmen auch Nachmittags w\u00e4hrend der \u00d6ffnungszeiten. \u00d6ffnungszeiten:Montag bis Donnerstag: 08:00 &#8211; 12:00 Uhr und 13:00 &#8211; [&hellip;]","og_url":"https:\/\/www.neckenmarkt.net\/gemeinde\/gemeindeamt-neckenmarkt\/","og_site_name":"Marktgemeinde Neckenmarkt","article_modified_time":"2023-09-05T13:42:06+00:00","og_image":[{"url":"https:\/\/www.neckenmarkt.net\/gemeinde\/wp-content\/uploads\/2018\/12\/Gemeindeamt.jpg","type":"","width":"","height":""}],"twitter_card":"summary_large_image","twitter_misc":{"Gesch\u00e4tzte Lesezeit":"1\u00a0Minute"},"schema":{"@context":"https:\/\/schema.org","@graph":[{"@type":"WebPage","@id":"https:\/\/www.neckenmarkt.net\/gemeinde\/gemeindeamt-neckenmarkt\/","url":"https:\/\/www.neckenmarkt.net\/gemeinde\/gemeindeamt-neckenmarkt\/","name":"Gemeindeamt - Marktgemeinde Neckenmarkt","isPartOf":{"@id":"https:\/\/www.neckenmarkt.net\/gemeinde\/#website"},"primaryImageOfPage":{"@id":"https:\/\/www.neckenmarkt.net\/gemeinde\/gemeindeamt-neckenmarkt\/#primaryimage"},"image":{"@id":"https:\/\/www.neckenmarkt.net\/gemeinde\/gemeindeamt-neckenmarkt\/#primaryimage"},"thumbnailUrl":"https:\/\/www.neckenmarkt.net\/gemeinde\/wp-content\/uploads\/2018\/12\/Gemeindeamt.jpg","datePublished":"2018-10-24T15:10:04+00:00","dateModified":"2023-09-05T13:42:06+00:00","breadcrumb":{"@id":"https:\/\/www.neckenmarkt.net\/gemeinde\/gemeindeamt-neckenmarkt\/#breadcrumb"},"inLanguage":"de","potentialAction":[{"@type":"ReadAction","target":["https:\/\/www.neckenmarkt.net\/gemeinde\/gemeindeamt-neckenmarkt\/"]}]},{"@type":"ImageObject","inLanguage":"de","@id":"https:\/\/www.neckenmarkt.net\/gemeinde\/gemeindeamt-neckenmarkt\/#primaryimage","url":"https:\/\/www.neckenmarkt.net\/gemeinde\/wp-content\/uploads\/2018\/12\/Gemeindeamt.jpg","contentUrl":"https:\/\/www.neckenmarkt.net\/gemeinde\/wp-content\/uploads\/2018\/12\/Gemeindeamt.jpg","width":425,"height":286},{"@type":"BreadcrumbList","@id":"https:\/\/www.neckenmarkt.net\/gemeinde\/gemeindeamt-neckenmarkt\/#breadcrumb","itemListElement":[{"@type":"ListItem","position":1,"name":"Startseite","item":"https:\/\/www.neckenmarkt.net\/gemeinde\/"},{"@type":"ListItem","position":2,"name":"Gemeindeamt"}]},{"@type":"WebSite","@id":"https:\/\/www.neckenmarkt.net\/gemeinde\/#website","url":"https:\/\/www.neckenmarkt.net\/gemeinde\/","name":"Marktgemeinde Neckenmarkt","description":"","publisher":{"@id":"https:\/\/www.neckenmarkt.net\/gemeinde\/#organization"},"potentialAction":[{"@type":"SearchAction","target":{"@type":"EntryPoint","urlTemplate":"https:\/\/www.neckenmarkt.net\/gemeinde\/?s={search_term_string}"},"query-input":{"@type":"PropertyValueSpecification","valueRequired":true,"valueName":"search_term_string"}}],"inLanguage":"de"},{"@type":"Organization","@id":"https:\/\/www.neckenmarkt.net\/gemeinde\/#organization","name":"Marktgemeinde Neckenmarkt","url":"https:\/\/www.neckenmarkt.net\/gemeinde\/","logo":{"@type":"ImageObject","inLanguage":"de","@id":"https:\/\/www.neckenmarkt.net\/gemeinde\/#\/schema\/logo\/image\/","url":"https:\/\/www.neckenmarkt.net\/gemeinde\/wp-content\/uploads\/2018\/12\/LogoF-e1547210885414.png","contentUrl":"https:\/\/www.neckenmarkt.net\/gemeinde\/wp-content\/uploads\/2018\/12\/LogoF-e1547210885414.png","width":58,"height":90,"caption":"Marktgemeinde Neckenmarkt"},"image":{"@id":"https:\/\/www.neckenmarkt.net\/gemeinde\/#\/schema\/logo\/image\/"},"sameAs":["https:\/\/de.wikipedia.org\/wiki\/Neckenmarkt"]}]}},"_links":{"self":[{"href":"https:\/\/www.neckenmarkt.net\/gemeinde\/wp-json\/wp\/v2\/pages\/1726","targetHints":{"allow":["GET"]}}],"collection":[{"href":"https:\/\/www.neckenmarkt.net\/gemeinde\/wp-json\/wp\/v2\/pages"}],"about":[{"href":"https:\/\/www.neckenmarkt.net\/gemeinde\/wp-json\/wp\/v2\/types\/page"}],"author":[{"embeddable":true,"href":"https:\/\/www.neckenmarkt.net\/gemeinde\/wp-json\/wp\/v2\/users\/1"}],"replies":[{"embeddable":true,"href":"https:\/\/www.neckenmarkt.net\/gemeinde\/wp-json\/wp\/v2\/comments?post=1726"}],"version-history":[{"count":0,"href":"https:\/\/www.neckenmarkt.net\/gemeinde\/wp-json\/wp\/v2\/pages\/1726\/revisions"}],"wp:attachment":[{"href":"https:\/\/www.neckenmarkt.net\/gemeinde\/wp-json\/wp\/v2\/media?parent=1726"}],"curies":[{"name":"wp","href":"https:\/\/api.w.org\/{rel}","templated":true}]}}