{"id":356,"date":"2018-09-19T09:09:55","date_gmt":"2018-09-19T07:09:55","guid":{"rendered":"http:\/\/www.neckenmarkt.net\/gemeinde\/?page_id=356"},"modified":"2026-03-21T09:13:00","modified_gmt":"2026-03-21T08:13:00","slug":"weinberge","status":"publish","type":"page","link":"https:\/\/www.neckenmarkt.net\/gemeinde\/weinberge\/","title":{"rendered":"Geschichtlicher Abriss"},"content":{"rendered":"\t\t<div data-elementor-type=\"wp-post\" data-elementor-id=\"356\" class=\"elementor elementor-356\">\n\t\t\t\t\t\t<section class=\"elementor-section elementor-top-section elementor-element elementor-element-15b234e elementor-section-full_width elementor-section-height-default elementor-section-height-default\" data-id=\"15b234e\" data-element_type=\"section\" data-e-type=\"section\">\n\t\t\t\t\t\t<div class=\"elementor-container elementor-column-gap-default\">\n\t\t\t\t\t<div class=\"elementor-column elementor-col-100 elementor-top-column elementor-element elementor-element-70fd7be\" data-id=\"70fd7be\" data-element_type=\"column\" data-e-type=\"column\">\n\t\t\t<div class=\"elementor-widget-wrap elementor-element-populated\">\n\t\t\t\t\t\t<div class=\"elementor-element elementor-element-00e26ce elementor-widget elementor-widget-text-editor\" data-id=\"00e26ce\" data-element_type=\"widget\" data-e-type=\"widget\" data-widget_type=\"text-editor.default\">\n\t\t\t\t<div class=\"elementor-widget-container\">\n\t\t\t\t\t\t\t\t\t<p style=\"text-align: justify;\"><span style=\"font-size: 16px; font-family: tahoma, arial, helvetica, sans-serif;\">Neckenmarkt ist eine bedeutende Rotweinbaugemeinde des <a style=\"text-align: justify;\" href=\"http:\/\/www.blaufraenkischland.at\/\" target=\"_blank\" rel=\"noopener\">Blaufr\u00e4nkischlandes<\/a><span style=\"text-align: justify;\">. Die Region hat ihren Namen von der gleichnamigen Rebsorte, die hier seit Jahrhunderten kultiviert wird.\u00a0Basis der guten Weine bilden die schweren Lehmb\u00f6den, die harmonisch ausgewogene und nuancenreiche Weine hervorbringen.\u00a0Die Neckenmarkter Weing\u00e4rten liegen direkt an der ungarischen Grenze, an den H\u00fcgeln des\u00a0\u00d6denburger Gebirges.\u00a0<\/span><\/span><\/p>\n<p style=\"text-align: justify;\"><span style=\"font-family: tahoma, arial, helvetica, sans-serif; font-size: 16px;\">Die Kultur der Weinrebe l\u00e4sst sich in der Geschichte Neckenmarkts bis in die Keltenzeit zur\u00fcckverfolgen. Vor allem zur Zeit der R\u00f6mer, in der damaligen Provinz \u201ePannonien\u201c, hatte die Weinwirtschaft aufgrund der g\u00fcnstigen Lage direkt neben der R\u00f6merstra\u00dfe gro\u00dfe Bedeutung.<\/span><\/p>\n<p style=\"text-align: justify;\"><span style=\"font-size: 16px; font-family: tahoma, arial, helvetica, sans-serif;\">Zur Zeit der V\u00f6lkerwanderung wurde der Weinbau stark vernachl\u00e4ssigt, wiederentdeckt wurde er wieder im Hochmittelalter.<\/span><br \/><span style=\"font-size: 16px; font-family: tahoma, arial, helvetica, sans-serif;\">Im 14. Jahrhundert wurden auf 250 Hektar Weing\u00e4rten rund 70.000 Liter Wein geerntet, der zu 50 Prozent vorwiegend in die L\u00e4nder B\u00f6hmen, M\u00e4hren und Schlesien geliefert wurde.\u00a0<\/span><br \/><span style=\"font-size: 16px; font-family: tahoma, arial, helvetica, sans-serif;\">Zur Zeit der T\u00fcrkenkriege (16.\/17. Jhdt.) wurden die Weinbaufl\u00e4chen abermals vernachl\u00e4ssigt und verw\u00fcstet. Erst danach erholten sich die Weinkulturen infolge intensiver Veredelungs- und Z\u00fcchtungsbem\u00fchungen.\u00a0In der Folge werden erstmals in der Geschichte einzelne Weinsorten wie \u201eAllenth\u201c, \u201eSalur\u201c und \u201eOlanth\u201c erw\u00e4hnt, wobei der Rotwein dominierte. Wohl von gr\u00f6\u00dfter Bedeutung f\u00fcr die Geschichte des Neckenmarkter Weinbaues ist eine Eintragung des Jahres 1639 im \u201eInventarium Vinorum\u201c, in dem es hei\u00dft, dass in Neckenmarkt im Jahr 1637 achteinhalb Eimer (433 Liter) Au\u00dfbruch (Ausbruch) geerntet wurden. Der langj\u00e4hrige Durchschnittsertrag der Ernte lag damals bei h\u00f6chstens 2000 Liter pro Hektar; das ist rund ein Viertel der heutigen Hektarertr\u00e4ge.\u00a0<\/span><br \/><span style=\"font-size: 16px; font-family: tahoma, arial, helvetica, sans-serif;\">Mit Ende des 18. Jhdt. begann man mit der Z\u00fcchtung neuer Rebsorten in den Rebschulen Eisenstadt und \u00d6denburg. Erst die Reblauskatastrophe Ende des 19. Jahrhunderts und die dadurch bedingte Veredelung auf reblausimmune Unterlagsreben brachten den endg\u00fcltigen Durchbruch der Wei\u00dfweinsorten \u201eGr\u00fcnveltliner\u201c, \u201eTraminer\u201c und \u201eRiesling\u201c.<\/span><br \/><span style=\"font-size: 16px; font-family: tahoma, arial, helvetica, sans-serif;\">Die von den genannten Rebschulen gef\u00fchrten Rotweinsorten \u201eBlauer Frankentaler\u201c (Blaufr\u00e4nkisch) und \u201eSchwarzedler Burgunder\u201c hingegen fanden schon vor Mitte des 19. Jhdts. in Neckenmarkt Verbreitung. Seither hat sich der \u201eBlaufr\u00e4nkische\u201c zur f\u00fchrenden Rotweinmarke \u00d6sterreichs entwickelt.\u00a0Dem Blaufr\u00e4nkischen zur Seite stehen heute Zweigelt, St. Laurent, Syrah, Merlot und Cabernet Sauvignon genauso wie Pinot Noir.<\/span><br \/><span style=\"font-size: 16px; font-family: tahoma, arial, helvetica, sans-serif;\">Aufgrund der Absatzschwierigkeiten der Weintrauben und des Weines in den Jahren 1965-1970 erfolgte 1968 die Gr\u00fcndung der <a href=\"https:\/\/www.neckenmarkt.at\" target=\"_blank\" rel=\"noopener\">Winzergenossenschaft Neckenmarkt.\u00a0<\/a><\/span><\/p>\n<p style=\"text-align: justify;\"><span style=\"font-size: 16px; font-family: tahoma, arial, helvetica, sans-serif;\">Wurden vor Jahrhunderten Neckenmarkter Weine an K\u00f6nigs- und Kaiserh\u00f6fen genossen, ist heute der Wein aus Neckenmarkt dabei, die gesamte Weinwelt zu erobern. Gro\u00dfartige Erfolge bei den verschiedensten Weinmessen auf nationaler und internationaler Ebene best\u00e4tigen deren\u00a0Qualit\u00e4t, wie z.B.\u00a0Landessiegerweine, Salonweine, Salonsieger, Falstaffsieger oder Auszeichnungen auf der Vinitaly, Prowein oder in Chicago.<\/span><\/p>\t\t\t\t\t\t\t\t<\/div>\n\t\t\t\t<\/div>\n\t\t\t\t\t<\/div>\n\t\t<\/div>\n\t\t\t\t\t<\/div>\n\t\t<\/section>\n\t\t\t\t<section class=\"elementor-section elementor-top-section elementor-element elementor-element-0e975b4 elementor-section-boxed elementor-section-height-default elementor-section-height-default\" data-id=\"0e975b4\" data-element_type=\"section\" data-e-type=\"section\">\n\t\t\t\t\t\t<div class=\"elementor-container elementor-column-gap-default\">\n\t\t\t\t\t<div class=\"elementor-column elementor-col-100 elementor-top-column elementor-element elementor-element-698a9d3\" data-id=\"698a9d3\" data-element_type=\"column\" data-e-type=\"column\">\n\t\t\t<div class=\"elementor-widget-wrap\">\n\t\t\t\t\t\t\t<\/div>\n\t\t<\/div>\n\t\t\t\t\t<\/div>\n\t\t<\/section>\n\t\t\t\t<\/div>\n\t\t","protected":false},"excerpt":{"rendered":"<p>Neckenmarkt ist eine bedeutende Rotweinbaugemeinde des Blaufr\u00e4nkischlandes. Die Region hat ihren Namen von der gleichnamigen Rebsorte, die hier seit Jahrhunderten kultiviert wird.\u00a0Basis der guten Weine bilden die schweren Lehmb\u00f6den, die [&hellip;]<\/p>\n","protected":false},"author":1,"featured_media":0,"parent":0,"menu_order":0,"comment_status":"closed","ping_status":"closed","template":"","meta":{"footnotes":""},"class_list":["post-356","page","type-page","status-publish","hentry"],"yoast_head":"<!-- This site is optimized with the Yoast SEO plugin v27.5 - https:\/\/yoast.com\/product\/yoast-seo-wordpress\/ -->\n<title>Geschichtlicher Abriss - Marktgemeinde Neckenmarkt<\/title>\n<meta name=\"robots\" content=\"index, follow, max-snippet:-1, max-image-preview:large, max-video-preview:-1\" \/>\n<link rel=\"canonical\" href=\"https:\/\/www.neckenmarkt.net\/gemeinde\/weinberge\/\" \/>\n<meta property=\"og:locale\" content=\"de_DE\" \/>\n<meta property=\"og:type\" content=\"article\" \/>\n<meta property=\"og:title\" content=\"Geschichtlicher Abriss - Marktgemeinde Neckenmarkt\" \/>\n<meta property=\"og:description\" content=\"Neckenmarkt ist eine bedeutende Rotweinbaugemeinde des Blaufr\u00e4nkischlandes. Die Region hat ihren Namen von der gleichnamigen Rebsorte, die hier seit Jahrhunderten kultiviert wird.\u00a0Basis der guten Weine bilden die schweren Lehmb\u00f6den, die [&hellip;]\" \/>\n<meta property=\"og:url\" content=\"https:\/\/www.neckenmarkt.net\/gemeinde\/weinberge\/\" \/>\n<meta property=\"og:site_name\" content=\"Marktgemeinde Neckenmarkt\" \/>\n<meta property=\"article:modified_time\" content=\"2026-03-21T08:13:00+00:00\" \/>\n<meta name=\"twitter:card\" content=\"summary_large_image\" \/>\n<meta name=\"twitter:label1\" content=\"Gesch\u00e4tzte Lesezeit\" \/>\n\t<meta name=\"twitter:data1\" content=\"3\u00a0Minuten\" \/>\n<script type=\"application\/ld+json\" class=\"yoast-schema-graph\">{\"@context\":\"https:\\\/\\\/schema.org\",\"@graph\":[{\"@type\":\"WebPage\",\"@id\":\"https:\\\/\\\/www.neckenmarkt.net\\\/gemeinde\\\/weinberge\\\/\",\"url\":\"https:\\\/\\\/www.neckenmarkt.net\\\/gemeinde\\\/weinberge\\\/\",\"name\":\"Geschichtlicher Abriss - Marktgemeinde Neckenmarkt\",\"isPartOf\":{\"@id\":\"https:\\\/\\\/www.neckenmarkt.net\\\/gemeinde\\\/#website\"},\"datePublished\":\"2018-09-19T07:09:55+00:00\",\"dateModified\":\"2026-03-21T08:13:00+00:00\",\"breadcrumb\":{\"@id\":\"https:\\\/\\\/www.neckenmarkt.net\\\/gemeinde\\\/weinberge\\\/#breadcrumb\"},\"inLanguage\":\"de\",\"potentialAction\":[{\"@type\":\"ReadAction\",\"target\":[\"https:\\\/\\\/www.neckenmarkt.net\\\/gemeinde\\\/weinberge\\\/\"]}]},{\"@type\":\"BreadcrumbList\",\"@id\":\"https:\\\/\\\/www.neckenmarkt.net\\\/gemeinde\\\/weinberge\\\/#breadcrumb\",\"itemListElement\":[{\"@type\":\"ListItem\",\"position\":1,\"name\":\"Startseite\",\"item\":\"https:\\\/\\\/www.neckenmarkt.net\\\/gemeinde\\\/\"},{\"@type\":\"ListItem\",\"position\":2,\"name\":\"Geschichtlicher Abriss\"}]},{\"@type\":\"WebSite\",\"@id\":\"https:\\\/\\\/www.neckenmarkt.net\\\/gemeinde\\\/#website\",\"url\":\"https:\\\/\\\/www.neckenmarkt.net\\\/gemeinde\\\/\",\"name\":\"Marktgemeinde Neckenmarkt\",\"description\":\"\",\"publisher\":{\"@id\":\"https:\\\/\\\/www.neckenmarkt.net\\\/gemeinde\\\/#organization\"},\"potentialAction\":[{\"@type\":\"SearchAction\",\"target\":{\"@type\":\"EntryPoint\",\"urlTemplate\":\"https:\\\/\\\/www.neckenmarkt.net\\\/gemeinde\\\/?s={search_term_string}\"},\"query-input\":{\"@type\":\"PropertyValueSpecification\",\"valueRequired\":true,\"valueName\":\"search_term_string\"}}],\"inLanguage\":\"de\"},{\"@type\":\"Organization\",\"@id\":\"https:\\\/\\\/www.neckenmarkt.net\\\/gemeinde\\\/#organization\",\"name\":\"Marktgemeinde Neckenmarkt\",\"url\":\"https:\\\/\\\/www.neckenmarkt.net\\\/gemeinde\\\/\",\"logo\":{\"@type\":\"ImageObject\",\"inLanguage\":\"de\",\"@id\":\"https:\\\/\\\/www.neckenmarkt.net\\\/gemeinde\\\/#\\\/schema\\\/logo\\\/image\\\/\",\"url\":\"https:\\\/\\\/www.neckenmarkt.net\\\/gemeinde\\\/wp-content\\\/uploads\\\/2018\\\/12\\\/LogoF-e1547210885414.png\",\"contentUrl\":\"https:\\\/\\\/www.neckenmarkt.net\\\/gemeinde\\\/wp-content\\\/uploads\\\/2018\\\/12\\\/LogoF-e1547210885414.png\",\"width\":58,\"height\":90,\"caption\":\"Marktgemeinde Neckenmarkt\"},\"image\":{\"@id\":\"https:\\\/\\\/www.neckenmarkt.net\\\/gemeinde\\\/#\\\/schema\\\/logo\\\/image\\\/\"},\"sameAs\":[\"https:\\\/\\\/de.wikipedia.org\\\/wiki\\\/Neckenmarkt\"]}]}<\/script>\n<!-- \/ Yoast SEO plugin. -->","yoast_head_json":{"title":"Geschichtlicher Abriss - Marktgemeinde Neckenmarkt","robots":{"index":"index","follow":"follow","max-snippet":"max-snippet:-1","max-image-preview":"max-image-preview:large","max-video-preview":"max-video-preview:-1"},"canonical":"https:\/\/www.neckenmarkt.net\/gemeinde\/weinberge\/","og_locale":"de_DE","og_type":"article","og_title":"Geschichtlicher Abriss - Marktgemeinde Neckenmarkt","og_description":"Neckenmarkt ist eine bedeutende Rotweinbaugemeinde des Blaufr\u00e4nkischlandes. Die Region hat ihren Namen von der gleichnamigen Rebsorte, die hier seit Jahrhunderten kultiviert wird.\u00a0Basis der guten Weine bilden die schweren Lehmb\u00f6den, die [&hellip;]","og_url":"https:\/\/www.neckenmarkt.net\/gemeinde\/weinberge\/","og_site_name":"Marktgemeinde Neckenmarkt","article_modified_time":"2026-03-21T08:13:00+00:00","twitter_card":"summary_large_image","twitter_misc":{"Gesch\u00e4tzte Lesezeit":"3\u00a0Minuten"},"schema":{"@context":"https:\/\/schema.org","@graph":[{"@type":"WebPage","@id":"https:\/\/www.neckenmarkt.net\/gemeinde\/weinberge\/","url":"https:\/\/www.neckenmarkt.net\/gemeinde\/weinberge\/","name":"Geschichtlicher Abriss - Marktgemeinde Neckenmarkt","isPartOf":{"@id":"https:\/\/www.neckenmarkt.net\/gemeinde\/#website"},"datePublished":"2018-09-19T07:09:55+00:00","dateModified":"2026-03-21T08:13:00+00:00","breadcrumb":{"@id":"https:\/\/www.neckenmarkt.net\/gemeinde\/weinberge\/#breadcrumb"},"inLanguage":"de","potentialAction":[{"@type":"ReadAction","target":["https:\/\/www.neckenmarkt.net\/gemeinde\/weinberge\/"]}]},{"@type":"BreadcrumbList","@id":"https:\/\/www.neckenmarkt.net\/gemeinde\/weinberge\/#breadcrumb","itemListElement":[{"@type":"ListItem","position":1,"name":"Startseite","item":"https:\/\/www.neckenmarkt.net\/gemeinde\/"},{"@type":"ListItem","position":2,"name":"Geschichtlicher Abriss"}]},{"@type":"WebSite","@id":"https:\/\/www.neckenmarkt.net\/gemeinde\/#website","url":"https:\/\/www.neckenmarkt.net\/gemeinde\/","name":"Marktgemeinde Neckenmarkt","description":"","publisher":{"@id":"https:\/\/www.neckenmarkt.net\/gemeinde\/#organization"},"potentialAction":[{"@type":"SearchAction","target":{"@type":"EntryPoint","urlTemplate":"https:\/\/www.neckenmarkt.net\/gemeinde\/?s={search_term_string}"},"query-input":{"@type":"PropertyValueSpecification","valueRequired":true,"valueName":"search_term_string"}}],"inLanguage":"de"},{"@type":"Organization","@id":"https:\/\/www.neckenmarkt.net\/gemeinde\/#organization","name":"Marktgemeinde Neckenmarkt","url":"https:\/\/www.neckenmarkt.net\/gemeinde\/","logo":{"@type":"ImageObject","inLanguage":"de","@id":"https:\/\/www.neckenmarkt.net\/gemeinde\/#\/schema\/logo\/image\/","url":"https:\/\/www.neckenmarkt.net\/gemeinde\/wp-content\/uploads\/2018\/12\/LogoF-e1547210885414.png","contentUrl":"https:\/\/www.neckenmarkt.net\/gemeinde\/wp-content\/uploads\/2018\/12\/LogoF-e1547210885414.png","width":58,"height":90,"caption":"Marktgemeinde Neckenmarkt"},"image":{"@id":"https:\/\/www.neckenmarkt.net\/gemeinde\/#\/schema\/logo\/image\/"},"sameAs":["https:\/\/de.wikipedia.org\/wiki\/Neckenmarkt"]}]}},"_links":{"self":[{"href":"https:\/\/www.neckenmarkt.net\/gemeinde\/wp-json\/wp\/v2\/pages\/356","targetHints":{"allow":["GET"]}}],"collection":[{"href":"https:\/\/www.neckenmarkt.net\/gemeinde\/wp-json\/wp\/v2\/pages"}],"about":[{"href":"https:\/\/www.neckenmarkt.net\/gemeinde\/wp-json\/wp\/v2\/types\/page"}],"author":[{"embeddable":true,"href":"https:\/\/www.neckenmarkt.net\/gemeinde\/wp-json\/wp\/v2\/users\/1"}],"replies":[{"embeddable":true,"href":"https:\/\/www.neckenmarkt.net\/gemeinde\/wp-json\/wp\/v2\/comments?post=356"}],"version-history":[{"count":3,"href":"https:\/\/www.neckenmarkt.net\/gemeinde\/wp-json\/wp\/v2\/pages\/356\/revisions"}],"predecessor-version":[{"id":90190,"href":"https:\/\/www.neckenmarkt.net\/gemeinde\/wp-json\/wp\/v2\/pages\/356\/revisions\/90190"}],"wp:attachment":[{"href":"https:\/\/www.neckenmarkt.net\/gemeinde\/wp-json\/wp\/v2\/media?parent=356"}],"curies":[{"name":"wp","href":"https:\/\/api.w.org\/{rel}","templated":true}]}}