{"id":387,"date":"2018-09-19T09:34:30","date_gmt":"2018-09-19T07:34:30","guid":{"rendered":"http:\/\/www.neckenmarkt.net\/gemeinde\/?page_id=387"},"modified":"2021-02-18T16:11:29","modified_gmt":"2021-02-18T15:11:29","slug":"vinothek","status":"publish","type":"page","link":"https:\/\/www.neckenmarkt.net\/gemeinde\/vinothek\/","title":{"rendered":"Vinothek"},"content":{"rendered":"\t\t<div data-elementor-type=\"wp-post\" data-elementor-id=\"387\" class=\"elementor elementor-387\">\n\t\t\t\t\t\t<section class=\"elementor-section elementor-top-section elementor-element elementor-element-977f3fb elementor-section-full_width elementor-section-height-default elementor-section-height-default\" data-id=\"977f3fb\" data-element_type=\"section\" data-e-type=\"section\">\n\t\t\t\t\t\t<div class=\"elementor-container elementor-column-gap-default\">\n\t\t\t\t\t<div class=\"elementor-column elementor-col-100 elementor-top-column elementor-element elementor-element-25dfbc8\" data-id=\"25dfbc8\" data-element_type=\"column\" data-e-type=\"column\">\n\t\t\t<div class=\"elementor-widget-wrap elementor-element-populated\">\n\t\t\t\t\t\t<div class=\"elementor-element elementor-element-0b53697 elementor-widget elementor-widget-image\" data-id=\"0b53697\" data-element_type=\"widget\" data-e-type=\"widget\" data-widget_type=\"image.default\">\n\t\t\t\t<div class=\"elementor-widget-container\">\n\t\t\t\t\t\t\t\t\t\t\t\t\t\t\t<img fetchpriority=\"high\" decoding=\"async\" width=\"648\" height=\"171\" src=\"https:\/\/www.neckenmarkt.net\/gemeinde\/wp-content\/uploads\/2019\/01\/Vinothek.jpg\" class=\"attachment-large size-large wp-image-6146\" alt=\"\" srcset=\"https:\/\/www.neckenmarkt.net\/gemeinde\/wp-content\/uploads\/2019\/01\/Vinothek.jpg 1000w, https:\/\/www.neckenmarkt.net\/gemeinde\/wp-content\/uploads\/2019\/01\/Vinothek-300x79.jpg 300w, https:\/\/www.neckenmarkt.net\/gemeinde\/wp-content\/uploads\/2019\/01\/Vinothek-768x203.jpg 768w\" sizes=\"(max-width: 648px) 100vw, 648px\" \/>\t\t\t\t\t\t\t\t\t\t\t\t\t\t\t<\/div>\n\t\t\t\t<\/div>\n\t\t\t\t\t<\/div>\n\t\t<\/div>\n\t\t\t\t\t<\/div>\n\t\t<\/section>\n\t\t\t\t<section class=\"elementor-section elementor-top-section elementor-element elementor-element-eddfb70 elementor-section-full_width elementor-section-height-default elementor-section-height-default\" data-id=\"eddfb70\" data-element_type=\"section\" data-e-type=\"section\">\n\t\t\t\t\t\t<div class=\"elementor-container elementor-column-gap-default\">\n\t\t\t\t\t<div class=\"elementor-column elementor-col-100 elementor-top-column elementor-element elementor-element-a0dc6ca\" data-id=\"a0dc6ca\" data-element_type=\"column\" data-e-type=\"column\">\n\t\t\t<div class=\"elementor-widget-wrap elementor-element-populated\">\n\t\t\t\t\t\t<div class=\"elementor-element elementor-element-f5fa14f elementor-widget elementor-widget-text-editor\" data-id=\"f5fa14f\" data-element_type=\"widget\" data-e-type=\"widget\" data-widget_type=\"text-editor.default\">\n\t\t\t\t<div class=\"elementor-widget-container\">\n\t\t\t\t\t\t\t\t\t<p>\u00a0<\/p>\n<p style=\"text-align: justify;\"><span style=\"font-size: 16px; font-family: tahoma, arial, helvetica, sans-serif;\"><strong>Verkosten und genie\u00dfen&#8230;<\/strong><\/span><\/p>\n<p>\u00a0<\/p>\n<p style=\"text-align: justify;\"><span style=\"font-size: 16px; font-family: tahoma, arial, helvetica, sans-serif;\">In der Vinothek finden Sie die besten Weine und Weinrarit\u00e4ten der Winzer der Gemeinde\u00a0Neckenmarkt sowie verschiedene Accessoires und Geschenksideen.<\/span><br \/><span style=\"font-size: 16px; font-family: tahoma, arial, helvetica, sans-serif;\">Der alte Gew\u00f6lbekeller des ehemaligen Rathauses und das moderne Interieur erzeugen eine Atmosph\u00e4re, die zum Bleiben und Verkosten der Weine einl\u00e4dt.<\/span><br \/><span style=\"font-size: 16px; font-family: tahoma, arial, helvetica, sans-serif;\">Der Flaschenweinverkauf in der Vinothek erfolgt selbstverst\u00e4ndlich zu Ab-Hof-Preisen.\u00a0<\/span><\/p>\t\t\t\t\t\t\t\t<\/div>\n\t\t\t\t<\/div>\n\t\t\t\t\t<\/div>\n\t\t<\/div>\n\t\t\t\t\t<\/div>\n\t\t<\/section>\n\t\t\t\t<section class=\"elementor-section elementor-top-section elementor-element elementor-element-21ef60e elementor-section-full_width elementor-section-height-default elementor-section-height-default\" data-id=\"21ef60e\" data-element_type=\"section\" data-e-type=\"section\">\n\t\t\t\t\t\t<div class=\"elementor-container elementor-column-gap-default\">\n\t\t\t\t\t<div class=\"elementor-column elementor-col-100 elementor-top-column elementor-element elementor-element-0140571\" data-id=\"0140571\" data-element_type=\"column\" data-e-type=\"column\">\n\t\t\t<div class=\"elementor-widget-wrap elementor-element-populated\">\n\t\t\t\t\t\t<div class=\"elementor-element elementor-element-b429c9a elementor-widget elementor-widget-image\" data-id=\"b429c9a\" data-element_type=\"widget\" data-e-type=\"widget\" data-widget_type=\"image.default\">\n\t\t\t\t<div class=\"elementor-widget-container\">\n\t\t\t\t\t\t\t\t\t\t\t\t\t\t\t<img decoding=\"async\" width=\"300\" height=\"140\" src=\"https:\/\/www.neckenmarkt.net\/gemeinde\/wp-content\/uploads\/2018\/09\/Vinothek2-e1541531372972-300x140.jpg\" class=\"attachment-medium size-medium wp-image-392\" alt=\"\" srcset=\"https:\/\/www.neckenmarkt.net\/gemeinde\/wp-content\/uploads\/2018\/09\/Vinothek2-e1541531372972-300x140.jpg 300w, https:\/\/www.neckenmarkt.net\/gemeinde\/wp-content\/uploads\/2018\/09\/Vinothek2-e1541531372972.jpg 642w\" sizes=\"(max-width: 300px) 100vw, 300px\" \/>\t\t\t\t\t\t\t\t\t\t\t\t\t\t\t<\/div>\n\t\t\t\t<\/div>\n\t\t\t\t\t<\/div>\n\t\t<\/div>\n\t\t\t\t\t<\/div>\n\t\t<\/section>\n\t\t\t\t<section class=\"elementor-section elementor-top-section elementor-element elementor-element-6a6deab elementor-section-full_width elementor-section-height-default elementor-section-height-default\" data-id=\"6a6deab\" data-element_type=\"section\" data-e-type=\"section\">\n\t\t\t\t\t\t<div class=\"elementor-container elementor-column-gap-default\">\n\t\t\t\t\t<div class=\"elementor-column elementor-col-100 elementor-top-column elementor-element elementor-element-47fe9a7\" data-id=\"47fe9a7\" data-element_type=\"column\" data-e-type=\"column\">\n\t\t\t<div class=\"elementor-widget-wrap elementor-element-populated\">\n\t\t\t\t\t\t<div class=\"elementor-element elementor-element-ff390fa elementor-widget elementor-widget-text-editor\" data-id=\"ff390fa\" data-element_type=\"widget\" data-e-type=\"widget\" data-widget_type=\"text-editor.default\">\n\t\t\t\t<div class=\"elementor-widget-container\">\n\t\t\t\t\t\t\t\t\t<p style=\"text-align: center;\"><span style=\"font-size: 14px; font-family: tahoma, arial, helvetica, sans-serif;\">F\u00fcr n\u00e4here Infos bitte<a href=\"http:\/\/www.wbv-neckenmarkt.at\/index.php?id=11\"> HIER klicken&#8230;<\/a>\u00a0 \u00a0<\/span><\/p>\n<p>\u00a0<\/p>\n<p><span style=\"font-size: 14px; font-family: tahoma, arial, helvetica, sans-serif;\">Kontakt:\u00a0 \u00a0 \u00a0 Alexandra Schlaffer<\/span><br \/><span style=\"font-size: 14px; font-family: tahoma, arial, helvetica, sans-serif;\"><strong>\u00a0 \u00a0 \u00a0 \u00a0 \u00a0 \u00a0 \u00a0 \u00a0 \u00a0<\/strong>\u00a0 Rathausgasse 1<\/span><br \/><span style=\"font-size: 14px; font-family: tahoma, arial, helvetica, sans-serif;\">\u00a0 \u00a0 \u00a0 \u00a0 \u00a0 \u00a0 \u00a0 \u00a0 \u00a0 7311 Neckenmarkt<br \/><\/span><br \/><span style=\"font-size: 14px; font-family: tahoma, arial, helvetica, sans-serif;\">Tel:\u00a0\u00a0 \u00a0 \u00a0 \u00a0 \u00a0 \u00a0+43 (0)2610 422 63 16\u00a0(zu den B\u00fcro\u00f6ffnungszeiten)<\/span><br \/><span style=\"font-size: 14px; font-family: tahoma, arial, helvetica, sans-serif;\">Mobil:\u00a0\u00a0 \u00a0 \u00a0 \u00a0 +43 (0)664 52 16 465<br \/><\/span><span style=\"font-size: 14px; font-family: tahoma, arial, helvetica, sans-serif;\">Email:\u00a0\u00a0 \u00a0 \u00a0 \u00a0 <a href=\"mailto:vinothek.neckenmarkt@schlaffer.co.at\">vinothek.neckenmarkt@schlaffer.co.at<\/a><\/span><\/p>\t\t\t\t\t\t\t\t<\/div>\n\t\t\t\t<\/div>\n\t\t\t\t\t<\/div>\n\t\t<\/div>\n\t\t\t\t\t<\/div>\n\t\t<\/section>\n\t\t\t\t<\/div>\n\t\t","protected":false},"excerpt":{"rendered":"<p>\u00a0 Verkosten und genie\u00dfen&#8230; \u00a0 In der Vinothek finden Sie die besten Weine und Weinrarit\u00e4ten der Winzer der Gemeinde\u00a0Neckenmarkt sowie verschiedene Accessoires und Geschenksideen.Der alte Gew\u00f6lbekeller des ehemaligen Rathauses und [&hellip;]<\/p>\n","protected":false},"author":1,"featured_media":0,"parent":0,"menu_order":0,"comment_status":"closed","ping_status":"closed","template":"","meta":{"footnotes":""},"class_list":["post-387","page","type-page","status-publish","hentry"],"yoast_head":"<!-- This site is optimized with the Yoast SEO plugin v27.5 - https:\/\/yoast.com\/product\/yoast-seo-wordpress\/ -->\n<title>Vinothek - Marktgemeinde Neckenmarkt<\/title>\n<meta name=\"robots\" content=\"index, follow, max-snippet:-1, max-image-preview:large, max-video-preview:-1\" \/>\n<link rel=\"canonical\" href=\"https:\/\/www.neckenmarkt.net\/gemeinde\/vinothek\/\" \/>\n<meta property=\"og:locale\" content=\"de_DE\" \/>\n<meta property=\"og:type\" content=\"article\" \/>\n<meta property=\"og:title\" content=\"Vinothek - Marktgemeinde Neckenmarkt\" \/>\n<meta property=\"og:description\" content=\"\u00a0 Verkosten und genie\u00dfen&#8230; \u00a0 In der Vinothek finden Sie die besten Weine und Weinrarit\u00e4ten der Winzer der Gemeinde\u00a0Neckenmarkt sowie verschiedene Accessoires und Geschenksideen.Der alte Gew\u00f6lbekeller des ehemaligen Rathauses und [&hellip;]\" \/>\n<meta property=\"og:url\" content=\"https:\/\/www.neckenmarkt.net\/gemeinde\/vinothek\/\" \/>\n<meta property=\"og:site_name\" content=\"Marktgemeinde Neckenmarkt\" \/>\n<meta property=\"article:modified_time\" content=\"2021-02-18T15:11:29+00:00\" \/>\n<meta property=\"og:image\" content=\"http:\/\/www.neckenmarkt.net\/gemeinde\/wp-content\/uploads\/2019\/01\/Vinothek.jpg\" \/>\n<meta name=\"twitter:card\" content=\"summary_large_image\" \/>\n<meta name=\"twitter:label1\" content=\"Gesch\u00e4tzte Lesezeit\" \/>\n\t<meta name=\"twitter:data1\" content=\"1\u00a0Minute\" \/>\n<script type=\"application\/ld+json\" class=\"yoast-schema-graph\">{\"@context\":\"https:\\\/\\\/schema.org\",\"@graph\":[{\"@type\":\"WebPage\",\"@id\":\"https:\\\/\\\/www.neckenmarkt.net\\\/gemeinde\\\/vinothek\\\/\",\"url\":\"https:\\\/\\\/www.neckenmarkt.net\\\/gemeinde\\\/vinothek\\\/\",\"name\":\"Vinothek - Marktgemeinde Neckenmarkt\",\"isPartOf\":{\"@id\":\"https:\\\/\\\/www.neckenmarkt.net\\\/gemeinde\\\/#website\"},\"primaryImageOfPage\":{\"@id\":\"https:\\\/\\\/www.neckenmarkt.net\\\/gemeinde\\\/vinothek\\\/#primaryimage\"},\"image\":{\"@id\":\"https:\\\/\\\/www.neckenmarkt.net\\\/gemeinde\\\/vinothek\\\/#primaryimage\"},\"thumbnailUrl\":\"http:\\\/\\\/www.neckenmarkt.net\\\/gemeinde\\\/wp-content\\\/uploads\\\/2019\\\/01\\\/Vinothek.jpg\",\"datePublished\":\"2018-09-19T07:34:30+00:00\",\"dateModified\":\"2021-02-18T15:11:29+00:00\",\"breadcrumb\":{\"@id\":\"https:\\\/\\\/www.neckenmarkt.net\\\/gemeinde\\\/vinothek\\\/#breadcrumb\"},\"inLanguage\":\"de\",\"potentialAction\":[{\"@type\":\"ReadAction\",\"target\":[\"https:\\\/\\\/www.neckenmarkt.net\\\/gemeinde\\\/vinothek\\\/\"]}]},{\"@type\":\"ImageObject\",\"inLanguage\":\"de\",\"@id\":\"https:\\\/\\\/www.neckenmarkt.net\\\/gemeinde\\\/vinothek\\\/#primaryimage\",\"url\":\"https:\\\/\\\/www.neckenmarkt.net\\\/gemeinde\\\/wp-content\\\/uploads\\\/2019\\\/01\\\/Vinothek.jpg\",\"contentUrl\":\"https:\\\/\\\/www.neckenmarkt.net\\\/gemeinde\\\/wp-content\\\/uploads\\\/2019\\\/01\\\/Vinothek.jpg\",\"width\":1000,\"height\":264},{\"@type\":\"BreadcrumbList\",\"@id\":\"https:\\\/\\\/www.neckenmarkt.net\\\/gemeinde\\\/vinothek\\\/#breadcrumb\",\"itemListElement\":[{\"@type\":\"ListItem\",\"position\":1,\"name\":\"Startseite\",\"item\":\"https:\\\/\\\/www.neckenmarkt.net\\\/gemeinde\\\/\"},{\"@type\":\"ListItem\",\"position\":2,\"name\":\"Vinothek\"}]},{\"@type\":\"WebSite\",\"@id\":\"https:\\\/\\\/www.neckenmarkt.net\\\/gemeinde\\\/#website\",\"url\":\"https:\\\/\\\/www.neckenmarkt.net\\\/gemeinde\\\/\",\"name\":\"Marktgemeinde Neckenmarkt\",\"description\":\"\",\"publisher\":{\"@id\":\"https:\\\/\\\/www.neckenmarkt.net\\\/gemeinde\\\/#organization\"},\"potentialAction\":[{\"@type\":\"SearchAction\",\"target\":{\"@type\":\"EntryPoint\",\"urlTemplate\":\"https:\\\/\\\/www.neckenmarkt.net\\\/gemeinde\\\/?s={search_term_string}\"},\"query-input\":{\"@type\":\"PropertyValueSpecification\",\"valueRequired\":true,\"valueName\":\"search_term_string\"}}],\"inLanguage\":\"de\"},{\"@type\":\"Organization\",\"@id\":\"https:\\\/\\\/www.neckenmarkt.net\\\/gemeinde\\\/#organization\",\"name\":\"Marktgemeinde Neckenmarkt\",\"url\":\"https:\\\/\\\/www.neckenmarkt.net\\\/gemeinde\\\/\",\"logo\":{\"@type\":\"ImageObject\",\"inLanguage\":\"de\",\"@id\":\"https:\\\/\\\/www.neckenmarkt.net\\\/gemeinde\\\/#\\\/schema\\\/logo\\\/image\\\/\",\"url\":\"https:\\\/\\\/www.neckenmarkt.net\\\/gemeinde\\\/wp-content\\\/uploads\\\/2018\\\/12\\\/LogoF-e1547210885414.png\",\"contentUrl\":\"https:\\\/\\\/www.neckenmarkt.net\\\/gemeinde\\\/wp-content\\\/uploads\\\/2018\\\/12\\\/LogoF-e1547210885414.png\",\"width\":58,\"height\":90,\"caption\":\"Marktgemeinde Neckenmarkt\"},\"image\":{\"@id\":\"https:\\\/\\\/www.neckenmarkt.net\\\/gemeinde\\\/#\\\/schema\\\/logo\\\/image\\\/\"},\"sameAs\":[\"https:\\\/\\\/de.wikipedia.org\\\/wiki\\\/Neckenmarkt\"]}]}<\/script>\n<!-- \/ Yoast SEO plugin. -->","yoast_head_json":{"title":"Vinothek - Marktgemeinde Neckenmarkt","robots":{"index":"index","follow":"follow","max-snippet":"max-snippet:-1","max-image-preview":"max-image-preview:large","max-video-preview":"max-video-preview:-1"},"canonical":"https:\/\/www.neckenmarkt.net\/gemeinde\/vinothek\/","og_locale":"de_DE","og_type":"article","og_title":"Vinothek - Marktgemeinde Neckenmarkt","og_description":"\u00a0 Verkosten und genie\u00dfen&#8230; \u00a0 In der Vinothek finden Sie die besten Weine und Weinrarit\u00e4ten der Winzer der Gemeinde\u00a0Neckenmarkt sowie verschiedene Accessoires und Geschenksideen.Der alte Gew\u00f6lbekeller des ehemaligen Rathauses und [&hellip;]","og_url":"https:\/\/www.neckenmarkt.net\/gemeinde\/vinothek\/","og_site_name":"Marktgemeinde Neckenmarkt","article_modified_time":"2021-02-18T15:11:29+00:00","og_image":[{"url":"http:\/\/www.neckenmarkt.net\/gemeinde\/wp-content\/uploads\/2019\/01\/Vinothek.jpg","type":"","width":"","height":""}],"twitter_card":"summary_large_image","twitter_misc":{"Gesch\u00e4tzte Lesezeit":"1\u00a0Minute"},"schema":{"@context":"https:\/\/schema.org","@graph":[{"@type":"WebPage","@id":"https:\/\/www.neckenmarkt.net\/gemeinde\/vinothek\/","url":"https:\/\/www.neckenmarkt.net\/gemeinde\/vinothek\/","name":"Vinothek - Marktgemeinde Neckenmarkt","isPartOf":{"@id":"https:\/\/www.neckenmarkt.net\/gemeinde\/#website"},"primaryImageOfPage":{"@id":"https:\/\/www.neckenmarkt.net\/gemeinde\/vinothek\/#primaryimage"},"image":{"@id":"https:\/\/www.neckenmarkt.net\/gemeinde\/vinothek\/#primaryimage"},"thumbnailUrl":"http:\/\/www.neckenmarkt.net\/gemeinde\/wp-content\/uploads\/2019\/01\/Vinothek.jpg","datePublished":"2018-09-19T07:34:30+00:00","dateModified":"2021-02-18T15:11:29+00:00","breadcrumb":{"@id":"https:\/\/www.neckenmarkt.net\/gemeinde\/vinothek\/#breadcrumb"},"inLanguage":"de","potentialAction":[{"@type":"ReadAction","target":["https:\/\/www.neckenmarkt.net\/gemeinde\/vinothek\/"]}]},{"@type":"ImageObject","inLanguage":"de","@id":"https:\/\/www.neckenmarkt.net\/gemeinde\/vinothek\/#primaryimage","url":"https:\/\/www.neckenmarkt.net\/gemeinde\/wp-content\/uploads\/2019\/01\/Vinothek.jpg","contentUrl":"https:\/\/www.neckenmarkt.net\/gemeinde\/wp-content\/uploads\/2019\/01\/Vinothek.jpg","width":1000,"height":264},{"@type":"BreadcrumbList","@id":"https:\/\/www.neckenmarkt.net\/gemeinde\/vinothek\/#breadcrumb","itemListElement":[{"@type":"ListItem","position":1,"name":"Startseite","item":"https:\/\/www.neckenmarkt.net\/gemeinde\/"},{"@type":"ListItem","position":2,"name":"Vinothek"}]},{"@type":"WebSite","@id":"https:\/\/www.neckenmarkt.net\/gemeinde\/#website","url":"https:\/\/www.neckenmarkt.net\/gemeinde\/","name":"Marktgemeinde Neckenmarkt","description":"","publisher":{"@id":"https:\/\/www.neckenmarkt.net\/gemeinde\/#organization"},"potentialAction":[{"@type":"SearchAction","target":{"@type":"EntryPoint","urlTemplate":"https:\/\/www.neckenmarkt.net\/gemeinde\/?s={search_term_string}"},"query-input":{"@type":"PropertyValueSpecification","valueRequired":true,"valueName":"search_term_string"}}],"inLanguage":"de"},{"@type":"Organization","@id":"https:\/\/www.neckenmarkt.net\/gemeinde\/#organization","name":"Marktgemeinde Neckenmarkt","url":"https:\/\/www.neckenmarkt.net\/gemeinde\/","logo":{"@type":"ImageObject","inLanguage":"de","@id":"https:\/\/www.neckenmarkt.net\/gemeinde\/#\/schema\/logo\/image\/","url":"https:\/\/www.neckenmarkt.net\/gemeinde\/wp-content\/uploads\/2018\/12\/LogoF-e1547210885414.png","contentUrl":"https:\/\/www.neckenmarkt.net\/gemeinde\/wp-content\/uploads\/2018\/12\/LogoF-e1547210885414.png","width":58,"height":90,"caption":"Marktgemeinde Neckenmarkt"},"image":{"@id":"https:\/\/www.neckenmarkt.net\/gemeinde\/#\/schema\/logo\/image\/"},"sameAs":["https:\/\/de.wikipedia.org\/wiki\/Neckenmarkt"]}]}},"_links":{"self":[{"href":"https:\/\/www.neckenmarkt.net\/gemeinde\/wp-json\/wp\/v2\/pages\/387","targetHints":{"allow":["GET"]}}],"collection":[{"href":"https:\/\/www.neckenmarkt.net\/gemeinde\/wp-json\/wp\/v2\/pages"}],"about":[{"href":"https:\/\/www.neckenmarkt.net\/gemeinde\/wp-json\/wp\/v2\/types\/page"}],"author":[{"embeddable":true,"href":"https:\/\/www.neckenmarkt.net\/gemeinde\/wp-json\/wp\/v2\/users\/1"}],"replies":[{"embeddable":true,"href":"https:\/\/www.neckenmarkt.net\/gemeinde\/wp-json\/wp\/v2\/comments?post=387"}],"version-history":[{"count":0,"href":"https:\/\/www.neckenmarkt.net\/gemeinde\/wp-json\/wp\/v2\/pages\/387\/revisions"}],"wp:attachment":[{"href":"https:\/\/www.neckenmarkt.net\/gemeinde\/wp-json\/wp\/v2\/media?parent=387"}],"curies":[{"name":"wp","href":"https:\/\/api.w.org\/{rel}","templated":true}]}}