{"id":454,"date":"2018-09-20T16:15:46","date_gmt":"2018-09-20T14:15:46","guid":{"rendered":"http:\/\/www.neckenmarkt.net\/gemeinde\/?page_id=454"},"modified":"2020-08-31T18:08:31","modified_gmt":"2020-08-31T16:08:31","slug":"annakapelle","status":"publish","type":"page","link":"https:\/\/www.neckenmarkt.net\/gemeinde\/annakapelle\/","title":{"rendered":"Kapellen"},"content":{"rendered":"\t\t<div data-elementor-type=\"wp-post\" data-elementor-id=\"454\" class=\"elementor elementor-454\">\n\t\t\t\t\t\t<section class=\"elementor-section elementor-top-section elementor-element elementor-element-5c56141 elementor-section-full_width elementor-section-height-default elementor-section-height-default\" data-id=\"5c56141\" data-element_type=\"section\" data-e-type=\"section\">\n\t\t\t\t\t\t<div class=\"elementor-container elementor-column-gap-default\">\n\t\t\t\t\t<div class=\"elementor-column elementor-col-100 elementor-top-column elementor-element elementor-element-8f4b849\" data-id=\"8f4b849\" data-element_type=\"column\" data-e-type=\"column\">\n\t\t\t<div class=\"elementor-widget-wrap elementor-element-populated\">\n\t\t\t\t\t\t<div class=\"elementor-element elementor-element-176b38e elementor-widget elementor-widget-image\" data-id=\"176b38e\" data-element_type=\"widget\" data-e-type=\"widget\" data-widget_type=\"image.default\">\n\t\t\t\t<div class=\"elementor-widget-container\">\n\t\t\t\t\t\t\t\t\t\t\t\t\t\t\t<img decoding=\"async\" src=\"https:\/\/www.neckenmarkt.net\/gemeinde\/wp-content\/uploads\/2018\/11\/Donatuskapelle.jpg\" title=\"\" alt=\"\" loading=\"lazy\" \/>\t\t\t\t\t\t\t\t\t\t\t\t\t\t\t<\/div>\n\t\t\t\t<\/div>\n\t\t\t\t\t<\/div>\n\t\t<\/div>\n\t\t\t\t\t<\/div>\n\t\t<\/section>\n\t\t\t\t<section class=\"elementor-section elementor-top-section elementor-element elementor-element-787c87f elementor-section-full_width elementor-section-height-default elementor-section-height-default\" data-id=\"787c87f\" data-element_type=\"section\" data-e-type=\"section\">\n\t\t\t\t\t\t<div class=\"elementor-container elementor-column-gap-default\">\n\t\t\t\t\t<div class=\"elementor-column elementor-col-100 elementor-top-column elementor-element elementor-element-bc56d4f\" data-id=\"bc56d4f\" data-element_type=\"column\" data-e-type=\"column\">\n\t\t\t<div class=\"elementor-widget-wrap elementor-element-populated\">\n\t\t\t\t\t\t<div class=\"elementor-element elementor-element-4b69e6f elementor-widget elementor-widget-text-editor\" data-id=\"4b69e6f\" data-element_type=\"widget\" data-e-type=\"widget\" data-widget_type=\"text-editor.default\">\n\t\t\t\t<div class=\"elementor-widget-container\">\n\t\t\t\t\t\t\t\t\t<p style=\"text-align: justify;\"><span style=\"font-size: 14px; font-family: tahoma, arial, helvetica, sans-serif;\">Die<span style=\"color: #ac2424;\"> <strong>Kapelle zu Ehren des heiligen Donatus<\/strong> <\/span>wird im Volksmund Weingartenkapelle genannt. Sie wurde 1735 unter Abtpfarrer Johannes Rohrer errichtet. Johannes Rohrer ist am 28. August 1671 in Neckenmarkt geboren worden. Als Pfarrer wirkte er in Neckenmarkt von 1702 bis 1740.<\/span><br \/><span style=\"font-size: 14px; font-family: tahoma, arial, helvetica, sans-serif;\">Das jetzige Altarbild stellt die Himmelfahrt Christi dar. Es wurde 1964 vom akademischen Maler Karl Engel gemalt. Das vorhergehende Altarbild wurde von den Russen zerst\u00f6rt. Es stellt ebenfalls die Himmelfahrt Christi dar. Im Jahr 1999 hat es der Weinbauverein Neckenmarkt renovieren lassen und h\u00e4ngt nun an der linken Seitenwand im Innenraum der Kapelle.<\/span><\/p>\t\t\t\t\t\t\t\t<\/div>\n\t\t\t\t<\/div>\n\t\t\t\t\t<\/div>\n\t\t<\/div>\n\t\t\t\t\t<\/div>\n\t\t<\/section>\n\t\t\t\t<section class=\"elementor-section elementor-top-section elementor-element elementor-element-7799a6c elementor-section-boxed elementor-section-height-default elementor-section-height-default\" data-id=\"7799a6c\" data-element_type=\"section\" data-e-type=\"section\">\n\t\t\t\t\t\t<div class=\"elementor-container elementor-column-gap-default\">\n\t\t\t\t\t<div class=\"elementor-column elementor-col-100 elementor-top-column elementor-element elementor-element-5b9f48a\" data-id=\"5b9f48a\" data-element_type=\"column\" data-e-type=\"column\">\n\t\t\t<div class=\"elementor-widget-wrap elementor-element-populated\">\n\t\t\t\t\t\t<div class=\"elementor-element elementor-element-f9d2f24 elementor-widget-divider--view-line elementor-widget elementor-widget-divider\" data-id=\"f9d2f24\" data-element_type=\"widget\" data-e-type=\"widget\" data-widget_type=\"divider.default\">\n\t\t\t\t<div class=\"elementor-widget-container\">\n\t\t\t\t\t\t\t<div class=\"elementor-divider\">\n\t\t\t<span class=\"elementor-divider-separator\">\n\t\t\t\t\t\t<\/span>\n\t\t<\/div>\n\t\t\t\t\t\t<\/div>\n\t\t\t\t<\/div>\n\t\t\t\t\t<\/div>\n\t\t<\/div>\n\t\t\t\t\t<\/div>\n\t\t<\/section>\n\t\t\t\t<section class=\"elementor-section elementor-top-section elementor-element elementor-element-821fe8f elementor-section-full_width elementor-section-height-default elementor-section-height-default\" data-id=\"821fe8f\" data-element_type=\"section\" data-e-type=\"section\">\n\t\t\t\t\t\t<div class=\"elementor-container elementor-column-gap-default\">\n\t\t\t\t\t<div class=\"elementor-column elementor-col-100 elementor-top-column elementor-element elementor-element-91d35e4\" data-id=\"91d35e4\" data-element_type=\"column\" data-e-type=\"column\">\n\t\t\t<div class=\"elementor-widget-wrap elementor-element-populated\">\n\t\t\t\t\t\t<div class=\"elementor-element elementor-element-dc9a9f9 elementor-widget elementor-widget-text-editor\" data-id=\"dc9a9f9\" data-element_type=\"widget\" data-e-type=\"widget\" data-widget_type=\"text-editor.default\">\n\t\t\t\t<div class=\"elementor-widget-container\">\n\t\t\t\t\t\t\t\t\t<p><span style=\"color: #ac2424;\"><strong><span style=\"font-family: tahoma, arial, helvetica, sans-serif; font-size: 14px;\">Kapelle zu Ehren der heiligen Anna<\/span><\/strong><\/span><\/p>\t\t\t\t\t\t\t\t<\/div>\n\t\t\t\t<\/div>\n\t\t\t\t\t<\/div>\n\t\t<\/div>\n\t\t\t\t\t<\/div>\n\t\t<\/section>\n\t\t\t\t<section class=\"elementor-section elementor-top-section elementor-element elementor-element-401ba6e elementor-section-full_width elementor-section-height-default elementor-section-height-default\" data-id=\"401ba6e\" data-element_type=\"section\" data-e-type=\"section\">\n\t\t\t\t\t\t<div class=\"elementor-container elementor-column-gap-default\">\n\t\t\t\t\t<div class=\"elementor-column elementor-col-50 elementor-top-column elementor-element elementor-element-76246a9\" data-id=\"76246a9\" data-element_type=\"column\" data-e-type=\"column\">\n\t\t\t<div class=\"elementor-widget-wrap elementor-element-populated\">\n\t\t\t\t\t\t<div class=\"elementor-element elementor-element-c468dce elementor-widget elementor-widget-text-editor\" data-id=\"c468dce\" data-element_type=\"widget\" data-e-type=\"widget\" data-widget_type=\"text-editor.default\">\n\t\t\t\t<div class=\"elementor-widget-container\">\n\t\t\t\t\t\t\t\t\t<h2 class=\"elementor-heading-title elementor-size-default elementor-inline-editing pen\" contenteditable=\"true\" data-elementor-setting-key=\"title\" data-pen-placeholder=\"Eingabe hier...\">\u00a0<\/h2>\n<p class=\"MsoNormal\" style=\"text-align: justify;\"><span style=\"font-size: 14px; letter-spacing: 0px; font-family: tahoma, arial, helvetica, sans-serif;\">Die im Volksmund genannte <span style=\"color: #ac2424;\"><strong>&#8222;Annakapelle&#8220;<\/strong><\/span> ist neben den f\u00fcnf gro\u00dfen Kapellen im Hottergebiet\u00a0 von Neckenmarkt die kleinste. Messfeiern in der Annakapelle waren nie \u00fcblich. In den kanonischen Visitationen wird berichtet, dass die\u00a0 Pfarre Neckenmarkt fr\u00fcher eines Friedhofes entbehrte und die Verstorbenen zum Begr\u00e4bnis nach Horitschon getragen werden mussten.<\/span><\/p>\n<p class=\"MsoNormal\" style=\"text-align: justify;\">\u00a0<\/p>\t\t\t\t\t\t\t\t<\/div>\n\t\t\t\t<\/div>\n\t\t\t\t\t<\/div>\n\t\t<\/div>\n\t\t\t\t<div class=\"elementor-column elementor-col-50 elementor-top-column elementor-element elementor-element-7d7b08a\" data-id=\"7d7b08a\" data-element_type=\"column\" data-e-type=\"column\">\n\t\t\t<div class=\"elementor-widget-wrap elementor-element-populated\">\n\t\t\t\t\t\t<div class=\"elementor-element elementor-element-09c5b85 elementor-widget elementor-widget-image\" data-id=\"09c5b85\" data-element_type=\"widget\" data-e-type=\"widget\" data-widget_type=\"image.default\">\n\t\t\t\t<div class=\"elementor-widget-container\">\n\t\t\t\t\t\t\t\t\t\t\t\t\t\t\t<img fetchpriority=\"high\" decoding=\"async\" width=\"500\" height=\"673\" src=\"https:\/\/www.neckenmarkt.net\/gemeinde\/wp-content\/uploads\/2018\/11\/Annakapelle.jpg\" class=\"attachment-full size-full wp-image-3367\" alt=\"\" srcset=\"https:\/\/www.neckenmarkt.net\/gemeinde\/wp-content\/uploads\/2018\/11\/Annakapelle.jpg 500w, https:\/\/www.neckenmarkt.net\/gemeinde\/wp-content\/uploads\/2018\/11\/Annakapelle-223x300.jpg 223w\" sizes=\"(max-width: 500px) 100vw, 500px\" \/>\t\t\t\t\t\t\t\t\t\t\t\t\t\t\t<\/div>\n\t\t\t\t<\/div>\n\t\t\t\t\t<\/div>\n\t\t<\/div>\n\t\t\t\t\t<\/div>\n\t\t<\/section>\n\t\t\t\t<section class=\"elementor-section elementor-top-section elementor-element elementor-element-4d985d2 elementor-section-full_width elementor-section-height-default elementor-section-height-default\" data-id=\"4d985d2\" data-element_type=\"section\" data-e-type=\"section\">\n\t\t\t\t\t\t<div class=\"elementor-container elementor-column-gap-default\">\n\t\t\t\t\t<div class=\"elementor-column elementor-col-100 elementor-top-column elementor-element elementor-element-fac540d\" data-id=\"fac540d\" data-element_type=\"column\" data-e-type=\"column\">\n\t\t\t<div class=\"elementor-widget-wrap elementor-element-populated\">\n\t\t\t\t\t\t<div class=\"elementor-element elementor-element-b8c1d61 elementor-widget elementor-widget-text-editor\" data-id=\"b8c1d61\" data-element_type=\"widget\" data-e-type=\"widget\" data-widget_type=\"text-editor.default\">\n\t\t\t\t<div class=\"elementor-widget-container\">\n\t\t\t\t\t\t\t\t\t<p style=\"text-align: justify;\"><span style=\"font-size: 14px; font-family: tahoma, arial, helvetica, sans-serif;\">Der Weg nach Horitschon &#8211; an der St. Annakapelle vorbei &#8211; tr\u00e4gt noch heute den Namen &#8222;Totenweg&#8220;. In der Friedhofsmauer in Horitschon sind Grabsteine aus jener Zeit eingemauert.\u00a0<\/span><br \/><span style=\"font-size: 14px; font-family: tahoma, arial, helvetica, sans-serif;\">Die Inschrift eines solchen Steines lautet z.B.: &#8222;Alhier ruhet in Gott der Ehrnveste Herr Hans Lang, Gewester Marktrichter in Neckenmarkt, Seines Alters 51 Jahr. Ist in Gott entschlafen den 1. Marty 1684 Jahrs.&#8220;<\/span><\/p>\t\t\t\t\t\t\t\t<\/div>\n\t\t\t\t<\/div>\n\t\t\t\t\t<\/div>\n\t\t<\/div>\n\t\t\t\t\t<\/div>\n\t\t<\/section>\n\t\t\t\t<section class=\"elementor-section elementor-top-section elementor-element elementor-element-34f3dc0 elementor-section-boxed elementor-section-height-default elementor-section-height-default\" data-id=\"34f3dc0\" data-element_type=\"section\" data-e-type=\"section\">\n\t\t\t\t\t\t<div class=\"elementor-container elementor-column-gap-default\">\n\t\t\t\t\t<div class=\"elementor-column elementor-col-100 elementor-top-column elementor-element elementor-element-549e38b\" data-id=\"549e38b\" data-element_type=\"column\" data-e-type=\"column\">\n\t\t\t<div class=\"elementor-widget-wrap elementor-element-populated\">\n\t\t\t\t\t\t<div class=\"elementor-element elementor-element-20794f3 elementor-widget-divider--view-line elementor-widget elementor-widget-divider\" data-id=\"20794f3\" data-element_type=\"widget\" data-e-type=\"widget\" data-widget_type=\"divider.default\">\n\t\t\t\t<div class=\"elementor-widget-container\">\n\t\t\t\t\t\t\t<div class=\"elementor-divider\">\n\t\t\t<span class=\"elementor-divider-separator\">\n\t\t\t\t\t\t<\/span>\n\t\t<\/div>\n\t\t\t\t\t\t<\/div>\n\t\t\t\t<\/div>\n\t\t\t\t\t<\/div>\n\t\t<\/div>\n\t\t\t\t\t<\/div>\n\t\t<\/section>\n\t\t\t\t<section class=\"elementor-section elementor-top-section elementor-element elementor-element-836dc3c elementor-section-full_width elementor-section-height-default elementor-section-height-default\" data-id=\"836dc3c\" data-element_type=\"section\" data-e-type=\"section\">\n\t\t\t\t\t\t<div class=\"elementor-container elementor-column-gap-default\">\n\t\t\t\t\t<div class=\"elementor-column elementor-col-100 elementor-top-column elementor-element elementor-element-69c6785\" data-id=\"69c6785\" data-element_type=\"column\" data-e-type=\"column\">\n\t\t\t<div class=\"elementor-widget-wrap elementor-element-populated\">\n\t\t\t\t\t\t<div class=\"elementor-element elementor-element-bfd086a elementor-widget elementor-widget-text-editor\" data-id=\"bfd086a\" data-element_type=\"widget\" data-e-type=\"widget\" data-widget_type=\"text-editor.default\">\n\t\t\t\t<div class=\"elementor-widget-container\">\n\t\t\t\t\t\t\t\t\t<p><span style=\"color: #ac2424;\"><strong><span style=\"font-family: tahoma, arial, helvetica, sans-serif; font-size: 14px;\">Kapelle zu Ehren des heiligen Florian<\/span><\/strong><\/span><\/p>\t\t\t\t\t\t\t\t<\/div>\n\t\t\t\t<\/div>\n\t\t\t\t\t<\/div>\n\t\t<\/div>\n\t\t\t\t\t<\/div>\n\t\t<\/section>\n\t\t\t\t<section class=\"elementor-section elementor-top-section elementor-element elementor-element-d8c6b04 elementor-section-full_width elementor-section-height-default elementor-section-height-default\" data-id=\"d8c6b04\" data-element_type=\"section\" data-e-type=\"section\">\n\t\t\t\t\t\t<div class=\"elementor-container elementor-column-gap-default\">\n\t\t\t\t\t<div class=\"elementor-column elementor-col-50 elementor-top-column elementor-element elementor-element-600192a\" data-id=\"600192a\" data-element_type=\"column\" data-e-type=\"column\">\n\t\t\t<div class=\"elementor-widget-wrap elementor-element-populated\">\n\t\t\t\t\t\t<div class=\"elementor-element elementor-element-3848111 elementor-widget elementor-widget-text-editor\" data-id=\"3848111\" data-element_type=\"widget\" data-e-type=\"widget\" data-widget_type=\"text-editor.default\">\n\t\t\t\t<div class=\"elementor-widget-container\">\n\t\t\t\t\t\t\t\t\t<p style=\"text-align: justify;\"><span style=\"font-family: tahoma, arial, helvetica, sans-serif; font-size: 14px;\">Beim K\u00f6nigsteich, auf dem Weg zum Schloss Samersdorf, steht die <span style=\"color: #ac2424;\"><strong>Kapelle zu Ehren des heiligen M\u00e4rtyrers Florian<\/strong>.<\/span> Ein Tafelbild, auf Holz gemalt, stellt den Helfer in Feuersnot an der Wand hinter dem gemauerten Altar dar. An der Seite des Heiligen schweben Engel mit der Kreuzesfahne und einem M\u00fchlstein.<\/span><\/p>\t\t\t\t\t\t\t\t<\/div>\n\t\t\t\t<\/div>\n\t\t\t\t\t<\/div>\n\t\t<\/div>\n\t\t\t\t<div class=\"elementor-column elementor-col-50 elementor-top-column elementor-element elementor-element-d69b3aa\" data-id=\"d69b3aa\" data-element_type=\"column\" data-e-type=\"column\">\n\t\t\t<div class=\"elementor-widget-wrap elementor-element-populated\">\n\t\t\t\t\t\t<div class=\"elementor-element elementor-element-c2fe5ca elementor-widget elementor-widget-image\" data-id=\"c2fe5ca\" data-element_type=\"widget\" data-e-type=\"widget\" data-widget_type=\"image.default\">\n\t\t\t\t<div class=\"elementor-widget-container\">\n\t\t\t\t\t\t\t\t\t\t\t\t\t\t\t<img decoding=\"async\" width=\"200\" height=\"297\" src=\"https:\/\/www.neckenmarkt.net\/gemeinde\/wp-content\/uploads\/2018\/11\/Florianikapelle.jpg\" class=\"attachment-full size-full wp-image-3371\" alt=\"\" \/>\t\t\t\t\t\t\t\t\t\t\t\t\t\t\t<\/div>\n\t\t\t\t<\/div>\n\t\t\t\t\t<\/div>\n\t\t<\/div>\n\t\t\t\t\t<\/div>\n\t\t<\/section>\n\t\t\t\t<section class=\"elementor-section elementor-top-section elementor-element elementor-element-9204b40 elementor-section-full_width elementor-section-height-default elementor-section-height-default\" data-id=\"9204b40\" data-element_type=\"section\" data-e-type=\"section\">\n\t\t\t\t\t\t<div class=\"elementor-container elementor-column-gap-default\">\n\t\t\t\t\t<div class=\"elementor-column elementor-col-100 elementor-top-column elementor-element elementor-element-65659f6\" data-id=\"65659f6\" data-element_type=\"column\" data-e-type=\"column\">\n\t\t\t<div class=\"elementor-widget-wrap elementor-element-populated\">\n\t\t\t\t\t\t<div class=\"elementor-element elementor-element-a2ca5bc elementor-widget elementor-widget-text-editor\" data-id=\"a2ca5bc\" data-element_type=\"widget\" data-e-type=\"widget\" data-widget_type=\"text-editor.default\">\n\t\t\t\t<div class=\"elementor-widget-container\">\n\t\t\t\t\t\t\t\t\t<p style=\"text-align: justify;\"><span style=\"font-family: tahoma, arial, helvetica, sans-serif; font-size: 14px;\">Florian gie\u00dft l\u00f6schend Wasser \u00fcber eine Dorfsiedlung aus.\u00a0In der H\u00f6he thront das Auge Gottes, von zierlichen Engelsgestalten umgeben. Auf der linken Wand der Kapelle befindet sich ein Votivbild mit der Gottesmutter und dem Jesuskind und die heiligen Pestpatrone Sebastian, Rosalia und Rochus.<\/span><br \/><span style=\"font-family: tahoma, arial, helvetica, sans-serif; font-size: 14px;\">In der Fensternische finden sich Hinweise auf eine Renovierung in den Jahren 1904\/05. Vielleicht ist damals das Vordach angebracht worden. Die Kapelle wurde auch im Jahr 1986 renoviert. Damals wurde, nachdem die letzte Linde geschl\u00e4gert werden musste, eine neue gepflanzt. Die Segnung der Florianikapelle fand nach der Renovierung 1994\/95 statt.<\/span><\/p>\t\t\t\t\t\t\t\t<\/div>\n\t\t\t\t<\/div>\n\t\t\t\t\t<\/div>\n\t\t<\/div>\n\t\t\t\t\t<\/div>\n\t\t<\/section>\n\t\t\t\t<section class=\"elementor-section elementor-top-section elementor-element elementor-element-5f9f88e elementor-section-boxed elementor-section-height-default elementor-section-height-default\" data-id=\"5f9f88e\" data-element_type=\"section\" data-e-type=\"section\">\n\t\t\t\t\t\t<div class=\"elementor-container elementor-column-gap-default\">\n\t\t\t\t\t<div class=\"elementor-column elementor-col-100 elementor-top-column elementor-element elementor-element-6c0e907\" data-id=\"6c0e907\" data-element_type=\"column\" data-e-type=\"column\">\n\t\t\t<div class=\"elementor-widget-wrap elementor-element-populated\">\n\t\t\t\t\t\t<div class=\"elementor-element elementor-element-6c92df1 elementor-widget-divider--view-line elementor-widget elementor-widget-divider\" data-id=\"6c92df1\" data-element_type=\"widget\" data-e-type=\"widget\" data-widget_type=\"divider.default\">\n\t\t\t\t<div class=\"elementor-widget-container\">\n\t\t\t\t\t\t\t<div class=\"elementor-divider\">\n\t\t\t<span class=\"elementor-divider-separator\">\n\t\t\t\t\t\t<\/span>\n\t\t<\/div>\n\t\t\t\t\t\t<\/div>\n\t\t\t\t<\/div>\n\t\t\t\t\t<\/div>\n\t\t<\/div>\n\t\t\t\t\t<\/div>\n\t\t<\/section>\n\t\t\t\t<section class=\"elementor-section elementor-top-section elementor-element elementor-element-9db08a2 elementor-section-full_width elementor-section-height-default elementor-section-height-default\" data-id=\"9db08a2\" data-element_type=\"section\" data-e-type=\"section\">\n\t\t\t\t\t\t<div class=\"elementor-container elementor-column-gap-default\">\n\t\t\t\t\t<div class=\"elementor-column elementor-col-100 elementor-top-column elementor-element elementor-element-2073301\" data-id=\"2073301\" data-element_type=\"column\" data-e-type=\"column\">\n\t\t\t<div class=\"elementor-widget-wrap elementor-element-populated\">\n\t\t\t\t\t\t<div class=\"elementor-element elementor-element-502925d elementor-widget elementor-widget-text-editor\" data-id=\"502925d\" data-element_type=\"widget\" data-e-type=\"widget\" data-widget_type=\"text-editor.default\">\n\t\t\t\t<div class=\"elementor-widget-container\">\n\t\t\t\t\t\t\t\t\t<p><span style=\"color: #ac2424;\"><strong><span style=\"font-family: tahoma, arial, helvetica, sans-serif; font-size: 14px;\">Die Kapelle zu Ehren der heiligen Maria <span style=\"color: #ac2424;\">Magdalena<\/span> (Friedhofskapelle)<\/span><\/strong><\/span><\/p>\t\t\t\t\t\t\t\t<\/div>\n\t\t\t\t<\/div>\n\t\t\t\t\t<\/div>\n\t\t<\/div>\n\t\t\t\t\t<\/div>\n\t\t<\/section>\n\t\t\t\t<section class=\"elementor-section elementor-top-section elementor-element elementor-element-01ba77f elementor-section-full_width elementor-section-height-default elementor-section-height-default\" data-id=\"01ba77f\" data-element_type=\"section\" data-e-type=\"section\">\n\t\t\t\t\t\t<div class=\"elementor-container elementor-column-gap-default\">\n\t\t\t\t\t<div class=\"elementor-column elementor-col-50 elementor-top-column elementor-element elementor-element-1776433\" data-id=\"1776433\" data-element_type=\"column\" data-e-type=\"column\">\n\t\t\t<div class=\"elementor-widget-wrap elementor-element-populated\">\n\t\t\t\t\t\t<div class=\"elementor-element elementor-element-272a177 elementor-widget elementor-widget-text-editor\" data-id=\"272a177\" data-element_type=\"widget\" data-e-type=\"widget\" data-widget_type=\"text-editor.default\">\n\t\t\t\t<div class=\"elementor-widget-container\">\n\t\t\t\t\t\t\t\t\t<p>\u00a0<\/p>\n<p style=\"text-align: justify;\"><span style=\"font-family: tahoma, arial, helvetica, sans-serif; font-size: 14px;\">Unter Pfarrer Johann Fronhoffer (1741-1759) wurde ein neuer Friedhof errichtet. Die Kanonische Visitation vom 1. August 1713 sagt, dass es in Neckenmarkt keinen Friedhof gibt. Die Verstorbenen wurden zum Begr\u00e4bnis in die Filialpfarre Horitschon getragen. Der Weg an der St. Annakapelle vorbei hei\u00dft heute noch &#8222;Totenweg&#8220;.<\/span><\/p>\n<p style=\"text-align: justify;\">\u00a0<\/p>\t\t\t\t\t\t\t\t<\/div>\n\t\t\t\t<\/div>\n\t\t\t\t\t<\/div>\n\t\t<\/div>\n\t\t\t\t<div class=\"elementor-column elementor-col-50 elementor-top-column elementor-element elementor-element-1b24061\" data-id=\"1b24061\" data-element_type=\"column\" data-e-type=\"column\">\n\t\t\t<div class=\"elementor-widget-wrap elementor-element-populated\">\n\t\t\t\t\t\t<div class=\"elementor-element elementor-element-0308a5e elementor-widget elementor-widget-image\" data-id=\"0308a5e\" data-element_type=\"widget\" data-e-type=\"widget\" data-widget_type=\"image.default\">\n\t\t\t\t<div class=\"elementor-widget-container\">\n\t\t\t\t\t\t\t\t\t\t\t\t\t\t\t<img decoding=\"async\" width=\"200\" height=\"289\" src=\"https:\/\/www.neckenmarkt.net\/gemeinde\/wp-content\/uploads\/2018\/11\/Friedhofskapelle.jpg\" class=\"attachment-large size-large wp-image-3372\" alt=\"\" \/>\t\t\t\t\t\t\t\t\t\t\t\t\t\t\t<\/div>\n\t\t\t\t<\/div>\n\t\t\t\t\t<\/div>\n\t\t<\/div>\n\t\t\t\t\t<\/div>\n\t\t<\/section>\n\t\t\t\t<section class=\"elementor-section elementor-top-section elementor-element elementor-element-4d72bc9 elementor-section-full_width elementor-section-height-default elementor-section-height-default\" data-id=\"4d72bc9\" data-element_type=\"section\" data-e-type=\"section\">\n\t\t\t\t\t\t<div class=\"elementor-container elementor-column-gap-default\">\n\t\t\t\t\t<div class=\"elementor-column elementor-col-100 elementor-top-column elementor-element elementor-element-7d93d06\" data-id=\"7d93d06\" data-element_type=\"column\" data-e-type=\"column\">\n\t\t\t<div class=\"elementor-widget-wrap elementor-element-populated\">\n\t\t\t\t\t\t<div class=\"elementor-element elementor-element-49d430f elementor-widget elementor-widget-text-editor\" data-id=\"49d430f\" data-element_type=\"widget\" data-e-type=\"widget\" data-widget_type=\"text-editor.default\">\n\t\t\t\t<div class=\"elementor-widget-container\">\n\t\t\t\t\t\t\t\t\t<p style=\"text-align: justify;\"><span style=\"font-family: tahoma, arial, helvetica, sans-serif; font-size: 14px;\">In der Chronik von Herrn Dechant Dr. Zisper wird zitiert: &#8222;1747 ist der neue Freythoff mit Verwilligung Ihrer F\u00fcrstl. HH. Pauli Antonii Esterh\u00e1zy zu bauen und aufzuf\u00fchren Item ein saubere Capellen darin zu setzen angefangen erbauet worden.&#8220;<\/span><br \/><span style=\"font-family: tahoma, arial, helvetica, sans-serif; font-size: 14px;\">J\u00fcngste Ausgrabungen in der Pfarrkirche haben best\u00e4tigt, dass fr\u00fcher um die alte Kirche, deren Fundamente im jetzigen Mittelschiff gefunden wurden, ein Friedhof existiert hat.<\/span><br \/><span style=\"font-family: tahoma, arial, helvetica, sans-serif; font-size: 14px;\">Aufgrund des hohen Wasserstandes d\u00fcrfte beim Bau der neuen Kirche der Friedhof aufgelassen worden sein. In das steinerne Portal der <span style=\"color: #ac2424;\"><strong>Friedhofskapelle<\/strong> <\/span>ist die Jahreszahl 1747 als Einweihungsdatum des neuen Friedhofs eingemei\u00dfelt.<\/span><\/p>\t\t\t\t\t\t\t\t<\/div>\n\t\t\t\t<\/div>\n\t\t\t\t\t<\/div>\n\t\t<\/div>\n\t\t\t\t\t<\/div>\n\t\t<\/section>\n\t\t\t\t<section class=\"elementor-section elementor-top-section elementor-element elementor-element-4ca2bb2 elementor-section-boxed elementor-section-height-default elementor-section-height-default\" data-id=\"4ca2bb2\" data-element_type=\"section\" data-e-type=\"section\">\n\t\t\t\t\t\t<div class=\"elementor-container elementor-column-gap-default\">\n\t\t\t\t\t<div class=\"elementor-column elementor-col-100 elementor-top-column elementor-element elementor-element-79cf535\" data-id=\"79cf535\" data-element_type=\"column\" data-e-type=\"column\">\n\t\t\t<div class=\"elementor-widget-wrap elementor-element-populated\">\n\t\t\t\t\t\t<div class=\"elementor-element elementor-element-e7d90eb elementor-widget-divider--view-line elementor-widget elementor-widget-divider\" data-id=\"e7d90eb\" data-element_type=\"widget\" data-e-type=\"widget\" data-widget_type=\"divider.default\">\n\t\t\t\t<div class=\"elementor-widget-container\">\n\t\t\t\t\t\t\t<div class=\"elementor-divider\">\n\t\t\t<span class=\"elementor-divider-separator\">\n\t\t\t\t\t\t<\/span>\n\t\t<\/div>\n\t\t\t\t\t\t<\/div>\n\t\t\t\t<\/div>\n\t\t\t\t\t<\/div>\n\t\t<\/div>\n\t\t\t\t\t<\/div>\n\t\t<\/section>\n\t\t\t\t<section class=\"elementor-section elementor-top-section elementor-element elementor-element-cdd01d9 elementor-section-full_width elementor-section-height-default elementor-section-height-default\" data-id=\"cdd01d9\" data-element_type=\"section\" data-e-type=\"section\">\n\t\t\t\t\t\t<div class=\"elementor-container elementor-column-gap-default\">\n\t\t\t\t\t<div class=\"elementor-column elementor-col-100 elementor-top-column elementor-element elementor-element-7591b09\" data-id=\"7591b09\" data-element_type=\"column\" data-e-type=\"column\">\n\t\t\t<div class=\"elementor-widget-wrap elementor-element-populated\">\n\t\t\t\t\t\t<div class=\"elementor-element elementor-element-6af7251 elementor-widget elementor-widget-text-editor\" data-id=\"6af7251\" data-element_type=\"widget\" data-e-type=\"widget\" data-widget_type=\"text-editor.default\">\n\t\t\t\t<div class=\"elementor-widget-container\">\n\t\t\t\t\t\t\t\t\t<p style=\"font-weight: 400; text-align: justify;\"><span style=\"font-style: inherit; font-weight: inherit; font-size: 14px; font-family: tahoma, arial, helvetica, sans-serif;\"><span style=\"color: #ac2424;\"><strong>Die Kapelle zu Ehren des heiligen Johannes Nepomuk<\/strong><\/span> wurde von Georg Rotten erbaut. Am Altar steht das Standbild des Heiligen. Zur rechten Seite (Blickrichtung Gl\u00e4ubige) ist die Statue des heiligen Georg, zur linken Seite die Statue der heiligen Barbara aufgestellt.<\/span><\/p>\n<p style=\"font-weight: 400; text-align: justify;\"><span style=\"font-size: 14px; font-family: tahoma, arial, helvetica, sans-serif;\">Jedes Jahr ziehen die Gl\u00e4ubigen von Neckenmarkt bei der Bittprozession vor Christi-Himmelfahrt zur Kapelle des heiligen Johannes von Nepomuk und feiern dort einen sogenannten &#8222;Bittgottesdienst&#8220;. Der Gedenktag des Heiligen wird am 16. Mai gefeiert.<\/span><\/p>\t\t\t\t\t\t\t\t<\/div>\n\t\t\t\t<\/div>\n\t\t\t\t\t<\/div>\n\t\t<\/div>\n\t\t\t\t\t<\/div>\n\t\t<\/section>\n\t\t\t\t<section class=\"elementor-section elementor-top-section elementor-element elementor-element-9aa7ed9 elementor-section-full_width elementor-section-height-default elementor-section-height-default\" data-id=\"9aa7ed9\" data-element_type=\"section\" data-e-type=\"section\">\n\t\t\t\t\t\t<div class=\"elementor-container elementor-column-gap-default\">\n\t\t\t\t\t<div class=\"elementor-column elementor-col-100 elementor-top-column elementor-element elementor-element-925f2f5\" data-id=\"925f2f5\" data-element_type=\"column\" data-e-type=\"column\">\n\t\t\t<div class=\"elementor-widget-wrap elementor-element-populated\">\n\t\t\t\t\t\t<div class=\"elementor-element elementor-element-77df768 elementor-widget elementor-widget-image\" data-id=\"77df768\" data-element_type=\"widget\" data-e-type=\"widget\" data-widget_type=\"image.default\">\n\t\t\t\t<div class=\"elementor-widget-container\">\n\t\t\t\t\t\t\t\t\t\t\t\t\t\t\t<img loading=\"lazy\" decoding=\"async\" width=\"300\" height=\"189\" src=\"https:\/\/www.neckenmarkt.net\/gemeinde\/wp-content\/uploads\/2019\/01\/JohannesNepomuk.jpg\" class=\"attachment-large size-large wp-image-5979\" alt=\"\" \/>\t\t\t\t\t\t\t\t\t\t\t\t\t\t\t<\/div>\n\t\t\t\t<\/div>\n\t\t\t\t\t<\/div>\n\t\t<\/div>\n\t\t\t\t\t<\/div>\n\t\t<\/section>\n\t\t\t\t<section class=\"elementor-section elementor-top-section elementor-element elementor-element-22f7596 elementor-section-boxed elementor-section-height-default elementor-section-height-default\" data-id=\"22f7596\" data-element_type=\"section\" data-e-type=\"section\">\n\t\t\t\t\t\t<div class=\"elementor-container elementor-column-gap-default\">\n\t\t\t\t\t<div class=\"elementor-column elementor-col-100 elementor-top-column elementor-element elementor-element-06e047d\" data-id=\"06e047d\" data-element_type=\"column\" data-e-type=\"column\">\n\t\t\t<div class=\"elementor-widget-wrap elementor-element-populated\">\n\t\t\t\t\t\t<div class=\"elementor-element elementor-element-2107fbf elementor-widget-divider--view-line elementor-widget elementor-widget-divider\" data-id=\"2107fbf\" data-element_type=\"widget\" data-e-type=\"widget\" data-widget_type=\"divider.default\">\n\t\t\t\t<div class=\"elementor-widget-container\">\n\t\t\t\t\t\t\t<div class=\"elementor-divider\">\n\t\t\t<span class=\"elementor-divider-separator\">\n\t\t\t\t\t\t<\/span>\n\t\t<\/div>\n\t\t\t\t\t\t<\/div>\n\t\t\t\t<\/div>\n\t\t\t\t\t<\/div>\n\t\t<\/div>\n\t\t\t\t\t<\/div>\n\t\t<\/section>\n\t\t\t\t<section class=\"elementor-section elementor-top-section elementor-element elementor-element-8055876 elementor-section-full_width elementor-section-height-default elementor-section-height-default\" data-id=\"8055876\" data-element_type=\"section\" data-e-type=\"section\">\n\t\t\t\t\t\t<div class=\"elementor-container elementor-column-gap-default\">\n\t\t\t\t\t<div class=\"elementor-column elementor-col-100 elementor-top-column elementor-element elementor-element-7eca16f\" data-id=\"7eca16f\" data-element_type=\"column\" data-e-type=\"column\">\n\t\t\t<div class=\"elementor-widget-wrap elementor-element-populated\">\n\t\t\t\t\t\t<div class=\"elementor-element elementor-element-f5fdc49 elementor-widget elementor-widget-text-editor\" data-id=\"f5fdc49\" data-element_type=\"widget\" data-e-type=\"widget\" data-widget_type=\"text-editor.default\">\n\t\t\t\t<div class=\"elementor-widget-container\">\n\t\t\t\t\t\t\t\t\t<p><span style=\"font-family: tahoma, arial, helvetica, sans-serif; color: #ac2424;\"><strong><span style=\"font-size: 14px;\">Kapelle zu Ehren des heiligen Oswald<\/span><\/strong><\/span><\/p>\n<p style=\"text-align: justify;\"><span style=\"font-family: tahoma, arial, helvetica, sans-serif; font-size: 14px;\">In dem &#8222;Spiegelberg Mais&#8220; genannten Eichenwald steht die <span style=\"color: #ac2424;\"><strong>Oswaldikapelle<\/strong><\/span>. Das Altarbild zeigt den Heiligen als Sch\u00fctzer der Tiere. Am 5. August zieht die Pfarrgemeinde j\u00e4hrlich zu diesem Heiligtum. Der kleine Gedenktag, wie der liturgische Kalender den Oswalditag einordnet, wird in Neckenmarkt auch heute noch als Gemeindefeiertag begangen.<\/span><\/p>\n<p style=\"text-align: justify;\"><span style=\"font-family: tahoma, arial, helvetica, sans-serif;\"><span style=\"font-size: 14px;\"><br \/><\/span><span style=\"font-size: 14px;\">Zwei Legenden gibt es zur Entstehung dieser Kapelle: Die eine besagt, dass am Platz um die jetzige Kapelle, der Riedname hei\u00dft heute noch &#8222;K\u00fchstand&#8220;, in der Pestzeit das Vieh vor der Pest verschont worden sei. Oswald gilt auch als einer der vierzehn Nothelfer.<br \/><\/span><span style=\"font-size: 14px;\">Eine weitere Legende schlie\u00dft am Gedenktag der Weihe der Basilika Santa Maria Maggiore in Rom an, der ebenfalls am 5. August begangen wird. Am Platz, wo heute die Oswaldikapelle steht, sei &#8211; wie in Rom &#8211; am 5. August Schnee gefallen, was zum Bau der Kapelle in Anlehnung an die r\u00f6mische Legende gef\u00fchrt hat.<\/span><\/span><\/p>\t\t\t\t\t\t\t\t<\/div>\n\t\t\t\t<\/div>\n\t\t\t\t\t<\/div>\n\t\t<\/div>\n\t\t\t\t\t<\/div>\n\t\t<\/section>\n\t\t\t\t<section class=\"elementor-section elementor-top-section elementor-element elementor-element-823bfa5 elementor-section-full_width elementor-section-height-default elementor-section-height-default\" data-id=\"823bfa5\" data-element_type=\"section\" data-e-type=\"section\">\n\t\t\t\t\t\t<div class=\"elementor-container elementor-column-gap-default\">\n\t\t\t\t\t<div class=\"elementor-column elementor-col-100 elementor-top-column elementor-element elementor-element-8057d4f\" data-id=\"8057d4f\" data-element_type=\"column\" data-e-type=\"column\">\n\t\t\t<div class=\"elementor-widget-wrap elementor-element-populated\">\n\t\t\t\t\t\t<div class=\"elementor-element elementor-element-af738d5 elementor-widget elementor-widget-image\" data-id=\"af738d5\" data-element_type=\"widget\" data-e-type=\"widget\" data-widget_type=\"image.default\">\n\t\t\t\t<div class=\"elementor-widget-container\">\n\t\t\t\t\t\t\t\t\t\t\t\t\t\t\t<img loading=\"lazy\" decoding=\"async\" width=\"300\" height=\"273\" src=\"https:\/\/www.neckenmarkt.net\/gemeinde\/wp-content\/uploads\/2019\/01\/Oswaldikapelle-300x273.jpg\" class=\"attachment-medium size-medium wp-image-6062\" alt=\"\" srcset=\"https:\/\/www.neckenmarkt.net\/gemeinde\/wp-content\/uploads\/2019\/01\/Oswaldikapelle-300x273.jpg 300w, https:\/\/www.neckenmarkt.net\/gemeinde\/wp-content\/uploads\/2019\/01\/Oswaldikapelle.jpg 417w\" sizes=\"(max-width: 300px) 100vw, 300px\" \/>\t\t\t\t\t\t\t\t\t\t\t\t\t\t\t<\/div>\n\t\t\t\t<\/div>\n\t\t\t\t\t<\/div>\n\t\t<\/div>\n\t\t\t\t\t<\/div>\n\t\t<\/section>\n\t\t\t\t<section class=\"elementor-section elementor-top-section elementor-element elementor-element-275c205 elementor-section-boxed elementor-section-height-default elementor-section-height-default\" data-id=\"275c205\" data-element_type=\"section\" data-e-type=\"section\">\n\t\t\t\t\t\t<div class=\"elementor-container elementor-column-gap-default\">\n\t\t\t\t\t<div class=\"elementor-column elementor-col-100 elementor-top-column elementor-element elementor-element-97c1a32\" data-id=\"97c1a32\" data-element_type=\"column\" data-e-type=\"column\">\n\t\t\t<div class=\"elementor-widget-wrap elementor-element-populated\">\n\t\t\t\t\t\t<div class=\"elementor-element elementor-element-205ca11 elementor-widget-divider--view-line elementor-widget elementor-widget-divider\" data-id=\"205ca11\" data-element_type=\"widget\" data-e-type=\"widget\" data-widget_type=\"divider.default\">\n\t\t\t\t<div class=\"elementor-widget-container\">\n\t\t\t\t\t\t\t<div class=\"elementor-divider\">\n\t\t\t<span class=\"elementor-divider-separator\">\n\t\t\t\t\t\t<\/span>\n\t\t<\/div>\n\t\t\t\t\t\t<\/div>\n\t\t\t\t<\/div>\n\t\t\t\t\t<\/div>\n\t\t<\/div>\n\t\t\t\t\t<\/div>\n\t\t<\/section>\n\t\t\t\t<section class=\"elementor-section elementor-top-section elementor-element elementor-element-74cd2c6 elementor-section-full_width elementor-section-height-default elementor-section-height-default\" data-id=\"74cd2c6\" data-element_type=\"section\" data-e-type=\"section\">\n\t\t\t\t\t\t<div class=\"elementor-container elementor-column-gap-default\">\n\t\t\t\t\t<div class=\"elementor-column elementor-col-100 elementor-top-column elementor-element elementor-element-fb4fd9e\" data-id=\"fb4fd9e\" data-element_type=\"column\" data-e-type=\"column\">\n\t\t\t<div class=\"elementor-widget-wrap elementor-element-populated\">\n\t\t\t\t\t\t<div class=\"elementor-element elementor-element-149602f elementor-widget elementor-widget-text-editor\" data-id=\"149602f\" data-element_type=\"widget\" data-e-type=\"widget\" data-widget_type=\"text-editor.default\">\n\t\t\t\t<div class=\"elementor-widget-container\">\n\t\t\t\t\t\t\t\t\t<p><span style=\"color: #ac2424;\"><strong><span style=\"font-size: 14px; font-family: arial, helvetica, sans-serif;\">Franziskuskapelle<\/span><\/strong><\/span><\/p>\t\t\t\t\t\t\t\t<\/div>\n\t\t\t\t<\/div>\n\t\t\t\t\t<\/div>\n\t\t<\/div>\n\t\t\t\t\t<\/div>\n\t\t<\/section>\n\t\t\t\t<section class=\"elementor-section elementor-top-section elementor-element elementor-element-304c015 elementor-section-full_width elementor-section-height-default elementor-section-height-default\" data-id=\"304c015\" data-element_type=\"section\" data-e-type=\"section\">\n\t\t\t\t\t\t<div class=\"elementor-container elementor-column-gap-default\">\n\t\t\t\t\t<div class=\"elementor-column elementor-col-100 elementor-top-column elementor-element elementor-element-32c9fea\" data-id=\"32c9fea\" data-element_type=\"column\" data-e-type=\"column\">\n\t\t\t<div class=\"elementor-widget-wrap elementor-element-populated\">\n\t\t\t\t\t\t<div class=\"elementor-element elementor-element-76bba6e elementor-widget elementor-widget-image\" data-id=\"76bba6e\" data-element_type=\"widget\" data-e-type=\"widget\" data-widget_type=\"image.default\">\n\t\t\t\t<div class=\"elementor-widget-container\">\n\t\t\t\t\t\t\t\t\t\t\t\t\t\t\t<img loading=\"lazy\" decoding=\"async\" width=\"300\" height=\"200\" src=\"https:\/\/www.neckenmarkt.net\/gemeinde\/wp-content\/uploads\/2018\/11\/Franziskuskapelle2-e1542818764780-300x200.jpg\" class=\"attachment-medium size-medium wp-image-3355\" alt=\"\" srcset=\"https:\/\/www.neckenmarkt.net\/gemeinde\/wp-content\/uploads\/2018\/11\/Franziskuskapelle2-e1542818764780-300x200.jpg 300w, https:\/\/www.neckenmarkt.net\/gemeinde\/wp-content\/uploads\/2018\/11\/Franziskuskapelle2-e1542818764780-768x511.jpg 768w, https:\/\/www.neckenmarkt.net\/gemeinde\/wp-content\/uploads\/2018\/11\/Franziskuskapelle2-e1542818764780.jpg 1000w\" sizes=\"(max-width: 300px) 100vw, 300px\" \/>\t\t\t\t\t\t\t\t\t\t\t\t\t\t\t<\/div>\n\t\t\t\t<\/div>\n\t\t\t\t\t<\/div>\n\t\t<\/div>\n\t\t\t\t\t<\/div>\n\t\t<\/section>\n\t\t\t\t<section class=\"elementor-section elementor-top-section elementor-element elementor-element-8974644 elementor-section-full_width elementor-section-height-default elementor-section-height-default\" data-id=\"8974644\" data-element_type=\"section\" data-e-type=\"section\">\n\t\t\t\t\t\t<div class=\"elementor-container elementor-column-gap-default\">\n\t\t\t\t\t<div class=\"elementor-column elementor-col-100 elementor-top-column elementor-element elementor-element-2878f2a\" data-id=\"2878f2a\" data-element_type=\"column\" data-e-type=\"column\">\n\t\t\t<div class=\"elementor-widget-wrap elementor-element-populated\">\n\t\t\t\t\t\t<div class=\"elementor-element elementor-element-6ec2f21 elementor-widget elementor-widget-image\" data-id=\"6ec2f21\" data-element_type=\"widget\" data-e-type=\"widget\" data-widget_type=\"image.default\">\n\t\t\t\t<div class=\"elementor-widget-container\">\n\t\t\t\t\t\t\t\t\t\t\t\t\t\t\t<img loading=\"lazy\" decoding=\"async\" width=\"300\" height=\"200\" src=\"https:\/\/www.neckenmarkt.net\/gemeinde\/wp-content\/uploads\/2018\/11\/Franziskuskapelle1-e1549297605129-300x200.jpg\" class=\"attachment-medium size-medium wp-image-3357\" alt=\"\" srcset=\"https:\/\/www.neckenmarkt.net\/gemeinde\/wp-content\/uploads\/2018\/11\/Franziskuskapelle1-e1549297605129-300x200.jpg 300w, https:\/\/www.neckenmarkt.net\/gemeinde\/wp-content\/uploads\/2018\/11\/Franziskuskapelle1-e1549297605129-768x512.jpg 768w, https:\/\/www.neckenmarkt.net\/gemeinde\/wp-content\/uploads\/2018\/11\/Franziskuskapelle1-e1549297605129.jpg 1000w\" sizes=\"(max-width: 300px) 100vw, 300px\" \/>\t\t\t\t\t\t\t\t\t\t\t\t\t\t\t<\/div>\n\t\t\t\t<\/div>\n\t\t\t\t\t<\/div>\n\t\t<\/div>\n\t\t\t\t\t<\/div>\n\t\t<\/section>\n\t\t\t\t<section class=\"elementor-section elementor-top-section elementor-element elementor-element-38572b1 elementor-section-full_width elementor-section-height-default elementor-section-height-default\" data-id=\"38572b1\" data-element_type=\"section\" data-e-type=\"section\">\n\t\t\t\t\t\t<div class=\"elementor-container elementor-column-gap-default\">\n\t\t\t\t\t<div class=\"elementor-column elementor-col-100 elementor-top-column elementor-element elementor-element-5516b6e\" data-id=\"5516b6e\" data-element_type=\"column\" data-e-type=\"column\">\n\t\t\t<div class=\"elementor-widget-wrap elementor-element-populated\">\n\t\t\t\t\t\t<div class=\"elementor-element elementor-element-e146a60 elementor-widget elementor-widget-text-editor\" data-id=\"e146a60\" data-element_type=\"widget\" data-e-type=\"widget\" data-widget_type=\"text-editor.default\">\n\t\t\t\t<div class=\"elementor-widget-container\">\n\t\t\t\t\t\t\t\t\t<p>\u00a0<\/p>\n<p style=\"text-align: justify;\"><span style=\"font-family: tahoma, arial, helvetica, sans-serif;\"><span style=\"font-size: 14px;\">Diese <span style=\"color: #ac2424;\"><strong>Kapelle<\/strong> <\/span>wurde 2017\u00a0 <span style=\"color: #ac2424;\"><strong>zu Ehren des Hl.\u00a0 \u201eFranziskus\u201c<\/strong><\/span> errichtet. <\/span><span style=\"font-size: 14px;\">\u201eFranz von Assisi\u201c wurde 1182 als Sohn des wohlhabenden Kaufmannes Pietro\u00a0 Bernardone geboren. Sein Vater wollte ihn zu einem Kaufmann machen und lie\u00df ihm eine gute Ausbildung zuteilwerden. Der Sohn Giovanni lernte Lesen, Schreiben, Rechnen, Latein und Franz\u00f6sisch. Seine Mutter stammte aus Frankreich.<br \/><\/span><span style=\"font-size: 14px;\">Nach einer unbek\u00fcmmerten Jugend, einem ausschweifenden Leben und ehrgeizigen Tr\u00e4umen, ausgezeichnet mit hohen Ritterw\u00fcrden wurde\u00a0 Giovanni\u00a0 Battista Bernardone\u00a0 im Jahre 1205 durch das Miterleben eines Kriegszuges in Apulien krank und innerlich gewandelt.<br \/><\/span><span style=\"font-size: 14px;\">Bei einem Gebet in San Damiano f\u00fchlte er sich von der dortigen Kreuzikone pers\u00f6nlich angesprochen. Die Legende berichtet, Christus habe zu ihm gesprochen: \u00a0<br \/><\/span><span style=\"font-size: 14px;\">\u201eFranziskus, geh und baue mein Haus wieder auf, das wie du siehst, ganz und gar in Verfall ger\u00e4t.\u201c<br \/><\/span><span style=\"font-size: 14px;\">Sodann f\u00fchrte \u201eFranz von Assisi\u201c ein m\u00f6nchisches B\u00fc\u00dferleben in Gebet und strengem Verzicht und stellte zerfallene Kapellen in seiner alten Heimat wieder her. In gr\u00f6\u00dfter Armut und beseelt von seiner Mission, die Welt und seine Menschen, Tiere und Pflanzen, zu ergr\u00fcnden, lebte er fortan in bewunderter Demut vor der Sch\u00f6nheit der Erde.<br \/><\/span><span style=\"font-size: 14px;\">1209 \u00a0gr\u00fcndete er den \u201eOrden der Minderen Br\u00fcder\u201c (Franziskaner). Schon im 13. Jahrhundert befand sich die Gesellschaft im Umbruch. Die St\u00e4dte bl\u00fchten auf und die Menschen zog es weg vom Land und den b\u00e4uerlichen Strukturen, hin zu st\u00e4dtischen Lebensformen. Der Gegensatz zwischen Arm und Reich wuchs und die Kritik an unfrommen und ausschweifenden Lebensweisen nahm zu. <br \/>1219 \u00a0reist \u201eFranziskus\u201c als Missionar nach Pal\u00e4stina und schloss sich dem Kreuzfahrerheer an, das auf dem Weg nach \u00c4gypten war. Er versuchte mit dem Sultan w\u00e4hrend des 5. Kreuzzugs in Gespr\u00e4chen Frieden zu schaffen. Erfolg hatte er zwar damit nicht, aber seine Mission wurde legend\u00e4r. <br \/>1223 \u00a0wurde sein \u201eOrden der Minderen Br\u00fcder\u201c (Franziskaner) und dessen Regeln durch Papst Honorius III. endg\u00fcltig best\u00e4tigt. E<\/span><span style=\"font-size: 14px;\">r\u00a0 wurde schon zu Lebzeiten zum Patron der Tiere. Die V\u00f6gel verstanden ihn angeblich wenn er zu ihnen sprach, selbst \u201eBruder Wolf\u201c wurde in seiner Gegenwart zahm.\u00a0<br \/><\/span><span style=\"font-size: 14px;\">Einige Ereignisse halten sein Andenken bis heute \u00fcberaus lebendig.<br \/><\/span><span style=\"font-size: 14px;\">In den Alverner Bergen bei Arezzo verfasst Francesco seinen ber\u00fchmten Gesang von \u201eSchwester Sonne\u201c und \u201eBruder Mond\u201c, ein Lob der Einheit von Mensch, Tier, Natur und Umwelt.\u00a0<br \/><\/span><span style=\"font-size: 14px;\">1223 erfand Franziskus das Weihnachtskrippenspiel.\u00a0 Mit lebenden Figuren stellte er mit seinen Br\u00fcdern und einem lebendigen Ochsen und einem Esel\u00a0 in einer Felsennische bei Greccio das Weihnachtsgeschehen nach. \u00a0<br \/><\/span><span style=\"font-size: 14px;\">1224 empfing er auf dem Berg La Verna die Wundmale\u00a0 Christi.\u00a0<br \/><\/span><span style=\"font-size: 14px;\">1226 am 3.Oktober starb Franziskus am Abend in der Portiuncula \u2013 Kapelle.<br \/><\/span><span style=\"font-size: 14px;\">1228 schon 2 Jahre nach seinem Tod wurde \u201eFranz von Assisi\u201c heiliggesprochen. \u00a0<br \/><\/span><span style=\"font-size: 14px;\">1979 ernannte ihn Papst Johannes Paul II. durch eine Bulle zum \u201ehimmlischen Patron der Tiere, der Natur und des Umweltschutzes \u201c.<br \/><\/span><span style=\"font-size: 14px;\">2013 wurde Kardinal Jorge Mario Bergoglio Papst und w\u00e4hlte\u00a0 als Erster den Papstnamen \u201eFranziskus \u201c.\u00a0\u00a0<br \/><\/span><span style=\"font-size: 14px;\">2015 gab es in Rom ein beeindruckendes Treffen mit Papst Franziskus I. im Zuge einer Generalaudienz im Vatikan unter der F\u00fchrung von Bischof \u00c4gidius Zsifkovics, Pfarrer Franz Brei, B\u00fcrgermeister Hans Iby, den Neckenmarkter Fahnenschwingern, der Fahnenschwinger Blaskapelle und vielen Wallfahrern\u00a0 aus Neckenmarkt und der Umgebung.\u00a0 \u00a0 \u00a0<br \/><\/span><span style=\"font-size: 14px;\">2017 wurde diese Kapelle von Hans (Johann Franz) und Herta Maria Iby nach 2 schweren Unf\u00e4llen und nach der Genesung von einer schweren Krankheit mit Unterst\u00fctzung der Familie und guten Freunden als Danksagung an den \u201eHerrgott\u201c und seinen Schutzengeln errichtet.<br \/>Anm.: Einen Schutzengel kann man sehr oft brauchen und das Sch\u00f6ne und das Bewundernswerte daran ist das es ihn wirklich gibt, man darf daher auch f\u00fcr das Gl\u00fcck das einem widerf\u00e4hrt auch \u201eDANKE\u201c sagen.<\/span><span style=\"font-size: 14px;\">\u00a0 \u00a0<\/span><\/span><\/p>\n<p style=\"padding-left: 30px; text-align: justify;\"><span style=\"font-family: tahoma, arial, helvetica, sans-serif; font-size: 14px;\">\u00a0 \u00a0 \u00a0 \u00a0 \u00a0 \u00a0 \u00a0 \u00a0 \u00a0 \u00a0 \u00a0 \u00a0 \u00a0 \u00a0 \u00a0 \u00a0 \u00a0 \u00a0 \u00a0 \u00a0 \u00a0 \u00a0 \u00a0 \u00a0 \u00a0 \u00a0 \u00a0 \u00a0 \u00a0 \u00a0 \u00a0 \u00a0 \u00a0 \u00a0 \u00a0 \u00a0 \u00a0 \u00a0 \u00a0 \u00a0 \u00a0 \u00a0 \u00a0 \u00a0 \u00a0 \u00a0 \u00a0 \u00a0 \u00a0 \u00a0 \u00a0 Text: Johann Iby\u00a0 \u00a0 \u00a0 \u00a0 \u00a0 \u00a0 \u00a0 \u00a0 \u00a0 \u00a0 \u00a0 \u00a0 \u00a0 \u00a0 \u00a0 \u00a0 \u00a0 \u00a0 \u00a0 \u00a0 \u00a0 \u00a0 \u00a0 \u00a0 \u00a0 \u00a0 \u00a0 \u00a0 \u00a0 \u00a0 \u00a0 \u00a0 \u00a0 \u00a0 \u00a0 \u00a0 \u00a0 \u00a0 \u00a0<\/span><\/p>\t\t\t\t\t\t\t\t<\/div>\n\t\t\t\t<\/div>\n\t\t\t\t\t<\/div>\n\t\t<\/div>\n\t\t\t\t\t<\/div>\n\t\t<\/section>\n\t\t\t\t<\/div>\n\t\t","protected":false},"excerpt":{"rendered":"<p>Die Kapelle zu Ehren des heiligen Donatus wird im Volksmund Weingartenkapelle genannt. Sie wurde 1735 unter Abtpfarrer Johannes Rohrer errichtet. Johannes Rohrer ist am 28. August 1671 in Neckenmarkt geboren [&hellip;]<\/p>\n","protected":false},"author":1,"featured_media":0,"parent":0,"menu_order":0,"comment_status":"closed","ping_status":"closed","template":"","meta":{"footnotes":""},"class_list":["post-454","page","type-page","status-publish","hentry"],"yoast_head":"<!-- This site is optimized with the Yoast SEO plugin v27.5 - https:\/\/yoast.com\/product\/yoast-seo-wordpress\/ -->\n<title>Kapellen - Marktgemeinde Neckenmarkt<\/title>\n<meta name=\"robots\" content=\"index, follow, max-snippet:-1, max-image-preview:large, max-video-preview:-1\" \/>\n<link rel=\"canonical\" href=\"https:\/\/www.neckenmarkt.net\/gemeinde\/annakapelle\/\" \/>\n<meta property=\"og:locale\" content=\"de_DE\" \/>\n<meta property=\"og:type\" content=\"article\" \/>\n<meta property=\"og:title\" content=\"Kapellen - Marktgemeinde Neckenmarkt\" \/>\n<meta property=\"og:description\" content=\"Die Kapelle zu Ehren des heiligen Donatus wird im Volksmund Weingartenkapelle genannt. Sie wurde 1735 unter Abtpfarrer Johannes Rohrer errichtet. Johannes Rohrer ist am 28. August 1671 in Neckenmarkt geboren [&hellip;]\" \/>\n<meta property=\"og:url\" content=\"https:\/\/www.neckenmarkt.net\/gemeinde\/annakapelle\/\" \/>\n<meta property=\"og:site_name\" content=\"Marktgemeinde Neckenmarkt\" \/>\n<meta property=\"article:modified_time\" content=\"2020-08-31T16:08:31+00:00\" \/>\n<meta property=\"og:image\" content=\"http:\/\/www.neckenmarkt.net\/gemeinde\/wp-content\/uploads\/2018\/11\/Donatuskapelle.jpg\" \/>\n<meta name=\"twitter:card\" content=\"summary_large_image\" \/>\n<meta name=\"twitter:label1\" content=\"Gesch\u00e4tzte Lesezeit\" \/>\n\t<meta name=\"twitter:data1\" content=\"7\u00a0Minuten\" \/>\n<script type=\"application\/ld+json\" class=\"yoast-schema-graph\">{\"@context\":\"https:\\\/\\\/schema.org\",\"@graph\":[{\"@type\":\"WebPage\",\"@id\":\"https:\\\/\\\/www.neckenmarkt.net\\\/gemeinde\\\/annakapelle\\\/\",\"url\":\"https:\\\/\\\/www.neckenmarkt.net\\\/gemeinde\\\/annakapelle\\\/\",\"name\":\"Kapellen - Marktgemeinde Neckenmarkt\",\"isPartOf\":{\"@id\":\"https:\\\/\\\/www.neckenmarkt.net\\\/gemeinde\\\/#website\"},\"primaryImageOfPage\":{\"@id\":\"https:\\\/\\\/www.neckenmarkt.net\\\/gemeinde\\\/annakapelle\\\/#primaryimage\"},\"image\":{\"@id\":\"https:\\\/\\\/www.neckenmarkt.net\\\/gemeinde\\\/annakapelle\\\/#primaryimage\"},\"thumbnailUrl\":\"http:\\\/\\\/www.neckenmarkt.net\\\/gemeinde\\\/wp-content\\\/uploads\\\/2018\\\/11\\\/Donatuskapelle.jpg\",\"datePublished\":\"2018-09-20T14:15:46+00:00\",\"dateModified\":\"2020-08-31T16:08:31+00:00\",\"breadcrumb\":{\"@id\":\"https:\\\/\\\/www.neckenmarkt.net\\\/gemeinde\\\/annakapelle\\\/#breadcrumb\"},\"inLanguage\":\"de\",\"potentialAction\":[{\"@type\":\"ReadAction\",\"target\":[\"https:\\\/\\\/www.neckenmarkt.net\\\/gemeinde\\\/annakapelle\\\/\"]}]},{\"@type\":\"ImageObject\",\"inLanguage\":\"de\",\"@id\":\"https:\\\/\\\/www.neckenmarkt.net\\\/gemeinde\\\/annakapelle\\\/#primaryimage\",\"url\":\"http:\\\/\\\/www.neckenmarkt.net\\\/gemeinde\\\/wp-content\\\/uploads\\\/2018\\\/11\\\/Donatuskapelle.jpg\",\"contentUrl\":\"http:\\\/\\\/www.neckenmarkt.net\\\/gemeinde\\\/wp-content\\\/uploads\\\/2018\\\/11\\\/Donatuskapelle.jpg\"},{\"@type\":\"BreadcrumbList\",\"@id\":\"https:\\\/\\\/www.neckenmarkt.net\\\/gemeinde\\\/annakapelle\\\/#breadcrumb\",\"itemListElement\":[{\"@type\":\"ListItem\",\"position\":1,\"name\":\"Startseite\",\"item\":\"https:\\\/\\\/www.neckenmarkt.net\\\/gemeinde\\\/\"},{\"@type\":\"ListItem\",\"position\":2,\"name\":\"Kapellen\"}]},{\"@type\":\"WebSite\",\"@id\":\"https:\\\/\\\/www.neckenmarkt.net\\\/gemeinde\\\/#website\",\"url\":\"https:\\\/\\\/www.neckenmarkt.net\\\/gemeinde\\\/\",\"name\":\"Marktgemeinde Neckenmarkt\",\"description\":\"\",\"publisher\":{\"@id\":\"https:\\\/\\\/www.neckenmarkt.net\\\/gemeinde\\\/#organization\"},\"potentialAction\":[{\"@type\":\"SearchAction\",\"target\":{\"@type\":\"EntryPoint\",\"urlTemplate\":\"https:\\\/\\\/www.neckenmarkt.net\\\/gemeinde\\\/?s={search_term_string}\"},\"query-input\":{\"@type\":\"PropertyValueSpecification\",\"valueRequired\":true,\"valueName\":\"search_term_string\"}}],\"inLanguage\":\"de\"},{\"@type\":\"Organization\",\"@id\":\"https:\\\/\\\/www.neckenmarkt.net\\\/gemeinde\\\/#organization\",\"name\":\"Marktgemeinde Neckenmarkt\",\"url\":\"https:\\\/\\\/www.neckenmarkt.net\\\/gemeinde\\\/\",\"logo\":{\"@type\":\"ImageObject\",\"inLanguage\":\"de\",\"@id\":\"https:\\\/\\\/www.neckenmarkt.net\\\/gemeinde\\\/#\\\/schema\\\/logo\\\/image\\\/\",\"url\":\"https:\\\/\\\/www.neckenmarkt.net\\\/gemeinde\\\/wp-content\\\/uploads\\\/2018\\\/12\\\/LogoF-e1547210885414.png\",\"contentUrl\":\"https:\\\/\\\/www.neckenmarkt.net\\\/gemeinde\\\/wp-content\\\/uploads\\\/2018\\\/12\\\/LogoF-e1547210885414.png\",\"width\":58,\"height\":90,\"caption\":\"Marktgemeinde Neckenmarkt\"},\"image\":{\"@id\":\"https:\\\/\\\/www.neckenmarkt.net\\\/gemeinde\\\/#\\\/schema\\\/logo\\\/image\\\/\"},\"sameAs\":[\"https:\\\/\\\/de.wikipedia.org\\\/wiki\\\/Neckenmarkt\"]}]}<\/script>\n<!-- \/ Yoast SEO plugin. -->","yoast_head_json":{"title":"Kapellen - Marktgemeinde Neckenmarkt","robots":{"index":"index","follow":"follow","max-snippet":"max-snippet:-1","max-image-preview":"max-image-preview:large","max-video-preview":"max-video-preview:-1"},"canonical":"https:\/\/www.neckenmarkt.net\/gemeinde\/annakapelle\/","og_locale":"de_DE","og_type":"article","og_title":"Kapellen - Marktgemeinde Neckenmarkt","og_description":"Die Kapelle zu Ehren des heiligen Donatus wird im Volksmund Weingartenkapelle genannt. Sie wurde 1735 unter Abtpfarrer Johannes Rohrer errichtet. Johannes Rohrer ist am 28. August 1671 in Neckenmarkt geboren [&hellip;]","og_url":"https:\/\/www.neckenmarkt.net\/gemeinde\/annakapelle\/","og_site_name":"Marktgemeinde Neckenmarkt","article_modified_time":"2020-08-31T16:08:31+00:00","og_image":[{"url":"http:\/\/www.neckenmarkt.net\/gemeinde\/wp-content\/uploads\/2018\/11\/Donatuskapelle.jpg","type":"","width":"","height":""}],"twitter_card":"summary_large_image","twitter_misc":{"Gesch\u00e4tzte Lesezeit":"7\u00a0Minuten"},"schema":{"@context":"https:\/\/schema.org","@graph":[{"@type":"WebPage","@id":"https:\/\/www.neckenmarkt.net\/gemeinde\/annakapelle\/","url":"https:\/\/www.neckenmarkt.net\/gemeinde\/annakapelle\/","name":"Kapellen - Marktgemeinde Neckenmarkt","isPartOf":{"@id":"https:\/\/www.neckenmarkt.net\/gemeinde\/#website"},"primaryImageOfPage":{"@id":"https:\/\/www.neckenmarkt.net\/gemeinde\/annakapelle\/#primaryimage"},"image":{"@id":"https:\/\/www.neckenmarkt.net\/gemeinde\/annakapelle\/#primaryimage"},"thumbnailUrl":"http:\/\/www.neckenmarkt.net\/gemeinde\/wp-content\/uploads\/2018\/11\/Donatuskapelle.jpg","datePublished":"2018-09-20T14:15:46+00:00","dateModified":"2020-08-31T16:08:31+00:00","breadcrumb":{"@id":"https:\/\/www.neckenmarkt.net\/gemeinde\/annakapelle\/#breadcrumb"},"inLanguage":"de","potentialAction":[{"@type":"ReadAction","target":["https:\/\/www.neckenmarkt.net\/gemeinde\/annakapelle\/"]}]},{"@type":"ImageObject","inLanguage":"de","@id":"https:\/\/www.neckenmarkt.net\/gemeinde\/annakapelle\/#primaryimage","url":"http:\/\/www.neckenmarkt.net\/gemeinde\/wp-content\/uploads\/2018\/11\/Donatuskapelle.jpg","contentUrl":"http:\/\/www.neckenmarkt.net\/gemeinde\/wp-content\/uploads\/2018\/11\/Donatuskapelle.jpg"},{"@type":"BreadcrumbList","@id":"https:\/\/www.neckenmarkt.net\/gemeinde\/annakapelle\/#breadcrumb","itemListElement":[{"@type":"ListItem","position":1,"name":"Startseite","item":"https:\/\/www.neckenmarkt.net\/gemeinde\/"},{"@type":"ListItem","position":2,"name":"Kapellen"}]},{"@type":"WebSite","@id":"https:\/\/www.neckenmarkt.net\/gemeinde\/#website","url":"https:\/\/www.neckenmarkt.net\/gemeinde\/","name":"Marktgemeinde Neckenmarkt","description":"","publisher":{"@id":"https:\/\/www.neckenmarkt.net\/gemeinde\/#organization"},"potentialAction":[{"@type":"SearchAction","target":{"@type":"EntryPoint","urlTemplate":"https:\/\/www.neckenmarkt.net\/gemeinde\/?s={search_term_string}"},"query-input":{"@type":"PropertyValueSpecification","valueRequired":true,"valueName":"search_term_string"}}],"inLanguage":"de"},{"@type":"Organization","@id":"https:\/\/www.neckenmarkt.net\/gemeinde\/#organization","name":"Marktgemeinde Neckenmarkt","url":"https:\/\/www.neckenmarkt.net\/gemeinde\/","logo":{"@type":"ImageObject","inLanguage":"de","@id":"https:\/\/www.neckenmarkt.net\/gemeinde\/#\/schema\/logo\/image\/","url":"https:\/\/www.neckenmarkt.net\/gemeinde\/wp-content\/uploads\/2018\/12\/LogoF-e1547210885414.png","contentUrl":"https:\/\/www.neckenmarkt.net\/gemeinde\/wp-content\/uploads\/2018\/12\/LogoF-e1547210885414.png","width":58,"height":90,"caption":"Marktgemeinde Neckenmarkt"},"image":{"@id":"https:\/\/www.neckenmarkt.net\/gemeinde\/#\/schema\/logo\/image\/"},"sameAs":["https:\/\/de.wikipedia.org\/wiki\/Neckenmarkt"]}]}},"_links":{"self":[{"href":"https:\/\/www.neckenmarkt.net\/gemeinde\/wp-json\/wp\/v2\/pages\/454","targetHints":{"allow":["GET"]}}],"collection":[{"href":"https:\/\/www.neckenmarkt.net\/gemeinde\/wp-json\/wp\/v2\/pages"}],"about":[{"href":"https:\/\/www.neckenmarkt.net\/gemeinde\/wp-json\/wp\/v2\/types\/page"}],"author":[{"embeddable":true,"href":"https:\/\/www.neckenmarkt.net\/gemeinde\/wp-json\/wp\/v2\/users\/1"}],"replies":[{"embeddable":true,"href":"https:\/\/www.neckenmarkt.net\/gemeinde\/wp-json\/wp\/v2\/comments?post=454"}],"version-history":[{"count":0,"href":"https:\/\/www.neckenmarkt.net\/gemeinde\/wp-json\/wp\/v2\/pages\/454\/revisions"}],"wp:attachment":[{"href":"https:\/\/www.neckenmarkt.net\/gemeinde\/wp-json\/wp\/v2\/media?parent=454"}],"curies":[{"name":"wp","href":"https:\/\/api.w.org\/{rel}","templated":true}]}}