{"id":6392,"date":"2019-02-03T17:41:50","date_gmt":"2019-02-03T16:41:50","guid":{"rendered":"http:\/\/www.neckenmarkt.net\/gemeinde\/?page_id=6392"},"modified":"2021-02-18T15:35:57","modified_gmt":"2021-02-18T14:35:57","slug":"fahnenschwinger-blaskapelle","status":"publish","type":"page","link":"https:\/\/www.neckenmarkt.net\/gemeinde\/fahnenschwinger-blaskapelle\/","title":{"rendered":"Fahnenschwinger Blaskapelle"},"content":{"rendered":"\t\t<div data-elementor-type=\"wp-post\" data-elementor-id=\"6392\" class=\"elementor elementor-6392\">\n\t\t\t\t\t\t<section class=\"elementor-section elementor-top-section elementor-element elementor-element-208ea1d elementor-section-full_width elementor-section-height-default elementor-section-height-default\" data-id=\"208ea1d\" data-element_type=\"section\" data-e-type=\"section\">\n\t\t\t\t\t\t<div class=\"elementor-container elementor-column-gap-default\">\n\t\t\t\t\t<div class=\"elementor-column elementor-col-100 elementor-top-column elementor-element elementor-element-ff94b12\" data-id=\"ff94b12\" data-element_type=\"column\" data-e-type=\"column\">\n\t\t\t<div class=\"elementor-widget-wrap elementor-element-populated\">\n\t\t\t\t\t\t<div class=\"elementor-element elementor-element-4a6478d elementor-widget elementor-widget-text-editor\" data-id=\"4a6478d\" data-element_type=\"widget\" data-e-type=\"widget\" data-widget_type=\"text-editor.default\">\n\t\t\t\t<div class=\"elementor-widget-container\">\n\t\t\t\t\t\t\t\t\t<p style=\"text-align: justify;\"><span style=\"font-family: tahoma, arial, helvetica, sans-serif; font-size: 16px;\">Die Fahnenschwinger Blaskapelle wurde vor 20 Jahren vom heutigen Kapellmeister Otto Scheu gegr\u00fcndet. Die Musiker \u00fcberzeugen optisch durch die b\u00e4uerliche Tracht und musikalisch durch das typische Neckenmarkter Repertoire. Die Musikanten sind die gefragte Hochzeitspartie mit Qualit\u00e4tsanspr\u00fcchen.\u00a0<br \/><\/span><\/p>\n<p style=\"text-align: center;\"><span style=\"font-family: tahoma, arial, helvetica, sans-serif; font-size: 16px;\">n\u00e4here Infos <a href=\"http:\/\/www.fahnenschwinger-blaskapelle.at\/index.php\/ueber-uns.html\" target=\"_blank\" rel=\"noopener\">HIER&#8230;<\/a><\/span><\/p>\t\t\t\t\t\t\t\t<\/div>\n\t\t\t\t<\/div>\n\t\t\t\t\t<\/div>\n\t\t<\/div>\n\t\t\t\t\t<\/div>\n\t\t<\/section>\n\t\t\t\t<section class=\"elementor-section elementor-top-section elementor-element elementor-element-63eaba0 elementor-section-full_width elementor-section-height-default elementor-section-height-default\" data-id=\"63eaba0\" data-element_type=\"section\" data-e-type=\"section\">\n\t\t\t\t\t\t<div class=\"elementor-container elementor-column-gap-default\">\n\t\t\t\t\t<div class=\"elementor-column elementor-col-100 elementor-top-column elementor-element elementor-element-46e7793\" data-id=\"46e7793\" data-element_type=\"column\" data-e-type=\"column\">\n\t\t\t<div class=\"elementor-widget-wrap elementor-element-populated\">\n\t\t\t\t\t\t<div class=\"elementor-element elementor-element-451d650 elementor-widget elementor-widget-image\" data-id=\"451d650\" data-element_type=\"widget\" data-e-type=\"widget\" data-widget_type=\"image.default\">\n\t\t\t\t<div class=\"elementor-widget-container\">\n\t\t\t\t\t\t\t\t\t\t\t\t\t\t\t<img fetchpriority=\"high\" decoding=\"async\" width=\"648\" height=\"227\" src=\"https:\/\/www.neckenmarkt.net\/gemeinde\/wp-content\/uploads\/2019\/02\/Fahnenschwinger-Blaskapelle-e1549214111784.jpg\" class=\"attachment-large size-large wp-image-6405\" alt=\"\" srcset=\"https:\/\/www.neckenmarkt.net\/gemeinde\/wp-content\/uploads\/2019\/02\/Fahnenschwinger-Blaskapelle-e1549214111784.jpg 1000w, https:\/\/www.neckenmarkt.net\/gemeinde\/wp-content\/uploads\/2019\/02\/Fahnenschwinger-Blaskapelle-e1549214111784-300x105.jpg 300w, https:\/\/www.neckenmarkt.net\/gemeinde\/wp-content\/uploads\/2019\/02\/Fahnenschwinger-Blaskapelle-e1549214111784-768x270.jpg 768w\" sizes=\"(max-width: 648px) 100vw, 648px\" \/>\t\t\t\t\t\t\t\t\t\t\t\t\t\t\t<\/div>\n\t\t\t\t<\/div>\n\t\t\t\t\t<\/div>\n\t\t<\/div>\n\t\t\t\t\t<\/div>\n\t\t<\/section>\n\t\t\t\t<\/div>\n\t\t","protected":false},"excerpt":{"rendered":"<p>Die Fahnenschwinger Blaskapelle wurde vor 20 Jahren vom heutigen Kapellmeister Otto Scheu gegr\u00fcndet. Die Musiker \u00fcberzeugen optisch durch die b\u00e4uerliche Tracht und musikalisch durch das typische Neckenmarkter Repertoire. Die Musikanten [&hellip;]<\/p>\n","protected":false},"author":1,"featured_media":0,"parent":0,"menu_order":0,"comment_status":"closed","ping_status":"closed","template":"","meta":{"footnotes":""},"class_list":["post-6392","page","type-page","status-publish","hentry"],"yoast_head":"<!-- This site is optimized with the Yoast SEO plugin v27.4 - https:\/\/yoast.com\/product\/yoast-seo-wordpress\/ -->\n<title>Fahnenschwinger Blaskapelle - Marktgemeinde Neckenmarkt<\/title>\n<meta name=\"robots\" content=\"index, follow, max-snippet:-1, max-image-preview:large, max-video-preview:-1\" \/>\n<link rel=\"canonical\" href=\"https:\/\/www.neckenmarkt.net\/gemeinde\/fahnenschwinger-blaskapelle\/\" \/>\n<meta property=\"og:locale\" content=\"de_DE\" \/>\n<meta property=\"og:type\" content=\"article\" \/>\n<meta property=\"og:title\" content=\"Fahnenschwinger Blaskapelle - Marktgemeinde Neckenmarkt\" \/>\n<meta property=\"og:description\" content=\"Die Fahnenschwinger Blaskapelle wurde vor 20 Jahren vom heutigen Kapellmeister Otto Scheu gegr\u00fcndet. Die Musiker \u00fcberzeugen optisch durch die b\u00e4uerliche Tracht und musikalisch durch das typische Neckenmarkter Repertoire. Die Musikanten [&hellip;]\" \/>\n<meta property=\"og:url\" content=\"https:\/\/www.neckenmarkt.net\/gemeinde\/fahnenschwinger-blaskapelle\/\" \/>\n<meta property=\"og:site_name\" content=\"Marktgemeinde Neckenmarkt\" \/>\n<meta property=\"article:modified_time\" content=\"2021-02-18T14:35:57+00:00\" \/>\n<meta property=\"og:image\" content=\"http:\/\/www.neckenmarkt.net\/gemeinde\/wp-content\/uploads\/2019\/02\/Fahnenschwinger-Blaskapelle-e1549214111784.jpg\" \/>\n<meta name=\"twitter:card\" content=\"summary_large_image\" \/>\n<meta name=\"twitter:label1\" content=\"Gesch\u00e4tzte Lesezeit\" \/>\n\t<meta name=\"twitter:data1\" content=\"1\u00a0Minute\" \/>\n<script type=\"application\/ld+json\" class=\"yoast-schema-graph\">{\"@context\":\"https:\\\/\\\/schema.org\",\"@graph\":[{\"@type\":\"WebPage\",\"@id\":\"https:\\\/\\\/www.neckenmarkt.net\\\/gemeinde\\\/fahnenschwinger-blaskapelle\\\/\",\"url\":\"https:\\\/\\\/www.neckenmarkt.net\\\/gemeinde\\\/fahnenschwinger-blaskapelle\\\/\",\"name\":\"Fahnenschwinger Blaskapelle - Marktgemeinde Neckenmarkt\",\"isPartOf\":{\"@id\":\"https:\\\/\\\/www.neckenmarkt.net\\\/gemeinde\\\/#website\"},\"primaryImageOfPage\":{\"@id\":\"https:\\\/\\\/www.neckenmarkt.net\\\/gemeinde\\\/fahnenschwinger-blaskapelle\\\/#primaryimage\"},\"image\":{\"@id\":\"https:\\\/\\\/www.neckenmarkt.net\\\/gemeinde\\\/fahnenschwinger-blaskapelle\\\/#primaryimage\"},\"thumbnailUrl\":\"http:\\\/\\\/www.neckenmarkt.net\\\/gemeinde\\\/wp-content\\\/uploads\\\/2019\\\/02\\\/Fahnenschwinger-Blaskapelle-e1549214111784.jpg\",\"datePublished\":\"2019-02-03T16:41:50+00:00\",\"dateModified\":\"2021-02-18T14:35:57+00:00\",\"breadcrumb\":{\"@id\":\"https:\\\/\\\/www.neckenmarkt.net\\\/gemeinde\\\/fahnenschwinger-blaskapelle\\\/#breadcrumb\"},\"inLanguage\":\"de\",\"potentialAction\":[{\"@type\":\"ReadAction\",\"target\":[\"https:\\\/\\\/www.neckenmarkt.net\\\/gemeinde\\\/fahnenschwinger-blaskapelle\\\/\"]}]},{\"@type\":\"ImageObject\",\"inLanguage\":\"de\",\"@id\":\"https:\\\/\\\/www.neckenmarkt.net\\\/gemeinde\\\/fahnenschwinger-blaskapelle\\\/#primaryimage\",\"url\":\"https:\\\/\\\/www.neckenmarkt.net\\\/gemeinde\\\/wp-content\\\/uploads\\\/2019\\\/02\\\/Fahnenschwinger-Blaskapelle-e1549214111784.jpg\",\"contentUrl\":\"https:\\\/\\\/www.neckenmarkt.net\\\/gemeinde\\\/wp-content\\\/uploads\\\/2019\\\/02\\\/Fahnenschwinger-Blaskapelle-e1549214111784.jpg\",\"width\":1000,\"height\":351},{\"@type\":\"BreadcrumbList\",\"@id\":\"https:\\\/\\\/www.neckenmarkt.net\\\/gemeinde\\\/fahnenschwinger-blaskapelle\\\/#breadcrumb\",\"itemListElement\":[{\"@type\":\"ListItem\",\"position\":1,\"name\":\"Startseite\",\"item\":\"https:\\\/\\\/www.neckenmarkt.net\\\/gemeinde\\\/\"},{\"@type\":\"ListItem\",\"position\":2,\"name\":\"Fahnenschwinger Blaskapelle\"}]},{\"@type\":\"WebSite\",\"@id\":\"https:\\\/\\\/www.neckenmarkt.net\\\/gemeinde\\\/#website\",\"url\":\"https:\\\/\\\/www.neckenmarkt.net\\\/gemeinde\\\/\",\"name\":\"Marktgemeinde Neckenmarkt\",\"description\":\"\",\"publisher\":{\"@id\":\"https:\\\/\\\/www.neckenmarkt.net\\\/gemeinde\\\/#organization\"},\"potentialAction\":[{\"@type\":\"SearchAction\",\"target\":{\"@type\":\"EntryPoint\",\"urlTemplate\":\"https:\\\/\\\/www.neckenmarkt.net\\\/gemeinde\\\/?s={search_term_string}\"},\"query-input\":{\"@type\":\"PropertyValueSpecification\",\"valueRequired\":true,\"valueName\":\"search_term_string\"}}],\"inLanguage\":\"de\"},{\"@type\":\"Organization\",\"@id\":\"https:\\\/\\\/www.neckenmarkt.net\\\/gemeinde\\\/#organization\",\"name\":\"Marktgemeinde Neckenmarkt\",\"url\":\"https:\\\/\\\/www.neckenmarkt.net\\\/gemeinde\\\/\",\"logo\":{\"@type\":\"ImageObject\",\"inLanguage\":\"de\",\"@id\":\"https:\\\/\\\/www.neckenmarkt.net\\\/gemeinde\\\/#\\\/schema\\\/logo\\\/image\\\/\",\"url\":\"https:\\\/\\\/www.neckenmarkt.net\\\/gemeinde\\\/wp-content\\\/uploads\\\/2018\\\/12\\\/LogoF-e1547210885414.png\",\"contentUrl\":\"https:\\\/\\\/www.neckenmarkt.net\\\/gemeinde\\\/wp-content\\\/uploads\\\/2018\\\/12\\\/LogoF-e1547210885414.png\",\"width\":58,\"height\":90,\"caption\":\"Marktgemeinde Neckenmarkt\"},\"image\":{\"@id\":\"https:\\\/\\\/www.neckenmarkt.net\\\/gemeinde\\\/#\\\/schema\\\/logo\\\/image\\\/\"},\"sameAs\":[\"https:\\\/\\\/de.wikipedia.org\\\/wiki\\\/Neckenmarkt\"]}]}<\/script>\n<!-- \/ Yoast SEO plugin. -->","yoast_head_json":{"title":"Fahnenschwinger Blaskapelle - Marktgemeinde Neckenmarkt","robots":{"index":"index","follow":"follow","max-snippet":"max-snippet:-1","max-image-preview":"max-image-preview:large","max-video-preview":"max-video-preview:-1"},"canonical":"https:\/\/www.neckenmarkt.net\/gemeinde\/fahnenschwinger-blaskapelle\/","og_locale":"de_DE","og_type":"article","og_title":"Fahnenschwinger Blaskapelle - Marktgemeinde Neckenmarkt","og_description":"Die Fahnenschwinger Blaskapelle wurde vor 20 Jahren vom heutigen Kapellmeister Otto Scheu gegr\u00fcndet. Die Musiker \u00fcberzeugen optisch durch die b\u00e4uerliche Tracht und musikalisch durch das typische Neckenmarkter Repertoire. Die Musikanten [&hellip;]","og_url":"https:\/\/www.neckenmarkt.net\/gemeinde\/fahnenschwinger-blaskapelle\/","og_site_name":"Marktgemeinde Neckenmarkt","article_modified_time":"2021-02-18T14:35:57+00:00","og_image":[{"url":"http:\/\/www.neckenmarkt.net\/gemeinde\/wp-content\/uploads\/2019\/02\/Fahnenschwinger-Blaskapelle-e1549214111784.jpg","type":"","width":"","height":""}],"twitter_card":"summary_large_image","twitter_misc":{"Gesch\u00e4tzte Lesezeit":"1\u00a0Minute"},"schema":{"@context":"https:\/\/schema.org","@graph":[{"@type":"WebPage","@id":"https:\/\/www.neckenmarkt.net\/gemeinde\/fahnenschwinger-blaskapelle\/","url":"https:\/\/www.neckenmarkt.net\/gemeinde\/fahnenschwinger-blaskapelle\/","name":"Fahnenschwinger Blaskapelle - Marktgemeinde Neckenmarkt","isPartOf":{"@id":"https:\/\/www.neckenmarkt.net\/gemeinde\/#website"},"primaryImageOfPage":{"@id":"https:\/\/www.neckenmarkt.net\/gemeinde\/fahnenschwinger-blaskapelle\/#primaryimage"},"image":{"@id":"https:\/\/www.neckenmarkt.net\/gemeinde\/fahnenschwinger-blaskapelle\/#primaryimage"},"thumbnailUrl":"http:\/\/www.neckenmarkt.net\/gemeinde\/wp-content\/uploads\/2019\/02\/Fahnenschwinger-Blaskapelle-e1549214111784.jpg","datePublished":"2019-02-03T16:41:50+00:00","dateModified":"2021-02-18T14:35:57+00:00","breadcrumb":{"@id":"https:\/\/www.neckenmarkt.net\/gemeinde\/fahnenschwinger-blaskapelle\/#breadcrumb"},"inLanguage":"de","potentialAction":[{"@type":"ReadAction","target":["https:\/\/www.neckenmarkt.net\/gemeinde\/fahnenschwinger-blaskapelle\/"]}]},{"@type":"ImageObject","inLanguage":"de","@id":"https:\/\/www.neckenmarkt.net\/gemeinde\/fahnenschwinger-blaskapelle\/#primaryimage","url":"https:\/\/www.neckenmarkt.net\/gemeinde\/wp-content\/uploads\/2019\/02\/Fahnenschwinger-Blaskapelle-e1549214111784.jpg","contentUrl":"https:\/\/www.neckenmarkt.net\/gemeinde\/wp-content\/uploads\/2019\/02\/Fahnenschwinger-Blaskapelle-e1549214111784.jpg","width":1000,"height":351},{"@type":"BreadcrumbList","@id":"https:\/\/www.neckenmarkt.net\/gemeinde\/fahnenschwinger-blaskapelle\/#breadcrumb","itemListElement":[{"@type":"ListItem","position":1,"name":"Startseite","item":"https:\/\/www.neckenmarkt.net\/gemeinde\/"},{"@type":"ListItem","position":2,"name":"Fahnenschwinger Blaskapelle"}]},{"@type":"WebSite","@id":"https:\/\/www.neckenmarkt.net\/gemeinde\/#website","url":"https:\/\/www.neckenmarkt.net\/gemeinde\/","name":"Marktgemeinde Neckenmarkt","description":"","publisher":{"@id":"https:\/\/www.neckenmarkt.net\/gemeinde\/#organization"},"potentialAction":[{"@type":"SearchAction","target":{"@type":"EntryPoint","urlTemplate":"https:\/\/www.neckenmarkt.net\/gemeinde\/?s={search_term_string}"},"query-input":{"@type":"PropertyValueSpecification","valueRequired":true,"valueName":"search_term_string"}}],"inLanguage":"de"},{"@type":"Organization","@id":"https:\/\/www.neckenmarkt.net\/gemeinde\/#organization","name":"Marktgemeinde Neckenmarkt","url":"https:\/\/www.neckenmarkt.net\/gemeinde\/","logo":{"@type":"ImageObject","inLanguage":"de","@id":"https:\/\/www.neckenmarkt.net\/gemeinde\/#\/schema\/logo\/image\/","url":"https:\/\/www.neckenmarkt.net\/gemeinde\/wp-content\/uploads\/2018\/12\/LogoF-e1547210885414.png","contentUrl":"https:\/\/www.neckenmarkt.net\/gemeinde\/wp-content\/uploads\/2018\/12\/LogoF-e1547210885414.png","width":58,"height":90,"caption":"Marktgemeinde Neckenmarkt"},"image":{"@id":"https:\/\/www.neckenmarkt.net\/gemeinde\/#\/schema\/logo\/image\/"},"sameAs":["https:\/\/de.wikipedia.org\/wiki\/Neckenmarkt"]}]}},"_links":{"self":[{"href":"https:\/\/www.neckenmarkt.net\/gemeinde\/wp-json\/wp\/v2\/pages\/6392","targetHints":{"allow":["GET"]}}],"collection":[{"href":"https:\/\/www.neckenmarkt.net\/gemeinde\/wp-json\/wp\/v2\/pages"}],"about":[{"href":"https:\/\/www.neckenmarkt.net\/gemeinde\/wp-json\/wp\/v2\/types\/page"}],"author":[{"embeddable":true,"href":"https:\/\/www.neckenmarkt.net\/gemeinde\/wp-json\/wp\/v2\/users\/1"}],"replies":[{"embeddable":true,"href":"https:\/\/www.neckenmarkt.net\/gemeinde\/wp-json\/wp\/v2\/comments?post=6392"}],"version-history":[{"count":0,"href":"https:\/\/www.neckenmarkt.net\/gemeinde\/wp-json\/wp\/v2\/pages\/6392\/revisions"}],"wp:attachment":[{"href":"https:\/\/www.neckenmarkt.net\/gemeinde\/wp-json\/wp\/v2\/media?parent=6392"}],"curies":[{"name":"wp","href":"https:\/\/api.w.org\/{rel}","templated":true}]}}