{"id":6409,"date":"2019-02-03T18:19:49","date_gmt":"2019-02-03T17:19:49","guid":{"rendered":"http:\/\/www.neckenmarkt.net\/gemeinde\/?page_id=6409"},"modified":"2021-02-18T15:32:01","modified_gmt":"2021-02-18T14:32:01","slug":"donatus-blaskapelle","status":"publish","type":"page","link":"https:\/\/www.neckenmarkt.net\/gemeinde\/donatus-blaskapelle\/","title":{"rendered":"Donatus Blaskapelle"},"content":{"rendered":"\t\t<div data-elementor-type=\"wp-post\" data-elementor-id=\"6409\" class=\"elementor elementor-6409\">\n\t\t\t\t\t\t<section class=\"elementor-section elementor-top-section elementor-element elementor-element-72f1822 elementor-section-full_width elementor-section-height-default elementor-section-height-default\" data-id=\"72f1822\" data-element_type=\"section\" data-e-type=\"section\">\n\t\t\t\t\t\t<div class=\"elementor-container elementor-column-gap-default\">\n\t\t\t\t\t<div class=\"elementor-column elementor-col-100 elementor-top-column elementor-element elementor-element-c8cf814\" data-id=\"c8cf814\" data-element_type=\"column\" data-e-type=\"column\">\n\t\t\t<div class=\"elementor-widget-wrap elementor-element-populated\">\n\t\t\t\t\t\t<div class=\"elementor-element elementor-element-d2f004d elementor-widget elementor-widget-text-editor\" data-id=\"d2f004d\" data-element_type=\"widget\" data-e-type=\"widget\" data-widget_type=\"text-editor.default\">\n\t\t\t\t<div class=\"elementor-widget-container\">\n\t\t\t\t\t\t\t\t\t<p style=\"text-align: left;\"><span style=\"font-family: tahoma, arial, helvetica, sans-serif; font-size: 16px;\">Kapellmeister Hermann Ecker hat die Formation vor 15 Jahren zusammen gestellt. Sie spielen mit 15 Mann in typisch b\u00f6hmischer Besetzung Hochzeitsm\u00e4rsche, Fr\u00fch- und D\u00e4mmerschoppen sowie B\u00e4lle.<\/span><\/p>\n<p style=\"text-align: left; padding-left: 160px;\"><span style=\"font-family: tahoma, arial, helvetica, sans-serif; font-size: 16px;\">n\u00e4here Infos <a href=\"https:\/\/de-de.facebook.com\/blaskapelledonatus\/\" target=\"_blank\" rel=\"noopener\">HIER&#8230;<\/a><\/span><\/p>\n<p style=\"text-align: center;\">\u00a0<\/p>\t\t\t\t\t\t\t\t<\/div>\n\t\t\t\t<\/div>\n\t\t\t\t\t<\/div>\n\t\t<\/div>\n\t\t\t\t\t<\/div>\n\t\t<\/section>\n\t\t\t\t<section class=\"elementor-section elementor-top-section elementor-element elementor-element-3f1bd9c elementor-section-full_width elementor-section-height-default elementor-section-height-default\" data-id=\"3f1bd9c\" data-element_type=\"section\" data-e-type=\"section\">\n\t\t\t\t\t\t<div class=\"elementor-container elementor-column-gap-default\">\n\t\t\t\t\t<div class=\"elementor-column elementor-col-100 elementor-top-column elementor-element elementor-element-760305b\" data-id=\"760305b\" data-element_type=\"column\" data-e-type=\"column\">\n\t\t\t<div class=\"elementor-widget-wrap elementor-element-populated\">\n\t\t\t\t\t\t<div class=\"elementor-element elementor-element-dbbf172 elementor-widget elementor-widget-image\" data-id=\"dbbf172\" data-element_type=\"widget\" data-e-type=\"widget\" data-widget_type=\"image.default\">\n\t\t\t\t<div class=\"elementor-widget-container\">\n\t\t\t\t\t\t\t\t\t\t\t\t\t\t\t<img fetchpriority=\"high\" decoding=\"async\" width=\"648\" height=\"432\" src=\"https:\/\/www.neckenmarkt.net\/gemeinde\/wp-content\/uploads\/2019\/02\/Donatus-Blaskapelle.jpg\" class=\"attachment-large size-large wp-image-6412\" alt=\"\" srcset=\"https:\/\/www.neckenmarkt.net\/gemeinde\/wp-content\/uploads\/2019\/02\/Donatus-Blaskapelle.jpg 960w, https:\/\/www.neckenmarkt.net\/gemeinde\/wp-content\/uploads\/2019\/02\/Donatus-Blaskapelle-300x200.jpg 300w, https:\/\/www.neckenmarkt.net\/gemeinde\/wp-content\/uploads\/2019\/02\/Donatus-Blaskapelle-768x512.jpg 768w\" sizes=\"(max-width: 648px) 100vw, 648px\" \/>\t\t\t\t\t\t\t\t\t\t\t\t\t\t\t<\/div>\n\t\t\t\t<\/div>\n\t\t\t\t\t<\/div>\n\t\t<\/div>\n\t\t\t\t\t<\/div>\n\t\t<\/section>\n\t\t\t\t<\/div>\n\t\t","protected":false},"excerpt":{"rendered":"<p>Kapellmeister Hermann Ecker hat die Formation vor 15 Jahren zusammen gestellt. Sie spielen mit 15 Mann in typisch b\u00f6hmischer Besetzung Hochzeitsm\u00e4rsche, Fr\u00fch- und D\u00e4mmerschoppen sowie B\u00e4lle. n\u00e4here Infos HIER&#8230; \u00a0<\/p>\n","protected":false},"author":1,"featured_media":0,"parent":0,"menu_order":0,"comment_status":"closed","ping_status":"closed","template":"","meta":{"footnotes":""},"class_list":["post-6409","page","type-page","status-publish","hentry"],"yoast_head":"<!-- This site is optimized with the Yoast SEO plugin v27.5 - https:\/\/yoast.com\/product\/yoast-seo-wordpress\/ -->\n<title>Donatus Blaskapelle - Marktgemeinde Neckenmarkt<\/title>\n<meta name=\"robots\" content=\"index, follow, max-snippet:-1, max-image-preview:large, max-video-preview:-1\" \/>\n<link rel=\"canonical\" href=\"https:\/\/www.neckenmarkt.net\/gemeinde\/donatus-blaskapelle\/\" \/>\n<meta property=\"og:locale\" content=\"de_DE\" \/>\n<meta property=\"og:type\" content=\"article\" \/>\n<meta property=\"og:title\" content=\"Donatus Blaskapelle - Marktgemeinde Neckenmarkt\" \/>\n<meta property=\"og:description\" content=\"Kapellmeister Hermann Ecker hat die Formation vor 15 Jahren zusammen gestellt. Sie spielen mit 15 Mann in typisch b\u00f6hmischer Besetzung Hochzeitsm\u00e4rsche, Fr\u00fch- und D\u00e4mmerschoppen sowie B\u00e4lle. n\u00e4here Infos HIER&#8230; \u00a0\" \/>\n<meta property=\"og:url\" content=\"https:\/\/www.neckenmarkt.net\/gemeinde\/donatus-blaskapelle\/\" \/>\n<meta property=\"og:site_name\" content=\"Marktgemeinde Neckenmarkt\" \/>\n<meta property=\"article:modified_time\" content=\"2021-02-18T14:32:01+00:00\" \/>\n<meta property=\"og:image\" content=\"http:\/\/www.neckenmarkt.net\/gemeinde\/wp-content\/uploads\/2019\/02\/Donatus-Blaskapelle.jpg\" \/>\n<meta name=\"twitter:card\" content=\"summary_large_image\" \/>\n<meta name=\"twitter:label1\" content=\"Gesch\u00e4tzte Lesezeit\" \/>\n\t<meta name=\"twitter:data1\" content=\"1\u00a0Minute\" \/>\n<script type=\"application\/ld+json\" class=\"yoast-schema-graph\">{\"@context\":\"https:\\\/\\\/schema.org\",\"@graph\":[{\"@type\":\"WebPage\",\"@id\":\"https:\\\/\\\/www.neckenmarkt.net\\\/gemeinde\\\/donatus-blaskapelle\\\/\",\"url\":\"https:\\\/\\\/www.neckenmarkt.net\\\/gemeinde\\\/donatus-blaskapelle\\\/\",\"name\":\"Donatus Blaskapelle - Marktgemeinde Neckenmarkt\",\"isPartOf\":{\"@id\":\"https:\\\/\\\/www.neckenmarkt.net\\\/gemeinde\\\/#website\"},\"primaryImageOfPage\":{\"@id\":\"https:\\\/\\\/www.neckenmarkt.net\\\/gemeinde\\\/donatus-blaskapelle\\\/#primaryimage\"},\"image\":{\"@id\":\"https:\\\/\\\/www.neckenmarkt.net\\\/gemeinde\\\/donatus-blaskapelle\\\/#primaryimage\"},\"thumbnailUrl\":\"http:\\\/\\\/www.neckenmarkt.net\\\/gemeinde\\\/wp-content\\\/uploads\\\/2019\\\/02\\\/Donatus-Blaskapelle.jpg\",\"datePublished\":\"2019-02-03T17:19:49+00:00\",\"dateModified\":\"2021-02-18T14:32:01+00:00\",\"breadcrumb\":{\"@id\":\"https:\\\/\\\/www.neckenmarkt.net\\\/gemeinde\\\/donatus-blaskapelle\\\/#breadcrumb\"},\"inLanguage\":\"de\",\"potentialAction\":[{\"@type\":\"ReadAction\",\"target\":[\"https:\\\/\\\/www.neckenmarkt.net\\\/gemeinde\\\/donatus-blaskapelle\\\/\"]}]},{\"@type\":\"ImageObject\",\"inLanguage\":\"de\",\"@id\":\"https:\\\/\\\/www.neckenmarkt.net\\\/gemeinde\\\/donatus-blaskapelle\\\/#primaryimage\",\"url\":\"https:\\\/\\\/www.neckenmarkt.net\\\/gemeinde\\\/wp-content\\\/uploads\\\/2019\\\/02\\\/Donatus-Blaskapelle.jpg\",\"contentUrl\":\"https:\\\/\\\/www.neckenmarkt.net\\\/gemeinde\\\/wp-content\\\/uploads\\\/2019\\\/02\\\/Donatus-Blaskapelle.jpg\",\"width\":960,\"height\":640},{\"@type\":\"BreadcrumbList\",\"@id\":\"https:\\\/\\\/www.neckenmarkt.net\\\/gemeinde\\\/donatus-blaskapelle\\\/#breadcrumb\",\"itemListElement\":[{\"@type\":\"ListItem\",\"position\":1,\"name\":\"Startseite\",\"item\":\"https:\\\/\\\/www.neckenmarkt.net\\\/gemeinde\\\/\"},{\"@type\":\"ListItem\",\"position\":2,\"name\":\"Donatus Blaskapelle\"}]},{\"@type\":\"WebSite\",\"@id\":\"https:\\\/\\\/www.neckenmarkt.net\\\/gemeinde\\\/#website\",\"url\":\"https:\\\/\\\/www.neckenmarkt.net\\\/gemeinde\\\/\",\"name\":\"Marktgemeinde Neckenmarkt\",\"description\":\"\",\"publisher\":{\"@id\":\"https:\\\/\\\/www.neckenmarkt.net\\\/gemeinde\\\/#organization\"},\"potentialAction\":[{\"@type\":\"SearchAction\",\"target\":{\"@type\":\"EntryPoint\",\"urlTemplate\":\"https:\\\/\\\/www.neckenmarkt.net\\\/gemeinde\\\/?s={search_term_string}\"},\"query-input\":{\"@type\":\"PropertyValueSpecification\",\"valueRequired\":true,\"valueName\":\"search_term_string\"}}],\"inLanguage\":\"de\"},{\"@type\":\"Organization\",\"@id\":\"https:\\\/\\\/www.neckenmarkt.net\\\/gemeinde\\\/#organization\",\"name\":\"Marktgemeinde Neckenmarkt\",\"url\":\"https:\\\/\\\/www.neckenmarkt.net\\\/gemeinde\\\/\",\"logo\":{\"@type\":\"ImageObject\",\"inLanguage\":\"de\",\"@id\":\"https:\\\/\\\/www.neckenmarkt.net\\\/gemeinde\\\/#\\\/schema\\\/logo\\\/image\\\/\",\"url\":\"https:\\\/\\\/www.neckenmarkt.net\\\/gemeinde\\\/wp-content\\\/uploads\\\/2018\\\/12\\\/LogoF-e1547210885414.png\",\"contentUrl\":\"https:\\\/\\\/www.neckenmarkt.net\\\/gemeinde\\\/wp-content\\\/uploads\\\/2018\\\/12\\\/LogoF-e1547210885414.png\",\"width\":58,\"height\":90,\"caption\":\"Marktgemeinde Neckenmarkt\"},\"image\":{\"@id\":\"https:\\\/\\\/www.neckenmarkt.net\\\/gemeinde\\\/#\\\/schema\\\/logo\\\/image\\\/\"},\"sameAs\":[\"https:\\\/\\\/de.wikipedia.org\\\/wiki\\\/Neckenmarkt\"]}]}<\/script>\n<!-- \/ Yoast SEO plugin. -->","yoast_head_json":{"title":"Donatus Blaskapelle - Marktgemeinde Neckenmarkt","robots":{"index":"index","follow":"follow","max-snippet":"max-snippet:-1","max-image-preview":"max-image-preview:large","max-video-preview":"max-video-preview:-1"},"canonical":"https:\/\/www.neckenmarkt.net\/gemeinde\/donatus-blaskapelle\/","og_locale":"de_DE","og_type":"article","og_title":"Donatus Blaskapelle - Marktgemeinde Neckenmarkt","og_description":"Kapellmeister Hermann Ecker hat die Formation vor 15 Jahren zusammen gestellt. Sie spielen mit 15 Mann in typisch b\u00f6hmischer Besetzung Hochzeitsm\u00e4rsche, Fr\u00fch- und D\u00e4mmerschoppen sowie B\u00e4lle. n\u00e4here Infos HIER&#8230; \u00a0","og_url":"https:\/\/www.neckenmarkt.net\/gemeinde\/donatus-blaskapelle\/","og_site_name":"Marktgemeinde Neckenmarkt","article_modified_time":"2021-02-18T14:32:01+00:00","og_image":[{"url":"http:\/\/www.neckenmarkt.net\/gemeinde\/wp-content\/uploads\/2019\/02\/Donatus-Blaskapelle.jpg","type":"","width":"","height":""}],"twitter_card":"summary_large_image","twitter_misc":{"Gesch\u00e4tzte Lesezeit":"1\u00a0Minute"},"schema":{"@context":"https:\/\/schema.org","@graph":[{"@type":"WebPage","@id":"https:\/\/www.neckenmarkt.net\/gemeinde\/donatus-blaskapelle\/","url":"https:\/\/www.neckenmarkt.net\/gemeinde\/donatus-blaskapelle\/","name":"Donatus Blaskapelle - Marktgemeinde Neckenmarkt","isPartOf":{"@id":"https:\/\/www.neckenmarkt.net\/gemeinde\/#website"},"primaryImageOfPage":{"@id":"https:\/\/www.neckenmarkt.net\/gemeinde\/donatus-blaskapelle\/#primaryimage"},"image":{"@id":"https:\/\/www.neckenmarkt.net\/gemeinde\/donatus-blaskapelle\/#primaryimage"},"thumbnailUrl":"http:\/\/www.neckenmarkt.net\/gemeinde\/wp-content\/uploads\/2019\/02\/Donatus-Blaskapelle.jpg","datePublished":"2019-02-03T17:19:49+00:00","dateModified":"2021-02-18T14:32:01+00:00","breadcrumb":{"@id":"https:\/\/www.neckenmarkt.net\/gemeinde\/donatus-blaskapelle\/#breadcrumb"},"inLanguage":"de","potentialAction":[{"@type":"ReadAction","target":["https:\/\/www.neckenmarkt.net\/gemeinde\/donatus-blaskapelle\/"]}]},{"@type":"ImageObject","inLanguage":"de","@id":"https:\/\/www.neckenmarkt.net\/gemeinde\/donatus-blaskapelle\/#primaryimage","url":"https:\/\/www.neckenmarkt.net\/gemeinde\/wp-content\/uploads\/2019\/02\/Donatus-Blaskapelle.jpg","contentUrl":"https:\/\/www.neckenmarkt.net\/gemeinde\/wp-content\/uploads\/2019\/02\/Donatus-Blaskapelle.jpg","width":960,"height":640},{"@type":"BreadcrumbList","@id":"https:\/\/www.neckenmarkt.net\/gemeinde\/donatus-blaskapelle\/#breadcrumb","itemListElement":[{"@type":"ListItem","position":1,"name":"Startseite","item":"https:\/\/www.neckenmarkt.net\/gemeinde\/"},{"@type":"ListItem","position":2,"name":"Donatus Blaskapelle"}]},{"@type":"WebSite","@id":"https:\/\/www.neckenmarkt.net\/gemeinde\/#website","url":"https:\/\/www.neckenmarkt.net\/gemeinde\/","name":"Marktgemeinde Neckenmarkt","description":"","publisher":{"@id":"https:\/\/www.neckenmarkt.net\/gemeinde\/#organization"},"potentialAction":[{"@type":"SearchAction","target":{"@type":"EntryPoint","urlTemplate":"https:\/\/www.neckenmarkt.net\/gemeinde\/?s={search_term_string}"},"query-input":{"@type":"PropertyValueSpecification","valueRequired":true,"valueName":"search_term_string"}}],"inLanguage":"de"},{"@type":"Organization","@id":"https:\/\/www.neckenmarkt.net\/gemeinde\/#organization","name":"Marktgemeinde Neckenmarkt","url":"https:\/\/www.neckenmarkt.net\/gemeinde\/","logo":{"@type":"ImageObject","inLanguage":"de","@id":"https:\/\/www.neckenmarkt.net\/gemeinde\/#\/schema\/logo\/image\/","url":"https:\/\/www.neckenmarkt.net\/gemeinde\/wp-content\/uploads\/2018\/12\/LogoF-e1547210885414.png","contentUrl":"https:\/\/www.neckenmarkt.net\/gemeinde\/wp-content\/uploads\/2018\/12\/LogoF-e1547210885414.png","width":58,"height":90,"caption":"Marktgemeinde Neckenmarkt"},"image":{"@id":"https:\/\/www.neckenmarkt.net\/gemeinde\/#\/schema\/logo\/image\/"},"sameAs":["https:\/\/de.wikipedia.org\/wiki\/Neckenmarkt"]}]}},"_links":{"self":[{"href":"https:\/\/www.neckenmarkt.net\/gemeinde\/wp-json\/wp\/v2\/pages\/6409","targetHints":{"allow":["GET"]}}],"collection":[{"href":"https:\/\/www.neckenmarkt.net\/gemeinde\/wp-json\/wp\/v2\/pages"}],"about":[{"href":"https:\/\/www.neckenmarkt.net\/gemeinde\/wp-json\/wp\/v2\/types\/page"}],"author":[{"embeddable":true,"href":"https:\/\/www.neckenmarkt.net\/gemeinde\/wp-json\/wp\/v2\/users\/1"}],"replies":[{"embeddable":true,"href":"https:\/\/www.neckenmarkt.net\/gemeinde\/wp-json\/wp\/v2\/comments?post=6409"}],"version-history":[{"count":0,"href":"https:\/\/www.neckenmarkt.net\/gemeinde\/wp-json\/wp\/v2\/pages\/6409\/revisions"}],"wp:attachment":[{"href":"https:\/\/www.neckenmarkt.net\/gemeinde\/wp-json\/wp\/v2\/media?parent=6409"}],"curies":[{"name":"wp","href":"https:\/\/api.w.org\/{rel}","templated":true}]}}