{"id":6499,"date":"2019-05-20T18:31:03","date_gmt":"2019-05-20T16:31:03","guid":{"rendered":"http:\/\/www.neckenmarkt.net\/gemeinde\/?page_id=6499"},"modified":"2026-02-02T09:51:34","modified_gmt":"2026-02-02T08:51:34","slug":"datenschutzerklaerung","status":"publish","type":"page","link":"https:\/\/www.neckenmarkt.net\/gemeinde\/datenschutzerklaerung\/","title":{"rendered":"Datenschutzerkl\u00e4rung"},"content":{"rendered":"\t\t<div data-elementor-type=\"wp-post\" data-elementor-id=\"6499\" class=\"elementor elementor-6499\">\n\t\t\t\t\t\t<section class=\"elementor-section elementor-top-section elementor-element elementor-element-2690a69 elementor-section-full_width elementor-section-height-default elementor-section-height-default\" data-id=\"2690a69\" data-element_type=\"section\" data-e-type=\"section\">\n\t\t\t\t\t\t<div class=\"elementor-container elementor-column-gap-default\">\n\t\t\t\t\t<div class=\"elementor-column elementor-col-100 elementor-top-column elementor-element elementor-element-b0ae728\" data-id=\"b0ae728\" data-element_type=\"column\" data-e-type=\"column\">\n\t\t\t<div class=\"elementor-widget-wrap elementor-element-populated\">\n\t\t\t\t\t\t<div class=\"elementor-element elementor-element-57cc118 elementor-widget elementor-widget-text-editor\" data-id=\"57cc118\" data-element_type=\"widget\" data-e-type=\"widget\" data-widget_type=\"text-editor.default\">\n\t\t\t\t<div class=\"elementor-widget-container\">\n\t\t\t\t\t\t\t\t\t<p style=\"text-align: justify;\"><span style=\"font-family: tahoma, arial, helvetica, sans-serif; font-size: 14px;\">Der Schutz Ihrer pers\u00f6nlichen Daten ist uns ein fundamentales Anliegen. Unsere Gemeinde speichert und verarbeitet Ihre Daten &#8211; im Interesse der B\u00fcrgerinnen und B\u00fcrger &#8211; nur in dem f\u00fcr die Verwaltung unbedingt erforderlichen Umfang, ausschlie\u00dflich auf Grundlage der gesetzlichen Bestimmungen (DSGVO, TKG 2003, DSG, etc.). Wir beachten dabei folgende Grunds\u00e4tze:<\/span><\/p>\n<p>\u00a0<\/p>\n<p style=\"text-align: justify;\"><strong><span style=\"font-family: tahoma, arial, helvetica, sans-serif; font-size: 14px;\">Grundrecht auf Datenschutz<br \/><\/span><\/strong><\/p>\n<p style=\"text-align: justify;\"><span style=\"font-family: tahoma, arial, helvetica, sans-serif; font-size: 14px;\">Datenschutz ist Ihr Grundrecht. Daraus folgt unter anderem, dass Sie einen Anspruch auf diskreten Umgang mit Ihren personenbezogenen Daten haben.<\/span><\/p>\n<p style=\"text-align: justify;\"><span style=\"font-family: tahoma, arial, helvetica, sans-serif; font-size: 14px;\">Die verarbeiteten personenbezogenen Daten werden nur in jenen F\u00e4llen an Dritte weitergegeben oder f\u00fcr einen anderen als den urspr\u00fcnglichen Ermittlungszweck verwendet, in denen wir gesetzlich dazu verpflichtet sind.<\/span><\/p>\n<p>\u00a0<\/p>\n<p style=\"text-align: justify;\"><strong><span style=\"font-family: tahoma, arial, helvetica, sans-serif; font-size: 14px;\">Cookies<\/span><\/strong><\/p>\n<p style=\"text-align: justify;\"><span style=\"font-family: tahoma, arial, helvetica, sans-serif; font-size: 14px;\">Um unsere Website optimal auf die Bed\u00fcrfnisse unserer B\u00fcrger auszurichten, verwenden wir Cookies. Dabei handelt es sich um kleine Textdateien, die auf Ihrem Computer gespeichert werden und eine Analyse der Benutzung der Website erm\u00f6glichen und dienen der Wiedererkennung Ihres Browsers. Sollte dies nicht erw\u00fcnscht sein, k\u00f6nnen Sie Ihren Browser so einstellen, dass er dies nur im Einzelfall erlaubt. Wenn Sie die Verwendung von Cookies deaktivieren, kann die Funktionalit\u00e4t unserer Website eingeschr\u00e4nkt sein. Cookies bleiben auf Ihrem Endger\u00e4t gespeichert, bis Sie diese l\u00f6schen.<\/span><\/p>\n<p>\u00a0<\/p>\n<p style=\"text-align: justify;\"><span style=\"font-family: tahoma, arial, helvetica, sans-serif; font-size: 14px;\"><strong>Online-Formulare<\/strong> <\/span><\/p>\n<p style=\"text-align: justify;\"><span style=\"font-family: tahoma, arial, helvetica, sans-serif; font-size: 14px;\">Die Gemeinde stellt auf der Homepage eine Reihe von Online-Formularen f\u00fcr eine bequeme elektronische Antragstellung im Rahmen von beh\u00f6rdlichen Verfahren, Bestellung kommunaler Dienstleistungen, Anmeldung zu Services der Gemeinde und f\u00fcr weitere Anliegen an die Gemeinde zur Verf\u00fcgung. Die Nutzung dieser Online-Formulare und die damit verbundene elektronische Erfassung der f\u00fcr den jeweiligen Vorgang ben\u00f6tigten \u2013 teilweise personenbezogenen \u2013 Daten erfolgt freiwillig und stellt nur eine von mehreren M\u00f6glichkeiten f\u00fcr Anbringen an die Gemeinde dar (wie beispielsweise eine pers\u00f6nliche Antragstellung vor Ort zu den \u00d6ffnungszeiten der jeweils zust\u00e4ndigen Dienststelle).<\/span><\/p>\n<p style=\"text-align: justify;\"><span style=\"font-family: tahoma, arial, helvetica, sans-serif; font-size: 14px;\">Bitte beachten Sie, dass die Verarbeitung der mit den Online-Formularen von Ihnen erfassten Daten ausschlie\u00dflich nach Ma\u00dfgabe der Bestimmungen des Art. 6 DSGVO erfolgt.<\/span><\/p>\n<p>\u00a0<\/p>\n<p><strong><span style=\"font-family: tahoma, arial, helvetica, sans-serif; font-size: 14px;\">Links zu anderen Homepages<\/span><\/strong><\/p>\n<p style=\"text-align: justify;\"><span style=\"font-family: tahoma, arial, helvetica, sans-serif; font-size: 14px;\">Diese Homepage enth\u00e4lt Links zu anderen Homepages. Die Gemeinde ist f\u00fcr die Datenschutz-Policies oder den Inhalt anderer Homepages nicht verantwortlich.<\/span><\/p>\n<p>\u00a0<\/p>\n<p style=\"text-align: justify;\"><strong><span style=\"font-family: tahoma, arial, helvetica, sans-serif; font-size: 14px;\">Verwendung von Plugins (Facebook, Twitter, Instagram etc.)<\/span><\/strong><\/p>\n<p style=\"text-align: justify;\"><span style=\"font-family: tahoma, arial, helvetica, sans-serif; font-size: 14px;\">Facebook (Fa. Facebook Ireland Limited, Hanover Reach, 5-7 Hanover Quay, Dublin 2 Ireland) und andere Anbieter speichern die Daten, um die Nutzung der Webseite Ihrem Nutzer-Konto zuzuordnen, sofern Sie dort Mitglied sind. Diese Zuordnung erfolgt, wenn Sie bspw. parallel bei Facebook eingeloggt sind oder auf Ihrem Rechner Facebook-Cookies speichern. Wenn Sie die Erweiterung aktiv nutzen, z. B. den &#8222;Gef\u00e4llt mir&#8220;-Button bet\u00e4tigen oder einen Kommentar abgeben, wird dies in Ihrem Facebook-Profil angezeigt. Wenn Sie nicht m\u00f6chten, dass Facebook diese Daten erh\u00e4lt, m\u00fcssen Sie sich vor dem Besuch der Webseiten des Vermittlers bei Facebook ausloggen bzw. die Facebook-Cookies l\u00f6schen. Facebook beachtet die Datenschutzbestimmungen des \u201eUS Safe Harbor\u201c-Abkommens und ist beim \u201eSafe Harbor\u201c-Programm des US-Handelsministeriums registriert. Mehr Informationen finden Sie unter <a href=\"http:\/\/www.facebook.com\/policy.php\">http:\/\/www.facebook.com\/policy.php<\/a><\/span><\/p>\n<p>\u00a0<\/p>\n<p style=\"text-align: justify;\"><strong><span style=\"font-family: tahoma, arial, helvetica, sans-serif; font-size: 14px;\">Ihre Rechte<\/span><\/strong><\/p>\n<p style=\"text-align: justify;\"><span style=\"font-family: tahoma, arial, helvetica, sans-serif; font-size: 14px;\">Ihnen stehen grunds\u00e4tzlich die Rechte auf Auskunft, Beric<br \/>htigung, L\u00f6schung, Einschr\u00e4nkung, Daten\u00fcbertragbarkeit, Widerspruch und Widerruf zu. Wenn Sie glauben, dass die Verarbeitung Ihrer Daten gegen das Datenschutzrecht verst\u00f6\u00dft oder Ihre datenschutzrechtlichen Anspr\u00fcche sonst in einer Weise verletzt worden sind, wenden Sie sich an uns.<\/span><\/p>\n<p style=\"text-align: justify;\">\u00a0<\/p>\n<ul style=\"list-style-type: square;\">\n<li><span style=\"font-family: tahoma, arial, helvetica, sans-serif; font-size: 14px;\"> Recht auf Auskunft gem\u00e4\u00df Art. 15 DSGVO <\/span><\/li>\n<\/ul>\n<p style=\"text-align: justify; padding-left: 40px;\"><span style=\"font-family: tahoma, arial, helvetica, sans-serif; font-size: 14px;\">Sie erhalten jederzeit unentgeltlich Auskunft \u00fcber Ihre von uns gespeicherten und verarbeiteten personenbezogenen Daten.<\/span><\/p>\n<p style=\"text-align: justify; padding-left: 40px;\"><span style=\"font-family: tahoma, arial, helvetica, sans-serif; font-size: 14px;\">Das beinhaltet Informationen \u00fcber die Verarbeitungszwecke, die Kategorien personenbezogener Daten, die verarbeitet werden, Empf\u00e4nger oder Kategorien von Empf\u00e4ngern, gegen\u00fcber denen die personenbezogenen Daten offengelegt worden sind oder noch offengelegt werden, die Kriterien f\u00fcr die Festlegung der Speicher-Dauer, das Bestehen des Rechts auf Berichtigung oder L\u00f6schung der Sie betreffenden personenbezogenen Daten oder auf Einschr\u00e4nkung der Verarbeitung durch uns oder eines Widerspruchs gegen diese Verarbeitung, das Bestehen eines Beschwerderechts bei einer Aufsichtsbeh\u00f6rde.<\/span><\/p>\n<p style=\"text-align: justify;\">\u00a0<\/p>\n<ul style=\"text-align: justify; list-style-type: square;\">\n<li><span style=\"font-family: tahoma, arial, helvetica, sans-serif; font-size: 14px;\"> Recht auf Berichtigung gem\u00e4\u00df Art. 16 DSGVO<\/span><\/li>\n<\/ul>\n<p style=\"text-align: justify; padding-left: 40px;\"><span style=\"font-family: tahoma, arial, helvetica, sans-serif; font-size: 14px;\">Es steht Ihnen das Recht zu, die Berichtigung Sie betreffender unrichtiger personenbezogener Daten oder &#8211; unter Ber\u00fccksichtigung der Zwecke der Verarbeitung &#8211; die Vervollst\u00e4ndigung unvollst\u00e4ndiger personenbezogener Daten, zu verlangen.<\/span><\/p>\n<p style=\"text-align: justify;\">\u00a0<\/p>\n<ul style=\"text-align: justify; list-style-type: square;\">\n<li><span style=\"font-family: tahoma, arial, helvetica, sans-serif; font-size: 14px;\"> Recht auf L\u00f6schung gem\u00e4\u00df Art. 17 DSGVO<\/span><\/li>\n<\/ul>\n<p style=\"text-align: justify; padding-left: 40px;\"><span style=\"font-family: tahoma, arial, helvetica, sans-serif; font-size: 14px;\">Sie haben auch das Recht zu verlangen, dass die \u00fcber Sie von uns gespeicherten Daten unverz\u00fcglich gel\u00f6scht werden, sofern einer der folgenden Voraussetzungen vorliegt:<\/span><\/p>\n<table  class=\" table table-hover\" style=\"width: 101%; height: 540px;\" width=\"101%\">\n<tbody>\n<tr style=\"height: 77px; border-color: #000000; border-style: none;\">\n<td style=\"width: 14.3095%; text-align: justify; border-style: none; height: 67px;\">\n<p style=\"padding-left: 40px;\"><span style=\"font-family: tahoma, arial, helvetica, sans-serif; font-size: 14px;\">a)<\/span><\/p>\n<\/td>\n<td style=\"width: 85.1914%; text-align: justify; border-style: none; height: 67px;\">\n<p><span style=\"font-family: tahoma, arial, helvetica, sans-serif; font-size: 14px;\">Die personenbezogenen Daten sind f\u00fcr die Zwecke, f\u00fcr die sie erhoben oder auf sonstige Weise verarbeitet wurden, nicht mehr notwendig.<\/span><\/p>\n<\/td>\n<\/tr>\n<tr style=\"height: 101px;\">\n<td style=\"width: 14.3095%; text-align: justify; border-style: none; height: 101px;\">\n<p style=\"padding-left: 40px;\"><span style=\"font-family: tahoma, arial, helvetica, sans-serif; font-size: 14px;\">b)<\/span><\/p>\n<\/td>\n<td style=\"width: 85.1914%; text-align: justify; border-style: none; height: 101px;\">\n<p><span style=\"font-family: tahoma, arial, helvetica, sans-serif; font-size: 14px;\">Die betroffene Person widerruft ihre Einwilligung, auf die sich die Verarbeitung gem\u00e4\u00df Artikel\u00a06 Absatz\u00a01 Buchstabe\u00a0a oder Artikel\u00a09 Absatz\u00a02 Buchstabe\u00a0a st\u00fctzte, und es fehlt an einer anderweitigen Rechtsgrundlage f\u00fcr die Verarbeitung.<\/span><\/p>\n<\/td>\n<\/tr>\n<tr style=\"height: 125px;\">\n<td style=\"width: 14.3095%; text-align: justify; border-style: none; height: 125px;\">\n<p style=\"padding-left: 40px;\"><span style=\"font-family: tahoma, arial, helvetica, sans-serif; font-size: 14px;\">c)<\/span><\/p>\n<\/td>\n<td style=\"width: 85.1914%; text-align: justify; border-style: none; height: 125px;\">\n<p><span style=\"font-family: tahoma, arial, helvetica, sans-serif; font-size: 14px;\">Die betroffene Person legt gem\u00e4\u00df Artikel\u00a021 Absatz\u00a01 Widerspruch gegen die Verarbeitung ein und es liegen keine vorrangigen berechtigten Gr\u00fcnde f\u00fcr die Verarbeitung vor, oder die betroffene Person legt gem\u00e4\u00df Artikel 21 Absatz\u00a02 Widerspruch gegen die Verarbeitung ein.<\/span><\/p>\n<\/td>\n<\/tr>\n<tr style=\"height: 53px;\">\n<td style=\"width: 14.3095%; text-align: justify; border-style: none; height: 53px;\">\n<p style=\"padding-left: 40px;\"><span style=\"font-family: tahoma, arial, helvetica, sans-serif; font-size: 14px;\">d)<\/span><\/p>\n<\/td>\n<td style=\"width: 85.1914%; text-align: justify; border-style: none; height: 53px;\">\n<p><span style=\"font-family: tahoma, arial, helvetica, sans-serif; font-size: 14px;\">Die personenbezogenen Daten wurden unrechtm\u00e4\u00dfig verarbeitet.<\/span><\/p>\n<\/td>\n<\/tr>\n<tr style=\"height: 101px;\">\n<td style=\"width: 14.3095%; text-align: justify; border-style: none; height: 101px;\">\n<p style=\"padding-left: 40px;\"><span style=\"font-family: tahoma, arial, helvetica, sans-serif; font-size: 14px;\">e)<\/span><\/p>\n<\/td>\n<td style=\"width: 85.1914%; text-align: justify; border-style: none; height: 101px;\">\n<p><span style=\"font-family: tahoma, arial, helvetica, sans-serif; font-size: 14px;\">Die L\u00f6schung der personenbezogenen Daten ist zur Erf\u00fcllung einer rechtlichen Verpflichtung nach dem Unionsrecht oder dem Recht der Mitgliedstaaten erforderlich, dem der Verantwortliche unterliegt.<\/span><\/p>\n<\/td>\n<\/tr>\n<tr style=\"height: 93px;\">\n<td style=\"width: 14.3095%; text-align: justify; border-style: none; height: 93px;\">\n<p style=\"padding-left: 40px;\"><span style=\"font-family: tahoma, arial, helvetica, sans-serif; font-size: 14px;\">f)<\/span><\/p>\n<p style=\"padding-left: 40px;\">\u00a0<\/p>\n<\/td>\n<td style=\"width: 85.1914%; text-align: justify; border-style: none; height: 93px;\">\n<p><span style=\"font-family: tahoma, arial, helvetica, sans-serif; font-size: 14px;\">Die personenbezogenen Daten wurden in Bezug auf angebotene Dienste der Informationsgesellschaft gem\u00e4\u00df Artikel\u00a08 Absatz\u00a01 erhoben.<\/span><\/p>\n<\/td>\n<\/tr>\n<\/tbody>\n<\/table>\n<ul style=\"text-align: justify; list-style-type: square;\">\n<li><span style=\"font-family: tahoma, arial, helvetica, sans-serif; font-size: 14px;\">Recht auf Einschr\u00e4nkung der Verarbeitung gem\u00e4\u00df Art. 18 DSGVO <\/span><\/li>\n<\/ul>\n<p style=\"text-align: justify; padding-left: 40px;\"><span style=\"font-family: tahoma, arial, helvetica, sans-serif; font-size: 14px;\">Dieses Recht besteht, wenn:<\/span><\/p>\n<table  class=\" table table-hover\" style=\"border-collapse: collapse; width: 100%;\">\n<tbody>\n<tr>\n<td style=\"width: 14.094%; padding-left: 40px; border-color: #ffffff;\"><span style=\"font-family: tahoma, arial, helvetica, sans-serif; font-size: 14px;\">a)<\/span><\/td>\n<td style=\"width: 85.906%; text-align: justify; border-color: #ffffff;\">\n<p style=\"text-align: justify;\"><span style=\"font-family: tahoma, arial, helvetica, sans-serif; font-size: 14px;\">die Richtigkeit der personenbezogenen Daten von der betroffenen Person \u00a0 \u00a0 \u00a0 \u00a0 bestritten wird, und zwar f\u00fcr eine Dauer, die es dem Verantwortlichen erm\u00f6glicht, die Richtigkeit der personenbezogenen Daten zu \u00fcberpr\u00fcfen,<\/span><\/p>\n<\/td>\n<\/tr>\n<\/tbody>\n<\/table>\n<table  class=\" table table-hover\" style=\"border-collapse: collapse; width: 100%; height: 84px;\">\n<tbody>\n<tr style=\"height: 21px; text-align: justify;\">\n<td style=\"width: 14.4295%; height: 21px; padding-left: 40px; border-color: #ffffff;\"><span style=\"font-family: tahoma, arial, helvetica, sans-serif; font-size: 14px;\">b)<\/span><\/td>\n<td style=\"width: 85.5705%; height: 21px; border-color: #ffffff;\"><span style=\"font-family: tahoma, arial, helvetica, sans-serif; font-size: 14px;\">die Verarbeitung unrechtm\u00e4\u00dfig ist und die betroffene Person die L\u00f6schung der personenbezogenen Daten ablehnt und stattdessen die Einschr\u00e4nkung der Nutzung der personenbezogenen Daten verlangt;<\/span><\/td>\n<\/tr>\n<tr style=\"height: 21px; text-align: justify;\">\n<td style=\"width: 14.4295%; height: 21px; padding-left: 40px; border-color: #ffffff;\"><span style=\"font-family: tahoma, arial, helvetica, sans-serif; font-size: 14px;\">c)<\/span><\/td>\n<td style=\"width: 85.5705%; height: 21px; border-color: #ffff;\"><span style=\"font-family: tahoma, arial, helvetica, sans-serif; font-size: 14px;\">der Verantwortliche die personenbezogenen Daten f\u00fcr die Zwecke der Verarbeitung nicht l\u00e4nger ben\u00f6tigt, die betroffene Person sie jedoch zur Geltendmachung, Aus\u00fcbung oder Verteidigung von Rechtsanspr\u00fcchen ben\u00f6tigt, oder<\/span><\/td>\n<\/tr>\n<tr style=\"height: 21px;\">\n<td style=\"width: 14.4295%; height: 21px; padding-left: 40px; text-align: justify; border-color: #ffffff;\"><span style=\"font-family: tahoma, arial, helvetica, sans-serif; font-size: 14px;\">d)<\/span><\/td>\n<td style=\"width: 85.5705%; height: 21px; text-align: justify; border-color: #ffff;\"><span style=\"font-family: tahoma, arial, helvetica, sans-serif; font-size: 14px;\">die betroffene Person Widerspruch gegen die Verarbeitung gem\u00e4\u00df Artikel 21 Absatz 1 eingelegt hat, solange noch nicht feststeht, ob die berechtigten Gr\u00fcnde des Verantwortlichen gegen\u00fcber denen der betroffenen Person \u00fcberwiegen.<\/span><\/td>\n<\/tr>\n<\/tbody>\n<\/table>\n<p style=\"padding-left: 40px; text-align: justify;\"><span style=\"font-family: tahoma, arial, helvetica, sans-serif; font-size: 14px;\">\u00a0 \u00a0 \u00a0<\/span><\/p>\n<ul style=\"text-align: justify; list-style-type: square;\">\n<li><span style=\"font-family: tahoma, arial, helvetica, sans-serif; font-size: 14px;\"> Recht auf Daten\u00fcbertragbarkeit gem\u00e4\u00df Art. 20 DSGVO<\/span><\/li>\n<\/ul>\n<p style=\"text-align: justify; padding-left: 40px;\"><span style=\"font-family: tahoma, arial, helvetica, sans-serif; font-size: 14px;\">Sie k\u00f6nnen jederzeit die Herausgabe der Sie betreffenden Daten, welche Sie uns bereitgestellt haben, in einem g\u00e4ngigen und maschinenlesbaren Format verlangen. Weiterhin haben Sie das Recht, diese Daten einem anderen Verantwortlichen ohne Behinderung durch uns, zu \u00fcbermitteln.<\/span><\/p>\n<p style=\"text-align: justify;\">\u00a0<\/p>\n<ul style=\"text-align: justify; list-style-type: square;\">\n<li><span style=\"font-family: tahoma, arial, helvetica, sans-serif; font-size: 14px;\"> Recht auf Widerspruch gem\u00e4\u00df Art. 21 DSGVO <\/span><\/li>\n<\/ul>\n<p style=\"text-align: justify; padding-left: 40px;\"><span style=\"font-family: tahoma, arial, helvetica, sans-serif; font-size: 14px;\">Sie haben das Recht, aus Gr\u00fcnden, die sich aus Ihrer besonderen Situation ergeben, jederzeit gegen die Verarbeitung Sie betreffender personenbezogener Daten, die aufgrund von Art. 6 Abs. 1 e oder f DSGVO erfolgt, Widerspruch einzulegen.<\/span><\/p>\n<p style=\"text-align: justify; padding-left: 40px;\"><span style=\"font-family: tahoma, arial, helvetica, sans-serif; font-size: 14px;\">Im Falle eines Widerspruchs verarbeiten wir die personenbezogenen Daten nicht mehr, es sei denn, wir k\u00f6nnen schutzw\u00fcrdige Gr\u00fcnde f\u00fcr die Verarbeitung nachweisen, die Ihren Interessen, Rechten und Freiheiten \u00fcberwiegen, oder die Verarbeitung dient der Geltendmachung, Aus\u00fcbung oder Verteidigung von Rechtsanspr\u00fcchen.<\/span><\/p>\n<p style=\"text-align: justify;\">\u00a0<\/p>\n<p style=\"text-align: justify;\"><span style=\"font-family: tahoma, arial, helvetica, sans-serif; font-size: 14px;\">Au\u00dferdem haben Sie dar\u00fcber hinaus das Recht, sich bei der Datenschutzbeh\u00f6rde als Aufsichtsbeh\u00f6rde (Barichgasse 40-42, 1030 Wien, <a href=\"mailto:dsb@dsb.gv.at\">dsb@dsb.gv.at<\/a>) zu beschweren.<\/span><\/p>\n<p style=\"text-align: justify;\"><span style=\"font-family: tahoma, arial, helvetica, sans-serif; font-size: 14px;\"><br \/><strong>Kontakt mit der Gemeinde <\/strong><\/span><\/p>\n<p style=\"text-align: justify;\"><span style=\"font-family: tahoma, arial, helvetica, sans-serif; font-size: 14px;\">F\u00fcr allgemeine Anfragen oder Kontakte zur Gemeinde n\u00fctzen Sie bitte die auf der Homepage publizierten Kontaktdaten (Men\u00fcpunkt \u201eKontakt \/ Impressum\u201c).<\/span><\/p>\n<p style=\"text-align: justify;\"><span style=\"font-family: tahoma, arial, helvetica, sans-serif; font-size: 14px;\"><br \/><strong>\u00c4nderungen und Anpassungen der Datenschutzerkl\u00e4rung<\/strong><\/span><\/p>\n<p style=\"text-align: justify;\"><span style=\"font-family: tahoma, arial, helvetica, sans-serif; font-size: 14px;\">Im Zuge der Weiterentwicklung des Internet und dessen Dienste und aufgrund des Einsatzes neuer technischer M\u00f6glichkeiten wird es notwendig sein, diese Datenschutzerkl\u00e4rung laufend den Gegebenheiten anzupassen. \u00c4nderungen in Bezug auf verwendete Technologien oder Services mit datenschutzrechtlicher Relevanz werden auf dieser Seite rechtzeitig ver\u00f6ffentlicht.<\/span><\/p>\n<p><strong><span style=\"font-family: tahoma, arial, helvetica, sans-serif; font-size: 14px;\">\u00a0<\/span><\/strong><\/p>\n<p><strong><span style=\"font-family: tahoma, arial, helvetica, sans-serif; font-size: 14px;\">Unsere Kontaktdaten<\/span><\/strong><\/p>\n<p>\u00a0<\/p>\n<table  class=\" table table-hover\" style=\"border-collapse: collapse; width: 100%;\">\n<tbody>\n<tr>\n<td style=\"vertical-align: top;\"><span style=\"font-family: tahoma, arial, helvetica, sans-serif; font-size: 14px;\">Verantwortlich nach DSGVO:<\/span><\/td>\n<td style=\"width: 66.6108%;\">\n<p><span style=\"font-family: tahoma, arial, helvetica, sans-serif; font-size: 14px;\">B\u00fcrgermeister Johannes Igler<br \/><\/span><span style=\"font-family: tahoma, arial, helvetica, sans-serif; font-size: 14px;\">7311 Neckenmarkt<br \/><\/span><span style=\"font-family: tahoma, arial, helvetica, sans-serif; font-size: 14px;\">Rathausgasse 1<br \/><\/span><span style=\"font-family: tahoma, arial, helvetica, sans-serif; font-size: 14px;\">\u00a002610\/42263<br \/><\/span><span style=\"font-family: tahoma, arial, helvetica, sans-serif; font-size: 14px;\"><a href=\"mailto:post@neckenmarkt.bgld.gv\">post@neckenmarkt.bgld.gv<\/a><\/span><\/p>\n<p>\u00a0<\/p>\n<\/td>\n<\/tr>\n<tr>\n<td style=\"width: 33.3892%; vertical-align: top;\"><span style=\"font-family: tahoma, arial, helvetica, sans-serif; font-size: 14px;\">Datenschutzbeauftragte:<\/span><\/td>\n<td style=\"width: 66.6108%;\">\n<p><span style=\"font-family: tahoma, arial, helvetica, sans-serif; font-size: 14px;\">Land Burgenland &#8211; Amt der Burgenl\u00e4ndischen Landesregierung<\/span><br \/><span style=\"font-family: tahoma, arial, helvetica, sans-serif; font-size: 14px;\">Abteilung 2 &#8211; Landesplanung, Sicherheit, Gemeinden und Wirtschaft<\/span><br \/><span style=\"font-family: tahoma, arial, helvetica, sans-serif; font-size: 14px;\">Europaplatz 1<\/span><br \/><span style=\"font-family: tahoma, arial, helvetica, sans-serif; font-size: 14px;\">7000 Eisenstadt<\/span><br \/><span style=\"font-family: tahoma, arial, helvetica, sans-serif; font-size: 14px;\">E-Mail: <a href=\"mailto: post.a2-DSBAGem(at)bgld.gv.at.\">post.a2-DSBAGem(at)bgld.gv.at<\/a>.<\/span><\/p>\n<p><span style=\"font-family: tahoma, arial, helvetica, sans-serif; font-size: 14px;\">Hauptverantwortlich: <br \/>Dr. Barbara Zechmeister<br \/>Tel. +43 57\/600-2290<\/span><\/p>\n<\/td>\n<\/tr>\n<\/tbody>\n<\/table>\n<p style=\"text-align: justify;\">\u00a0<\/p>\n<p style=\"text-align: center;\"><span style=\"font-family: tahoma, arial, helvetica, sans-serif; font-size: 14px;\">Letzte \u00c4nderung der Datenschutzerkl\u00e4rung: 06.03.2025<\/span><\/p>\t\t\t\t\t\t\t\t<\/div>\n\t\t\t\t<\/div>\n\t\t\t\t\t<\/div>\n\t\t<\/div>\n\t\t\t\t\t<\/div>\n\t\t<\/section>\n\t\t\t\t<\/div>\n\t\t","protected":false},"excerpt":{"rendered":"<p>Der Schutz Ihrer pers\u00f6nlichen Daten ist uns ein fundamentales Anliegen. Unsere Gemeinde speichert und verarbeitet Ihre Daten &#8211; im Interesse der B\u00fcrgerinnen und B\u00fcrger &#8211; nur in dem f\u00fcr die [&hellip;]<\/p>\n","protected":false},"author":1,"featured_media":0,"parent":0,"menu_order":0,"comment_status":"closed","ping_status":"closed","template":"","meta":{"footnotes":""},"class_list":["post-6499","page","type-page","status-publish","hentry"],"yoast_head":"<!-- This site is optimized with the Yoast SEO plugin v27.5 - https:\/\/yoast.com\/product\/yoast-seo-wordpress\/ -->\n<title>Datenschutzerkl\u00e4rung - Marktgemeinde Neckenmarkt<\/title>\n<meta name=\"robots\" content=\"index, follow, max-snippet:-1, max-image-preview:large, max-video-preview:-1\" \/>\n<link rel=\"canonical\" href=\"https:\/\/www.neckenmarkt.net\/gemeinde\/datenschutzerklaerung\/\" \/>\n<meta property=\"og:locale\" content=\"de_DE\" \/>\n<meta property=\"og:type\" content=\"article\" \/>\n<meta property=\"og:title\" content=\"Datenschutzerkl\u00e4rung - Marktgemeinde Neckenmarkt\" \/>\n<meta property=\"og:description\" content=\"Der Schutz Ihrer pers\u00f6nlichen Daten ist uns ein fundamentales Anliegen. Unsere Gemeinde speichert und verarbeitet Ihre Daten &#8211; im Interesse der B\u00fcrgerinnen und B\u00fcrger &#8211; nur in dem f\u00fcr die [&hellip;]\" \/>\n<meta property=\"og:url\" content=\"https:\/\/www.neckenmarkt.net\/gemeinde\/datenschutzerklaerung\/\" \/>\n<meta property=\"og:site_name\" content=\"Marktgemeinde Neckenmarkt\" \/>\n<meta property=\"article:modified_time\" content=\"2026-02-02T08:51:34+00:00\" \/>\n<meta name=\"twitter:card\" content=\"summary_large_image\" \/>\n<meta name=\"twitter:label1\" content=\"Gesch\u00e4tzte Lesezeit\" \/>\n\t<meta name=\"twitter:data1\" content=\"7\u00a0Minuten\" \/>\n<script type=\"application\/ld+json\" class=\"yoast-schema-graph\">{\"@context\":\"https:\\\/\\\/schema.org\",\"@graph\":[{\"@type\":\"WebPage\",\"@id\":\"https:\\\/\\\/www.neckenmarkt.net\\\/gemeinde\\\/datenschutzerklaerung\\\/\",\"url\":\"https:\\\/\\\/www.neckenmarkt.net\\\/gemeinde\\\/datenschutzerklaerung\\\/\",\"name\":\"Datenschutzerkl\u00e4rung - Marktgemeinde Neckenmarkt\",\"isPartOf\":{\"@id\":\"https:\\\/\\\/www.neckenmarkt.net\\\/gemeinde\\\/#website\"},\"datePublished\":\"2019-05-20T16:31:03+00:00\",\"dateModified\":\"2026-02-02T08:51:34+00:00\",\"breadcrumb\":{\"@id\":\"https:\\\/\\\/www.neckenmarkt.net\\\/gemeinde\\\/datenschutzerklaerung\\\/#breadcrumb\"},\"inLanguage\":\"de\",\"potentialAction\":[{\"@type\":\"ReadAction\",\"target\":[\"https:\\\/\\\/www.neckenmarkt.net\\\/gemeinde\\\/datenschutzerklaerung\\\/\"]}]},{\"@type\":\"BreadcrumbList\",\"@id\":\"https:\\\/\\\/www.neckenmarkt.net\\\/gemeinde\\\/datenschutzerklaerung\\\/#breadcrumb\",\"itemListElement\":[{\"@type\":\"ListItem\",\"position\":1,\"name\":\"Startseite\",\"item\":\"https:\\\/\\\/www.neckenmarkt.net\\\/gemeinde\\\/\"},{\"@type\":\"ListItem\",\"position\":2,\"name\":\"Datenschutzerkl\u00e4rung\"}]},{\"@type\":\"WebSite\",\"@id\":\"https:\\\/\\\/www.neckenmarkt.net\\\/gemeinde\\\/#website\",\"url\":\"https:\\\/\\\/www.neckenmarkt.net\\\/gemeinde\\\/\",\"name\":\"Marktgemeinde Neckenmarkt\",\"description\":\"\",\"publisher\":{\"@id\":\"https:\\\/\\\/www.neckenmarkt.net\\\/gemeinde\\\/#organization\"},\"potentialAction\":[{\"@type\":\"SearchAction\",\"target\":{\"@type\":\"EntryPoint\",\"urlTemplate\":\"https:\\\/\\\/www.neckenmarkt.net\\\/gemeinde\\\/?s={search_term_string}\"},\"query-input\":{\"@type\":\"PropertyValueSpecification\",\"valueRequired\":true,\"valueName\":\"search_term_string\"}}],\"inLanguage\":\"de\"},{\"@type\":\"Organization\",\"@id\":\"https:\\\/\\\/www.neckenmarkt.net\\\/gemeinde\\\/#organization\",\"name\":\"Marktgemeinde Neckenmarkt\",\"url\":\"https:\\\/\\\/www.neckenmarkt.net\\\/gemeinde\\\/\",\"logo\":{\"@type\":\"ImageObject\",\"inLanguage\":\"de\",\"@id\":\"https:\\\/\\\/www.neckenmarkt.net\\\/gemeinde\\\/#\\\/schema\\\/logo\\\/image\\\/\",\"url\":\"https:\\\/\\\/www.neckenmarkt.net\\\/gemeinde\\\/wp-content\\\/uploads\\\/2018\\\/12\\\/LogoF-e1547210885414.png\",\"contentUrl\":\"https:\\\/\\\/www.neckenmarkt.net\\\/gemeinde\\\/wp-content\\\/uploads\\\/2018\\\/12\\\/LogoF-e1547210885414.png\",\"width\":58,\"height\":90,\"caption\":\"Marktgemeinde Neckenmarkt\"},\"image\":{\"@id\":\"https:\\\/\\\/www.neckenmarkt.net\\\/gemeinde\\\/#\\\/schema\\\/logo\\\/image\\\/\"},\"sameAs\":[\"https:\\\/\\\/de.wikipedia.org\\\/wiki\\\/Neckenmarkt\"]}]}<\/script>\n<!-- \/ Yoast SEO plugin. -->","yoast_head_json":{"title":"Datenschutzerkl\u00e4rung - Marktgemeinde Neckenmarkt","robots":{"index":"index","follow":"follow","max-snippet":"max-snippet:-1","max-image-preview":"max-image-preview:large","max-video-preview":"max-video-preview:-1"},"canonical":"https:\/\/www.neckenmarkt.net\/gemeinde\/datenschutzerklaerung\/","og_locale":"de_DE","og_type":"article","og_title":"Datenschutzerkl\u00e4rung - Marktgemeinde Neckenmarkt","og_description":"Der Schutz Ihrer pers\u00f6nlichen Daten ist uns ein fundamentales Anliegen. Unsere Gemeinde speichert und verarbeitet Ihre Daten &#8211; im Interesse der B\u00fcrgerinnen und B\u00fcrger &#8211; nur in dem f\u00fcr die [&hellip;]","og_url":"https:\/\/www.neckenmarkt.net\/gemeinde\/datenschutzerklaerung\/","og_site_name":"Marktgemeinde Neckenmarkt","article_modified_time":"2026-02-02T08:51:34+00:00","twitter_card":"summary_large_image","twitter_misc":{"Gesch\u00e4tzte Lesezeit":"7\u00a0Minuten"},"schema":{"@context":"https:\/\/schema.org","@graph":[{"@type":"WebPage","@id":"https:\/\/www.neckenmarkt.net\/gemeinde\/datenschutzerklaerung\/","url":"https:\/\/www.neckenmarkt.net\/gemeinde\/datenschutzerklaerung\/","name":"Datenschutzerkl\u00e4rung - Marktgemeinde Neckenmarkt","isPartOf":{"@id":"https:\/\/www.neckenmarkt.net\/gemeinde\/#website"},"datePublished":"2019-05-20T16:31:03+00:00","dateModified":"2026-02-02T08:51:34+00:00","breadcrumb":{"@id":"https:\/\/www.neckenmarkt.net\/gemeinde\/datenschutzerklaerung\/#breadcrumb"},"inLanguage":"de","potentialAction":[{"@type":"ReadAction","target":["https:\/\/www.neckenmarkt.net\/gemeinde\/datenschutzerklaerung\/"]}]},{"@type":"BreadcrumbList","@id":"https:\/\/www.neckenmarkt.net\/gemeinde\/datenschutzerklaerung\/#breadcrumb","itemListElement":[{"@type":"ListItem","position":1,"name":"Startseite","item":"https:\/\/www.neckenmarkt.net\/gemeinde\/"},{"@type":"ListItem","position":2,"name":"Datenschutzerkl\u00e4rung"}]},{"@type":"WebSite","@id":"https:\/\/www.neckenmarkt.net\/gemeinde\/#website","url":"https:\/\/www.neckenmarkt.net\/gemeinde\/","name":"Marktgemeinde Neckenmarkt","description":"","publisher":{"@id":"https:\/\/www.neckenmarkt.net\/gemeinde\/#organization"},"potentialAction":[{"@type":"SearchAction","target":{"@type":"EntryPoint","urlTemplate":"https:\/\/www.neckenmarkt.net\/gemeinde\/?s={search_term_string}"},"query-input":{"@type":"PropertyValueSpecification","valueRequired":true,"valueName":"search_term_string"}}],"inLanguage":"de"},{"@type":"Organization","@id":"https:\/\/www.neckenmarkt.net\/gemeinde\/#organization","name":"Marktgemeinde Neckenmarkt","url":"https:\/\/www.neckenmarkt.net\/gemeinde\/","logo":{"@type":"ImageObject","inLanguage":"de","@id":"https:\/\/www.neckenmarkt.net\/gemeinde\/#\/schema\/logo\/image\/","url":"https:\/\/www.neckenmarkt.net\/gemeinde\/wp-content\/uploads\/2018\/12\/LogoF-e1547210885414.png","contentUrl":"https:\/\/www.neckenmarkt.net\/gemeinde\/wp-content\/uploads\/2018\/12\/LogoF-e1547210885414.png","width":58,"height":90,"caption":"Marktgemeinde Neckenmarkt"},"image":{"@id":"https:\/\/www.neckenmarkt.net\/gemeinde\/#\/schema\/logo\/image\/"},"sameAs":["https:\/\/de.wikipedia.org\/wiki\/Neckenmarkt"]}]}},"_links":{"self":[{"href":"https:\/\/www.neckenmarkt.net\/gemeinde\/wp-json\/wp\/v2\/pages\/6499","targetHints":{"allow":["GET"]}}],"collection":[{"href":"https:\/\/www.neckenmarkt.net\/gemeinde\/wp-json\/wp\/v2\/pages"}],"about":[{"href":"https:\/\/www.neckenmarkt.net\/gemeinde\/wp-json\/wp\/v2\/types\/page"}],"author":[{"embeddable":true,"href":"https:\/\/www.neckenmarkt.net\/gemeinde\/wp-json\/wp\/v2\/users\/1"}],"replies":[{"embeddable":true,"href":"https:\/\/www.neckenmarkt.net\/gemeinde\/wp-json\/wp\/v2\/comments?post=6499"}],"version-history":[{"count":16,"href":"https:\/\/www.neckenmarkt.net\/gemeinde\/wp-json\/wp\/v2\/pages\/6499\/revisions"}],"predecessor-version":[{"id":90003,"href":"https:\/\/www.neckenmarkt.net\/gemeinde\/wp-json\/wp\/v2\/pages\/6499\/revisions\/90003"}],"wp:attachment":[{"href":"https:\/\/www.neckenmarkt.net\/gemeinde\/wp-json\/wp\/v2\/media?parent=6499"}],"curies":[{"name":"wp","href":"https:\/\/api.w.org\/{rel}","templated":true}]}}