{"id":94,"date":"2018-09-13T09:18:20","date_gmt":"2018-09-13T07:18:20","guid":{"rendered":"http:\/\/www.neckenmarkt.net\/gemeinde\/?page_id=94"},"modified":"2021-02-18T15:49:20","modified_gmt":"2021-02-18T14:49:20","slug":"geografische-lage","status":"publish","type":"page","link":"https:\/\/www.neckenmarkt.net\/gemeinde\/geografische-lage\/","title":{"rendered":"Geografische Lage"},"content":{"rendered":"\t\t<div data-elementor-type=\"wp-post\" data-elementor-id=\"94\" class=\"elementor elementor-94\">\n\t\t\t\t\t\t<section class=\"elementor-section elementor-top-section elementor-element elementor-element-cb8a502 elementor-section-full_width elementor-section-height-default elementor-section-height-default\" data-id=\"cb8a502\" data-element_type=\"section\" data-e-type=\"section\">\n\t\t\t\t\t\t<div class=\"elementor-container elementor-column-gap-default\">\n\t\t\t\t\t<div class=\"elementor-column elementor-col-100 elementor-top-column elementor-element elementor-element-7cfe6e1\" data-id=\"7cfe6e1\" data-element_type=\"column\" data-e-type=\"column\">\n\t\t\t<div class=\"elementor-widget-wrap elementor-element-populated\">\n\t\t\t\t\t\t<div class=\"elementor-element elementor-element-3f2869e elementor-widget elementor-widget-text-editor\" data-id=\"3f2869e\" data-element_type=\"widget\" data-e-type=\"widget\" data-widget_type=\"text-editor.default\">\n\t\t\t\t<div class=\"elementor-widget-container\">\n\t\t\t\t\t\t\t\t\t<p style=\"text-align: left;\"><span style=\"font-size: 16px;\"><span style=\"font-family: tahoma, arial, helvetica, sans-serif;\">Die Marktgemeinde Neckenmarkt\u00a0liegt\u00a0im Bezirk Oberpullendorf im\u00a0Burgenland<a title=\"Burgenland\" href=\"https:\/\/de.wikipedia.org\/wiki\/Burgenland\">.<\/a>\u00a0<br \/>Neckenmarkt ist eine der\u00a0Gemeinden\u00a0des\u00a0<a title=\"Blaufr\u00e4nkischland\" href=\"https:\/\/de.wikipedia.org\/wiki\/Blaufr%C3%A4nkischland\" target=\"_blank\" rel=\"noopener\">Blaufr\u00e4nkischlandes<\/a>\u00a0 <\/span><span style=\"font-family: tahoma, arial, helvetica, sans-serif;\">(Weinbaugebiet\u00a0mit\u00a0vorrangiger Rebsorte\u00a0Blaufr\u00e4nkisch).<br \/><\/span><\/span><br \/><span style=\"font-size: 16px; font-family: tahoma, arial, helvetica, sans-serif;\">Das Gemeindegebiet von Neckenmarkt umfasst zwei Ortschaften <span style=\"color: #800000;\">(<\/span><a href=\"https:\/\/de.wikipedia.org\/wiki\/Neckenmarkt#cite_note-Metadaten_Einwohnerzahl_AT_Ortschaft_QUELLE-1\" target=\"_blank\" rel=\"noopener\">Einwohnerzahl<\/a> Stand 1.\u00a0Januar 2018):<\/span><\/p>\n<p style=\"text-align: center;\"><span style=\"font-size: 16px; font-family: tahoma, arial, helvetica, sans-serif;\">Haschendorf (152)<\/span><br \/><span style=\"font-family: tahoma, arial, helvetica, sans-serif; font-size: 16px;\">Neckenmarkt (1528)<\/span><\/p>\t\t\t\t\t\t\t\t<\/div>\n\t\t\t\t<\/div>\n\t\t\t\t\t<\/div>\n\t\t<\/div>\n\t\t\t\t\t<\/div>\n\t\t<\/section>\n\t\t\t\t<section class=\"elementor-section elementor-top-section elementor-element elementor-element-439c97c elementor-section-full_width elementor-section-height-default elementor-section-height-default\" data-id=\"439c97c\" data-element_type=\"section\" data-e-type=\"section\">\n\t\t\t\t\t\t<div class=\"elementor-container elementor-column-gap-default\">\n\t\t\t\t\t<div class=\"elementor-column elementor-col-50 elementor-top-column elementor-element elementor-element-b8850f6\" data-id=\"b8850f6\" data-element_type=\"column\" data-e-type=\"column\">\n\t\t\t<div class=\"elementor-widget-wrap elementor-element-populated\">\n\t\t\t\t\t\t<div class=\"elementor-element elementor-element-4a35db2 elementor-widget elementor-widget-image\" data-id=\"4a35db2\" data-element_type=\"widget\" data-e-type=\"widget\" data-widget_type=\"image.default\">\n\t\t\t\t<div class=\"elementor-widget-container\">\n\t\t\t\t\t\t\t\t\t\t\t\t<figure class=\"wp-caption\">\n\t\t\t\t\t\t\t\t\t\t\t<a href=\"https:\/\/www.neckenmarkt.net\/gemeinde\/wp-content\/uploads\/2019\/01\/LuftaufnHaschendBergb4-3-e1548843767466.jpg\" data-elementor-open-lightbox=\"yes\" data-elementor-lightbox-title=\"Haschendorf\" data-e-action-hash=\"#elementor-action%3Aaction%3Dlightbox%26settings%3DeyJpZCI6NjA4MSwidXJsIjoiaHR0cHM6XC9cL3d3dy5uZWNrZW5tYXJrdC5uZXRcL2dlbWVpbmRlXC93cC1jb250ZW50XC91cGxvYWRzXC8yMDE5XC8wMVwvTHVmdGF1Zm5IYXNjaGVuZEJlcmdiNC0zLWUxNTQ4ODQzNzY3NDY2LmpwZyJ9\">\n\t\t\t\t\t\t\t<img fetchpriority=\"high\" decoding=\"async\" width=\"648\" height=\"486\" src=\"https:\/\/www.neckenmarkt.net\/gemeinde\/wp-content\/uploads\/2019\/01\/LuftaufnHaschendBergb4-3-e1548843767466.jpg\" class=\"attachment-large size-large wp-image-6081\" alt=\"\" srcset=\"https:\/\/www.neckenmarkt.net\/gemeinde\/wp-content\/uploads\/2019\/01\/LuftaufnHaschendBergb4-3-e1548843767466.jpg 1000w, https:\/\/www.neckenmarkt.net\/gemeinde\/wp-content\/uploads\/2019\/01\/LuftaufnHaschendBergb4-3-e1548843767466-300x225.jpg 300w, https:\/\/www.neckenmarkt.net\/gemeinde\/wp-content\/uploads\/2019\/01\/LuftaufnHaschendBergb4-3-e1548843767466-768x576.jpg 768w\" sizes=\"(max-width: 648px) 100vw, 648px\" \/>\t\t\t\t\t\t\t\t<\/a>\n\t\t\t\t\t\t\t\t\t\t\t<figcaption class=\"widget-image-caption wp-caption-text\">Haschendorf<\/figcaption>\n\t\t\t\t\t\t\t\t\t\t<\/figure>\n\t\t\t\t\t\t\t\t\t<\/div>\n\t\t\t\t<\/div>\n\t\t\t\t\t<\/div>\n\t\t<\/div>\n\t\t\t\t<div class=\"elementor-column elementor-col-50 elementor-top-column elementor-element elementor-element-9be79ac\" data-id=\"9be79ac\" data-element_type=\"column\" data-e-type=\"column\">\n\t\t\t<div class=\"elementor-widget-wrap elementor-element-populated\">\n\t\t\t\t\t\t<div class=\"elementor-element elementor-element-d551393 elementor-widget elementor-widget-image\" data-id=\"d551393\" data-element_type=\"widget\" data-e-type=\"widget\" data-widget_type=\"image.default\">\n\t\t\t\t<div class=\"elementor-widget-container\">\n\t\t\t\t\t\t\t\t\t\t\t\t<figure class=\"wp-caption\">\n\t\t\t\t\t\t\t\t\t\t\t<a href=\"https:\/\/www.neckenmarkt.net\/gemeinde\/wp-content\/uploads\/2019\/01\/PICT0074-e1548844110431.jpg\" data-elementor-open-lightbox=\"yes\" data-elementor-lightbox-title=\"Neckenmarkt\" data-e-action-hash=\"#elementor-action%3Aaction%3Dlightbox%26settings%3DeyJpZCI6NjA4NCwidXJsIjoiaHR0cHM6XC9cL3d3dy5uZWNrZW5tYXJrdC5uZXRcL2dlbWVpbmRlXC93cC1jb250ZW50XC91cGxvYWRzXC8yMDE5XC8wMVwvUElDVDAwNzQtZTE1NDg4NDQxMTA0MzEuanBnIn0%3D\">\n\t\t\t\t\t\t\t<img decoding=\"async\" width=\"1000\" height=\"665\" src=\"https:\/\/www.neckenmarkt.net\/gemeinde\/wp-content\/uploads\/2019\/01\/PICT0074-e1548844110431.jpg\" class=\"attachment-full size-full wp-image-6084\" alt=\"\" srcset=\"https:\/\/www.neckenmarkt.net\/gemeinde\/wp-content\/uploads\/2019\/01\/PICT0074-e1548844110431.jpg 1000w, https:\/\/www.neckenmarkt.net\/gemeinde\/wp-content\/uploads\/2019\/01\/PICT0074-e1548844110431-300x200.jpg 300w, https:\/\/www.neckenmarkt.net\/gemeinde\/wp-content\/uploads\/2019\/01\/PICT0074-e1548844110431-768x511.jpg 768w\" sizes=\"(max-width: 1000px) 100vw, 1000px\" \/>\t\t\t\t\t\t\t\t<\/a>\n\t\t\t\t\t\t\t\t\t\t\t<figcaption class=\"widget-image-caption wp-caption-text\">Neckenmarkt<\/figcaption>\n\t\t\t\t\t\t\t\t\t\t<\/figure>\n\t\t\t\t\t\t\t\t\t<\/div>\n\t\t\t\t<\/div>\n\t\t\t\t\t<\/div>\n\t\t<\/div>\n\t\t\t\t\t<\/div>\n\t\t<\/section>\n\t\t\t\t<section class=\"elementor-section elementor-top-section elementor-element elementor-element-683e395 elementor-section-full_width elementor-section-height-default elementor-section-height-default\" data-id=\"683e395\" data-element_type=\"section\" data-e-type=\"section\">\n\t\t\t\t\t\t<div class=\"elementor-container elementor-column-gap-default\">\n\t\t\t\t\t<div class=\"elementor-column elementor-col-33 elementor-top-column elementor-element elementor-element-7258e0a\" data-id=\"7258e0a\" data-element_type=\"column\" data-e-type=\"column\">\n\t\t\t<div class=\"elementor-widget-wrap\">\n\t\t\t\t\t\t\t<\/div>\n\t\t<\/div>\n\t\t\t\t<div class=\"elementor-column elementor-col-33 elementor-top-column elementor-element elementor-element-55946a3\" data-id=\"55946a3\" data-element_type=\"column\" data-e-type=\"column\">\n\t\t\t<div class=\"elementor-widget-wrap elementor-element-populated\">\n\t\t\t\t\t\t<div class=\"elementor-element elementor-element-9568276 elementor-widget elementor-widget-image\" data-id=\"9568276\" data-element_type=\"widget\" data-e-type=\"widget\" data-widget_type=\"image.default\">\n\t\t\t\t<div class=\"elementor-widget-container\">\n\t\t\t\t\t\t\t\t\t\t\t\t<figure class=\"wp-caption\">\n\t\t\t\t\t\t\t\t\t\t<img decoding=\"async\" width=\"632\" height=\"328\" src=\"https:\/\/www.neckenmarkt.net\/gemeinde\/wp-content\/uploads\/2018\/10\/datafUxVnDdFs8cqzvwxoTBUiwhBJ8ALk30eio4_Gf_QqsdNxmykigfp403krUXw4JKDwpRiQIqxpfGno0sVmqHgvN8qupHGpW4zbx70vc-Z2Q4Tcl28SLkUA6tYmvRw.png\" class=\"attachment-full size-full wp-image-1754\" alt=\"\" srcset=\"https:\/\/www.neckenmarkt.net\/gemeinde\/wp-content\/uploads\/2018\/10\/datafUxVnDdFs8cqzvwxoTBUiwhBJ8ALk30eio4_Gf_QqsdNxmykigfp403krUXw4JKDwpRiQIqxpfGno0sVmqHgvN8qupHGpW4zbx70vc-Z2Q4Tcl28SLkUA6tYmvRw.png 632w, https:\/\/www.neckenmarkt.net\/gemeinde\/wp-content\/uploads\/2018\/10\/datafUxVnDdFs8cqzvwxoTBUiwhBJ8ALk30eio4_Gf_QqsdNxmykigfp403krUXw4JKDwpRiQIqxpfGno0sVmqHgvN8qupHGpW4zbx70vc-Z2Q4Tcl28SLkUA6tYmvRw-300x156.png 300w\" sizes=\"(max-width: 632px) 100vw, 632px\" \/>\t\t\t\t\t\t\t\t\t\t\t<figcaption class=\"widget-image-caption wp-caption-text\">Geografische Lage<\/figcaption>\n\t\t\t\t\t\t\t\t\t\t<\/figure>\n\t\t\t\t\t\t\t\t\t<\/div>\n\t\t\t\t<\/div>\n\t\t\t\t\t<\/div>\n\t\t<\/div>\n\t\t\t\t<div class=\"elementor-column elementor-col-33 elementor-top-column elementor-element elementor-element-3d10e4d\" data-id=\"3d10e4d\" data-element_type=\"column\" data-e-type=\"column\">\n\t\t\t<div class=\"elementor-widget-wrap\">\n\t\t\t\t\t\t\t<\/div>\n\t\t<\/div>\n\t\t\t\t\t<\/div>\n\t\t<\/section>\n\t\t\t\t<section class=\"elementor-section elementor-top-section elementor-element elementor-element-c070c9d elementor-section-full_width elementor-section-height-default elementor-section-height-default\" data-id=\"c070c9d\" data-element_type=\"section\" data-e-type=\"section\">\n\t\t\t\t\t\t<div class=\"elementor-container elementor-column-gap-default\">\n\t\t\t\t\t<div class=\"elementor-column elementor-col-100 elementor-top-column elementor-element elementor-element-e5461af\" data-id=\"e5461af\" data-element_type=\"column\" data-e-type=\"column\">\n\t\t\t<div class=\"elementor-widget-wrap elementor-element-populated\">\n\t\t\t\t\t\t<div class=\"elementor-element elementor-element-8cb470d elementor-widget elementor-widget-text-editor\" data-id=\"8cb470d\" data-element_type=\"widget\" data-e-type=\"widget\" data-widget_type=\"text-editor.default\">\n\t\t\t\t<div class=\"elementor-widget-container\">\n\t\t\t\t\t\t\t\t\t<p>\u00a0<\/p>\n<p style=\"text-align: justify;\"><span style=\"font-size: 16px; font-family: tahoma, arial, helvetica, sans-serif;\">Bis zu 300 Tage im Jahr scheint die Sonne in Neckenmarkt. Dieses Klimaph\u00e4nomen verdankt die Gemeinde\u00a0 ihrer guten Lage. Drei H\u00fcgelketten schirmen das Gebiet vor Schlechtwetter ab. Im Norden sch\u00fctzt das Rosalien- und \u00d6denburger Gebirge, im Westen das Landseer und im S\u00fcden das G\u00fcnser Gebirge vor den feuchten Luftmassen. Dazu kommt, dass das Land gegen Westen flach ist und warme Luftmassen aus der pannonischen Tiefebene einstr\u00f6men l\u00e4sst. Niederschlag f\u00e4llt normalerweise von November bis J\u00e4nner, das Wasser sammelt sich in einer tektonisch eingesenkten Mulde,\u00a0 so dass die tiefen und schweren Sand- und Lehmb\u00f6den in den langen, warmen Sommern die Weintrauben f\u00fcr die besten Rotweine \u00d6sterreichs perfekt heranreifen lassen.<\/span><\/p>\t\t\t\t\t\t\t\t<\/div>\n\t\t\t\t<\/div>\n\t\t\t\t\t<\/div>\n\t\t<\/div>\n\t\t\t\t\t<\/div>\n\t\t<\/section>\n\t\t\t\t<section class=\"elementor-section elementor-top-section elementor-element elementor-element-db230c4 elementor-section-full_width elementor-section-height-default elementor-section-height-default\" data-id=\"db230c4\" data-element_type=\"section\" data-e-type=\"section\">\n\t\t\t\t\t\t<div class=\"elementor-container elementor-column-gap-default\">\n\t\t\t\t\t<div class=\"elementor-column elementor-col-100 elementor-top-column elementor-element elementor-element-1aae7fa\" data-id=\"1aae7fa\" data-element_type=\"column\" data-e-type=\"column\">\n\t\t\t<div class=\"elementor-widget-wrap elementor-element-populated\">\n\t\t\t\t\t\t<div class=\"elementor-element elementor-element-eea5d65 gallery-spacing-custom elementor-widget elementor-widget-image-gallery\" data-id=\"eea5d65\" data-element_type=\"widget\" data-e-type=\"widget\" data-widget_type=\"image-gallery.default\">\n\t\t\t\t<div class=\"elementor-widget-container\">\n\t\t\t\t\t\t\t<div class=\"elementor-image-gallery\">\n\t\t\t<div id='gallery-1' class='gallery galleryid-94 gallery-columns-2 gallery-size-full'><figure class='gallery-item'>\n\t\t\t<div class='gallery-icon landscape'>\n\t\t\t\t<a data-elementor-open-lightbox=\"yes\" data-elementor-lightbox-slideshow=\"eea5d65\" data-elementor-lightbox-title=\"IMG-20181128-WA0054\" data-e-action-hash=\"#elementor-action%3Aaction%3Dlightbox%26settings%3DeyJpZCI6NjIyNywidXJsIjoiaHR0cHM6XC9cL3d3dy5uZWNrZW5tYXJrdC5uZXRcL2dlbWVpbmRlXC93cC1jb250ZW50XC91cGxvYWRzXC8yMDE5XC8wMlwvSU1HLTIwMTgxMTI4LVdBMDA1NC1lMTU0OTEwMTM1NDUyMC5qcGciLCJzbGlkZXNob3ciOiJlZWE1ZDY1In0%3D\" href='https:\/\/www.neckenmarkt.net\/gemeinde\/wp-content\/uploads\/2019\/02\/IMG-20181128-WA0054-e1549101354520.jpg'><img loading=\"lazy\" decoding=\"async\" width=\"1000\" height=\"750\" src=\"https:\/\/www.neckenmarkt.net\/gemeinde\/wp-content\/uploads\/2019\/02\/IMG-20181128-WA0054-e1549101354520.jpg\" class=\"attachment-full size-full\" alt=\"\" srcset=\"https:\/\/www.neckenmarkt.net\/gemeinde\/wp-content\/uploads\/2019\/02\/IMG-20181128-WA0054-e1549101354520.jpg 1000w, https:\/\/www.neckenmarkt.net\/gemeinde\/wp-content\/uploads\/2019\/02\/IMG-20181128-WA0054-e1549101354520-300x225.jpg 300w, https:\/\/www.neckenmarkt.net\/gemeinde\/wp-content\/uploads\/2019\/02\/IMG-20181128-WA0054-e1549101354520-768x576.jpg 768w\" sizes=\"(max-width: 1000px) 100vw, 1000px\" \/><\/a>\n\t\t\t<\/div><\/figure><figure class='gallery-item'>\n\t\t\t<div class='gallery-icon landscape'>\n\t\t\t\t<a data-elementor-open-lightbox=\"yes\" data-elementor-lightbox-slideshow=\"eea5d65\" data-elementor-lightbox-title=\"IMG-20181128-WA0080\" data-e-action-hash=\"#elementor-action%3Aaction%3Dlightbox%26settings%3DeyJpZCI6NjIyNiwidXJsIjoiaHR0cHM6XC9cL3d3dy5uZWNrZW5tYXJrdC5uZXRcL2dlbWVpbmRlXC93cC1jb250ZW50XC91cGxvYWRzXC8yMDE5XC8wMlwvSU1HLTIwMTgxMTI4LVdBMDA4MC1lMTU0OTEwMTM2OTYxNS5qcGciLCJzbGlkZXNob3ciOiJlZWE1ZDY1In0%3D\" href='https:\/\/www.neckenmarkt.net\/gemeinde\/wp-content\/uploads\/2019\/02\/IMG-20181128-WA0080-e1549101369615.jpg'><img loading=\"lazy\" decoding=\"async\" width=\"1000\" height=\"667\" src=\"https:\/\/www.neckenmarkt.net\/gemeinde\/wp-content\/uploads\/2019\/02\/IMG-20181128-WA0080-e1549101369615.jpg\" class=\"attachment-full size-full\" alt=\"\" srcset=\"https:\/\/www.neckenmarkt.net\/gemeinde\/wp-content\/uploads\/2019\/02\/IMG-20181128-WA0080-e1549101369615.jpg 1000w, https:\/\/www.neckenmarkt.net\/gemeinde\/wp-content\/uploads\/2019\/02\/IMG-20181128-WA0080-e1549101369615-300x200.jpg 300w, https:\/\/www.neckenmarkt.net\/gemeinde\/wp-content\/uploads\/2019\/02\/IMG-20181128-WA0080-e1549101369615-768x512.jpg 768w\" sizes=\"(max-width: 1000px) 100vw, 1000px\" \/><\/a>\n\t\t\t<\/div><\/figure>\n\t\t<\/div>\n\t\t<\/div>\n\t\t\t\t\t\t<\/div>\n\t\t\t\t<\/div>\n\t\t\t\t\t<\/div>\n\t\t<\/div>\n\t\t\t\t\t<\/div>\n\t\t<\/section>\n\t\t\t\t<\/div>\n\t\t","protected":false},"excerpt":{"rendered":"<p>Die Marktgemeinde Neckenmarkt\u00a0liegt\u00a0im Bezirk Oberpullendorf im\u00a0Burgenland.\u00a0Neckenmarkt ist eine der\u00a0Gemeinden\u00a0des\u00a0Blaufr\u00e4nkischlandes\u00a0 (Weinbaugebiet\u00a0mit\u00a0vorrangiger Rebsorte\u00a0Blaufr\u00e4nkisch). Das Gemeindegebiet von Neckenmarkt umfasst zwei Ortschaften (Einwohnerzahl Stand 1.\u00a0Januar 2018): Haschendorf (152)Neckenmarkt (1528) Haschendorf Neckenmarkt Geografische Lage \u00a0 [&hellip;]<\/p>\n","protected":false},"author":1,"featured_media":0,"parent":0,"menu_order":0,"comment_status":"closed","ping_status":"closed","template":"","meta":{"footnotes":""},"class_list":["post-94","page","type-page","status-publish","hentry"],"yoast_head":"<!-- This site is optimized with the Yoast SEO plugin v27.5 - https:\/\/yoast.com\/product\/yoast-seo-wordpress\/ -->\n<title>Geografische Lage - Marktgemeinde Neckenmarkt<\/title>\n<meta name=\"robots\" content=\"index, follow, max-snippet:-1, max-image-preview:large, max-video-preview:-1\" \/>\n<link rel=\"canonical\" href=\"https:\/\/www.neckenmarkt.net\/gemeinde\/geografische-lage\/\" \/>\n<meta property=\"og:locale\" content=\"de_DE\" \/>\n<meta property=\"og:type\" content=\"article\" \/>\n<meta property=\"og:title\" content=\"Geografische Lage - Marktgemeinde Neckenmarkt\" \/>\n<meta property=\"og:description\" content=\"Die Marktgemeinde Neckenmarkt\u00a0liegt\u00a0im Bezirk Oberpullendorf im\u00a0Burgenland.\u00a0Neckenmarkt ist eine der\u00a0Gemeinden\u00a0des\u00a0Blaufr\u00e4nkischlandes\u00a0 (Weinbaugebiet\u00a0mit\u00a0vorrangiger Rebsorte\u00a0Blaufr\u00e4nkisch). Das Gemeindegebiet von Neckenmarkt umfasst zwei Ortschaften (Einwohnerzahl Stand 1.\u00a0Januar 2018): Haschendorf (152)Neckenmarkt (1528) Haschendorf Neckenmarkt Geografische Lage \u00a0 [&hellip;]\" \/>\n<meta property=\"og:url\" content=\"https:\/\/www.neckenmarkt.net\/gemeinde\/geografische-lage\/\" \/>\n<meta property=\"og:site_name\" content=\"Marktgemeinde Neckenmarkt\" \/>\n<meta property=\"article:modified_time\" content=\"2021-02-18T14:49:20+00:00\" \/>\n<meta property=\"og:image\" content=\"http:\/\/www.neckenmarkt.net\/gemeinde\/wp-content\/uploads\/2019\/01\/LuftaufnHaschendBergb4-3-e1548843767466.jpg\" \/>\n<meta name=\"twitter:card\" content=\"summary_large_image\" \/>\n<meta name=\"twitter:label1\" content=\"Gesch\u00e4tzte Lesezeit\" \/>\n\t<meta name=\"twitter:data1\" content=\"2\u00a0Minuten\" \/>\n<script type=\"application\/ld+json\" class=\"yoast-schema-graph\">{\"@context\":\"https:\\\/\\\/schema.org\",\"@graph\":[{\"@type\":\"WebPage\",\"@id\":\"https:\\\/\\\/www.neckenmarkt.net\\\/gemeinde\\\/geografische-lage\\\/\",\"url\":\"https:\\\/\\\/www.neckenmarkt.net\\\/gemeinde\\\/geografische-lage\\\/\",\"name\":\"Geografische Lage - Marktgemeinde Neckenmarkt\",\"isPartOf\":{\"@id\":\"https:\\\/\\\/www.neckenmarkt.net\\\/gemeinde\\\/#website\"},\"primaryImageOfPage\":{\"@id\":\"https:\\\/\\\/www.neckenmarkt.net\\\/gemeinde\\\/geografische-lage\\\/#primaryimage\"},\"image\":{\"@id\":\"https:\\\/\\\/www.neckenmarkt.net\\\/gemeinde\\\/geografische-lage\\\/#primaryimage\"},\"thumbnailUrl\":\"http:\\\/\\\/www.neckenmarkt.net\\\/gemeinde\\\/wp-content\\\/uploads\\\/2019\\\/01\\\/LuftaufnHaschendBergb4-3-e1548843767466.jpg\",\"datePublished\":\"2018-09-13T07:18:20+00:00\",\"dateModified\":\"2021-02-18T14:49:20+00:00\",\"breadcrumb\":{\"@id\":\"https:\\\/\\\/www.neckenmarkt.net\\\/gemeinde\\\/geografische-lage\\\/#breadcrumb\"},\"inLanguage\":\"de\",\"potentialAction\":[{\"@type\":\"ReadAction\",\"target\":[\"https:\\\/\\\/www.neckenmarkt.net\\\/gemeinde\\\/geografische-lage\\\/\"]}]},{\"@type\":\"ImageObject\",\"inLanguage\":\"de\",\"@id\":\"https:\\\/\\\/www.neckenmarkt.net\\\/gemeinde\\\/geografische-lage\\\/#primaryimage\",\"url\":\"https:\\\/\\\/www.neckenmarkt.net\\\/gemeinde\\\/wp-content\\\/uploads\\\/2019\\\/01\\\/LuftaufnHaschendBergb4-3-e1548843767466.jpg\",\"contentUrl\":\"https:\\\/\\\/www.neckenmarkt.net\\\/gemeinde\\\/wp-content\\\/uploads\\\/2019\\\/01\\\/LuftaufnHaschendBergb4-3-e1548843767466.jpg\",\"width\":1000,\"height\":750,\"caption\":\"Haschendorf\"},{\"@type\":\"BreadcrumbList\",\"@id\":\"https:\\\/\\\/www.neckenmarkt.net\\\/gemeinde\\\/geografische-lage\\\/#breadcrumb\",\"itemListElement\":[{\"@type\":\"ListItem\",\"position\":1,\"name\":\"Startseite\",\"item\":\"https:\\\/\\\/www.neckenmarkt.net\\\/gemeinde\\\/\"},{\"@type\":\"ListItem\",\"position\":2,\"name\":\"Geografische Lage\"}]},{\"@type\":\"WebSite\",\"@id\":\"https:\\\/\\\/www.neckenmarkt.net\\\/gemeinde\\\/#website\",\"url\":\"https:\\\/\\\/www.neckenmarkt.net\\\/gemeinde\\\/\",\"name\":\"Marktgemeinde Neckenmarkt\",\"description\":\"\",\"publisher\":{\"@id\":\"https:\\\/\\\/www.neckenmarkt.net\\\/gemeinde\\\/#organization\"},\"potentialAction\":[{\"@type\":\"SearchAction\",\"target\":{\"@type\":\"EntryPoint\",\"urlTemplate\":\"https:\\\/\\\/www.neckenmarkt.net\\\/gemeinde\\\/?s={search_term_string}\"},\"query-input\":{\"@type\":\"PropertyValueSpecification\",\"valueRequired\":true,\"valueName\":\"search_term_string\"}}],\"inLanguage\":\"de\"},{\"@type\":\"Organization\",\"@id\":\"https:\\\/\\\/www.neckenmarkt.net\\\/gemeinde\\\/#organization\",\"name\":\"Marktgemeinde Neckenmarkt\",\"url\":\"https:\\\/\\\/www.neckenmarkt.net\\\/gemeinde\\\/\",\"logo\":{\"@type\":\"ImageObject\",\"inLanguage\":\"de\",\"@id\":\"https:\\\/\\\/www.neckenmarkt.net\\\/gemeinde\\\/#\\\/schema\\\/logo\\\/image\\\/\",\"url\":\"https:\\\/\\\/www.neckenmarkt.net\\\/gemeinde\\\/wp-content\\\/uploads\\\/2018\\\/12\\\/LogoF-e1547210885414.png\",\"contentUrl\":\"https:\\\/\\\/www.neckenmarkt.net\\\/gemeinde\\\/wp-content\\\/uploads\\\/2018\\\/12\\\/LogoF-e1547210885414.png\",\"width\":58,\"height\":90,\"caption\":\"Marktgemeinde Neckenmarkt\"},\"image\":{\"@id\":\"https:\\\/\\\/www.neckenmarkt.net\\\/gemeinde\\\/#\\\/schema\\\/logo\\\/image\\\/\"},\"sameAs\":[\"https:\\\/\\\/de.wikipedia.org\\\/wiki\\\/Neckenmarkt\"]}]}<\/script>\n<!-- \/ Yoast SEO plugin. -->","yoast_head_json":{"title":"Geografische Lage - Marktgemeinde Neckenmarkt","robots":{"index":"index","follow":"follow","max-snippet":"max-snippet:-1","max-image-preview":"max-image-preview:large","max-video-preview":"max-video-preview:-1"},"canonical":"https:\/\/www.neckenmarkt.net\/gemeinde\/geografische-lage\/","og_locale":"de_DE","og_type":"article","og_title":"Geografische Lage - Marktgemeinde Neckenmarkt","og_description":"Die Marktgemeinde Neckenmarkt\u00a0liegt\u00a0im Bezirk Oberpullendorf im\u00a0Burgenland.\u00a0Neckenmarkt ist eine der\u00a0Gemeinden\u00a0des\u00a0Blaufr\u00e4nkischlandes\u00a0 (Weinbaugebiet\u00a0mit\u00a0vorrangiger Rebsorte\u00a0Blaufr\u00e4nkisch). Das Gemeindegebiet von Neckenmarkt umfasst zwei Ortschaften (Einwohnerzahl Stand 1.\u00a0Januar 2018): Haschendorf (152)Neckenmarkt (1528) Haschendorf Neckenmarkt Geografische Lage \u00a0 [&hellip;]","og_url":"https:\/\/www.neckenmarkt.net\/gemeinde\/geografische-lage\/","og_site_name":"Marktgemeinde Neckenmarkt","article_modified_time":"2021-02-18T14:49:20+00:00","og_image":[{"url":"http:\/\/www.neckenmarkt.net\/gemeinde\/wp-content\/uploads\/2019\/01\/LuftaufnHaschendBergb4-3-e1548843767466.jpg","type":"","width":"","height":""}],"twitter_card":"summary_large_image","twitter_misc":{"Gesch\u00e4tzte Lesezeit":"2\u00a0Minuten"},"schema":{"@context":"https:\/\/schema.org","@graph":[{"@type":"WebPage","@id":"https:\/\/www.neckenmarkt.net\/gemeinde\/geografische-lage\/","url":"https:\/\/www.neckenmarkt.net\/gemeinde\/geografische-lage\/","name":"Geografische Lage - Marktgemeinde Neckenmarkt","isPartOf":{"@id":"https:\/\/www.neckenmarkt.net\/gemeinde\/#website"},"primaryImageOfPage":{"@id":"https:\/\/www.neckenmarkt.net\/gemeinde\/geografische-lage\/#primaryimage"},"image":{"@id":"https:\/\/www.neckenmarkt.net\/gemeinde\/geografische-lage\/#primaryimage"},"thumbnailUrl":"http:\/\/www.neckenmarkt.net\/gemeinde\/wp-content\/uploads\/2019\/01\/LuftaufnHaschendBergb4-3-e1548843767466.jpg","datePublished":"2018-09-13T07:18:20+00:00","dateModified":"2021-02-18T14:49:20+00:00","breadcrumb":{"@id":"https:\/\/www.neckenmarkt.net\/gemeinde\/geografische-lage\/#breadcrumb"},"inLanguage":"de","potentialAction":[{"@type":"ReadAction","target":["https:\/\/www.neckenmarkt.net\/gemeinde\/geografische-lage\/"]}]},{"@type":"ImageObject","inLanguage":"de","@id":"https:\/\/www.neckenmarkt.net\/gemeinde\/geografische-lage\/#primaryimage","url":"https:\/\/www.neckenmarkt.net\/gemeinde\/wp-content\/uploads\/2019\/01\/LuftaufnHaschendBergb4-3-e1548843767466.jpg","contentUrl":"https:\/\/www.neckenmarkt.net\/gemeinde\/wp-content\/uploads\/2019\/01\/LuftaufnHaschendBergb4-3-e1548843767466.jpg","width":1000,"height":750,"caption":"Haschendorf"},{"@type":"BreadcrumbList","@id":"https:\/\/www.neckenmarkt.net\/gemeinde\/geografische-lage\/#breadcrumb","itemListElement":[{"@type":"ListItem","position":1,"name":"Startseite","item":"https:\/\/www.neckenmarkt.net\/gemeinde\/"},{"@type":"ListItem","position":2,"name":"Geografische Lage"}]},{"@type":"WebSite","@id":"https:\/\/www.neckenmarkt.net\/gemeinde\/#website","url":"https:\/\/www.neckenmarkt.net\/gemeinde\/","name":"Marktgemeinde Neckenmarkt","description":"","publisher":{"@id":"https:\/\/www.neckenmarkt.net\/gemeinde\/#organization"},"potentialAction":[{"@type":"SearchAction","target":{"@type":"EntryPoint","urlTemplate":"https:\/\/www.neckenmarkt.net\/gemeinde\/?s={search_term_string}"},"query-input":{"@type":"PropertyValueSpecification","valueRequired":true,"valueName":"search_term_string"}}],"inLanguage":"de"},{"@type":"Organization","@id":"https:\/\/www.neckenmarkt.net\/gemeinde\/#organization","name":"Marktgemeinde Neckenmarkt","url":"https:\/\/www.neckenmarkt.net\/gemeinde\/","logo":{"@type":"ImageObject","inLanguage":"de","@id":"https:\/\/www.neckenmarkt.net\/gemeinde\/#\/schema\/logo\/image\/","url":"https:\/\/www.neckenmarkt.net\/gemeinde\/wp-content\/uploads\/2018\/12\/LogoF-e1547210885414.png","contentUrl":"https:\/\/www.neckenmarkt.net\/gemeinde\/wp-content\/uploads\/2018\/12\/LogoF-e1547210885414.png","width":58,"height":90,"caption":"Marktgemeinde Neckenmarkt"},"image":{"@id":"https:\/\/www.neckenmarkt.net\/gemeinde\/#\/schema\/logo\/image\/"},"sameAs":["https:\/\/de.wikipedia.org\/wiki\/Neckenmarkt"]}]}},"_links":{"self":[{"href":"https:\/\/www.neckenmarkt.net\/gemeinde\/wp-json\/wp\/v2\/pages\/94","targetHints":{"allow":["GET"]}}],"collection":[{"href":"https:\/\/www.neckenmarkt.net\/gemeinde\/wp-json\/wp\/v2\/pages"}],"about":[{"href":"https:\/\/www.neckenmarkt.net\/gemeinde\/wp-json\/wp\/v2\/types\/page"}],"author":[{"embeddable":true,"href":"https:\/\/www.neckenmarkt.net\/gemeinde\/wp-json\/wp\/v2\/users\/1"}],"replies":[{"embeddable":true,"href":"https:\/\/www.neckenmarkt.net\/gemeinde\/wp-json\/wp\/v2\/comments?post=94"}],"version-history":[{"count":0,"href":"https:\/\/www.neckenmarkt.net\/gemeinde\/wp-json\/wp\/v2\/pages\/94\/revisions"}],"wp:attachment":[{"href":"https:\/\/www.neckenmarkt.net\/gemeinde\/wp-json\/wp\/v2\/media?parent=94"}],"curies":[{"name":"wp","href":"https:\/\/api.w.org\/{rel}","templated":true}]}}